{"id":1032,"date":"2025-07-22T03:52:48","date_gmt":"2025-07-22T03:52:48","guid":{"rendered":"https:\/\/gimnasiolaconsolata.edu.co\/?page_id=1032"},"modified":"2025-07-22T03:55:32","modified_gmt":"2025-07-22T03:55:32","slug":"la-pastoral-educativa-un-camino-allamaniano-de-fe-y-servicio","status":"publish","type":"page","link":"https:\/\/gimnasiolaconsolata.edu.co\/en\/la-pastoral-educativa-un-camino-allamaniano-de-fe-y-servicio\/","title":{"rendered":"La pastoral educativa: un camino allamaniano de fe y servicio"},"content":{"rendered":"<div data-elementor-type=\"wp-page\" data-elementor-id=\"1032\" class=\"elementor elementor-1032\" data-elementor-post-type=\"page\">\n\t\t\t\t<div class=\"elementor-element elementor-element-f6f2e50 e-con-full e-flex e-con e-parent\" data-id=\"f6f2e50\" data-element_type=\"container\" data-e-type=\"container\">\n\t\t<div class=\"elementor-element elementor-element-b728cef e-con-full e-flex e-con e-child\" data-id=\"b728cef\" data-element_type=\"container\" data-e-type=\"container\">\n\t\t\t\t<\/div>\n\t\t<div class=\"elementor-element elementor-element-b2cf2de e-con-full e-flex e-con e-child\" data-id=\"b2cf2de\" data-element_type=\"container\" data-e-type=\"container\">\n\t\t\t\t<div class=\"elementor-element elementor-element-5cc25ab elementor-widget elementor-widget-heading\" data-id=\"5cc25ab\" data-element_type=\"widget\" data-e-type=\"widget\" data-widget_type=\"heading.default\">\n\t\t\t\t<div class=\"elementor-widget-container\">\n\t\t\t\t\t<h2 class=\"elementor-heading-title elementor-size-default\">Pastoral educativa<\/h2>\t\t\t\t<\/div>\n\t\t\t\t<\/div>\n\t\t\t\t<\/div>\n\t\t<div class=\"elementor-element elementor-element-a2dbf3d e-con-full e-flex e-con e-child\" data-id=\"a2dbf3d\" data-element_type=\"container\" data-e-type=\"container\">\n\t\t\t\t<div class=\"elementor-element elementor-element-9ca7be1 premium-svg-animated-yes elementor-widget elementor-widget-premium-svg-drawer\" data-id=\"9ca7be1\" data-element_type=\"widget\" data-e-type=\"widget\" data-settings=\"{&quot;scroll_action&quot;:&quot;automatic&quot;,&quot;loop&quot;:&quot;true&quot;,&quot;yoyo&quot;:&quot;yes&quot;,&quot;animate_trigger&quot;:&quot;custom&quot;,&quot;animate_offset&quot;:{&quot;unit&quot;:&quot;%&quot;,&quot;size&quot;:100,&quot;sizes&quot;:[]},&quot;svg_fill&quot;:&quot;yes&quot;,&quot;svg_color&quot;:&quot;#009AD8&quot;,&quot;svg_fill_speed&quot;:{&quot;unit&quot;:&quot;px&quot;,&quot;size&quot;:0.1,&quot;sizes&quot;:[]},&quot;animate_start_point&quot;:{&quot;unit&quot;:&quot;%&quot;,&quot;size&quot;:0,&quot;sizes&quot;:[]},&quot;frames&quot;:5}\" data-widget_type=\"premium-svg-drawer.default\">\n\t\t\t\t<div class=\"elementor-widget-container\">\n\t\t\t\t\t\n\t\t\t<div class=\"premium-svg-draw elementor-invisible\">\n\n\t\t\t\t\n\t\t\t\t\n\t\t\t\t\t\n<svg id=\"Layer_2\" xmlns=\"http:\/\/www.w3.org\/2000\/svg\" viewbox=\"0 0 82.99 83.01\">\n  <defs>\n    \n      .cls-1 {\n        fill: ;\n        stroke-width: 0px;\n      }\n    \n  <\/defs>\n  <g id=\"Capa_1\">\n    <path class=\"cls-1\" d=\"M0,72.94C.55,36.34,28.47,5.16,64.95.45c2.83-.36,5.71-.36,8.57-.45,5.49-.17,9.27,3.11,9.47,8.15.2,5.23-3.33,8.94-8.98,9.09-11.37.3-21.93,3.2-31.32,9.7-15.45,10.7-23.91,25.45-25.14,44.26-.07,1.03-.15,2.05-.28,3.07-.72,5.69-4.2,9.01-9.07,8.71C3.27,82.68-.08,78.56,0,72.94Z\" \/>\n  <\/g>\n<\/svg>\n\t\t\t\t\n\t\t\t\t\n\t\t\t<\/div>\n\n\t\t\t\t\t\t<\/div>\n\t\t\t\t<\/div>\n\t\t\t\t<div class=\"elementor-element elementor-element-5a1daec elementor-widget elementor-widget-image\" data-id=\"5a1daec\" data-element_type=\"widget\" data-e-type=\"widget\" data-widget_type=\"image.default\">\n\t\t\t\t<div class=\"elementor-widget-container\">\n\t\t\t\t\t\t\t\t\t\t\t\t\t\t\t<img decoding=\"async\" width=\"1\" height=\"1\" src=\"https:\/\/gimnasiolaconsolata.edu.co\/wp-content\/uploads\/2025\/06\/Pen.svg\" class=\"attachment-large size-large wp-image-232\" alt=\"\" \/>\t\t\t\t\t\t\t\t\t\t\t\t\t\t\t<\/div>\n\t\t\t\t<\/div>\n\t\t\t\t<\/div>\n\t\t\t\t<\/div>\n\t\t<div class=\"elementor-element elementor-element-676e702 e-con-full e-flex e-con e-parent\" data-id=\"676e702\" data-element_type=\"container\" data-e-type=\"container\">\n\t\t<div class=\"elementor-element elementor-element-c34c6b1 e-con-full e-flex e-con e-child\" data-id=\"c34c6b1\" data-element_type=\"container\" data-e-type=\"container\">\n\t\t\t\t<div class=\"elementor-element elementor-element-498d9bd elementor-widget elementor-widget-text-editor\" data-id=\"498d9bd\" data-element_type=\"widget\" data-e-type=\"widget\" data-widget_type=\"text-editor.default\">\n\t\t\t\t<div class=\"elementor-widget-container\">\n\t\t\t\t\t\t\t\t\tLa pastoral educativa es el alma que inspira y da sentido a nuestra comunidad en el Gimnasio Campestre La Consolata. Siguiendo el legado espiritual de San Jos\u00e9 Allamano, nuestra pastoral se convierte en un espacio donde la fe se traduce en acci\u00f3n, y los valores cristianos se viven con profundidad, compromiso y alegr\u00eda.\nFieles al esp\u00edritu misionero allamaniano, fomentamos en nuestros estudiantes el amor al pr\u00f3jimo, la sensibilidad social y la entrega generosa. No se trata solo de momentos de oraci\u00f3n o reflexi\u00f3n, sino de una experiencia viva que transforma corazones y construye comunidad.\nCada jueves, los estudiantes que forman parte de los grupos de pastoral se re\u00fanen con entusiasmo para proyectar y realizar actividades solidarias. Entre ellas, destacan las misiones en Aguadas, un testimonio claro del llamado allamaniano a \u00abhacer el bien, bien hecho\u00bb. En estos encuentros con comunidades vulnerables, llevamos acompa\u00f1amiento, esperanza y alegr\u00eda, aprendiendo a ver en cada rostro el rostro de Cristo.\nEstas vivencias fortalecen la empat\u00eda, el sentido de pertenencia y la vocaci\u00f3n de servicio, pilares fundamentales del carisma de San Jos\u00e9 Allamano. As\u00ed, nuestra pastoral no es solo una propuesta formativa, sino una respuesta viva y concreta al Evangelio, en el coraz\u00f3n mismo de nuestra instituci\u00f3n.\n\t\t\t\t\t\t\t\t<\/div>\n\t\t\t\t<\/div>\n\t\t\t\t<\/div>\n\t\t\t\t<\/div>\n\t\t<div class=\"elementor-element elementor-element-52edd7a e-con-full e-flex e-con e-parent\" data-id=\"52edd7a\" data-element_type=\"container\" data-e-type=\"container\">\n\t\t<div class=\"elementor-element elementor-element-20e945d e-con-full e-flex e-con e-child\" data-id=\"20e945d\" data-element_type=\"container\" data-e-type=\"container\">\n\t\t\t\t<div class=\"elementor-element elementor-element-3ee70a6 elementor-arrows-position-inside elementor-pagination-position-outside elementor-widget elementor-widget-image-carousel\" data-id=\"3ee70a6\" data-element_type=\"widget\" data-e-type=\"widget\" data-settings=\"{&quot;slides_to_show&quot;:&quot;1&quot;,&quot;navigation&quot;:&quot;both&quot;,&quot;autoplay&quot;:&quot;yes&quot;,&quot;pause_on_hover&quot;:&quot;yes&quot;,&quot;pause_on_interaction&quot;:&quot;yes&quot;,&quot;autoplay_speed&quot;:5000,&quot;infinite&quot;:&quot;yes&quot;,&quot;effect&quot;:&quot;slide&quot;,&quot;speed&quot;:500}\" data-widget_type=\"image-carousel.default\">\n\t\t\t\t<div class=\"elementor-widget-container\">\n\t\t\t\t\t\t\t<div class=\"elementor-image-carousel-wrapper swiper\" role=\"region\" aria-roledescription=\"carousel\" aria-label=\"Carrusel de im\u00e1genes\" dir=\"ltr\">\n\t\t\t<div class=\"elementor-image-carousel swiper-wrapper\" aria-live=\"off\">\n\t\t\t\t\t\t\t\t<div class=\"swiper-slide\" role=\"group\" aria-roledescription=\"slide\" aria-label=\"1 de 2\"><figure class=\"swiper-slide-inner\"><img decoding=\"async\" class=\"swiper-slide-image\" src=\"https:\/\/gimnasiolaconsolata.edu.co\/wp-content\/uploads\/2025\/07\/pastoral-educativa-2-Large.jpeg\" alt=\"pastoral educativa 2 Large\" \/><\/figure><\/div><div class=\"swiper-slide\" role=\"group\" aria-roledescription=\"slide\" aria-label=\"2 de 2\"><figure class=\"swiper-slide-inner\"><img decoding=\"async\" class=\"swiper-slide-image\" src=\"https:\/\/gimnasiolaconsolata.edu.co\/wp-content\/uploads\/2025\/07\/pastoral-educativa-3-Large.jpeg\" alt=\"pastoral educativa 3 Large\" \/><\/figure><\/div>\t\t\t<\/div>\n\t\t\t\t\t\t\t\t\t\t\t\t<div class=\"elementor-swiper-button elementor-swiper-button-prev\" role=\"button\" tabindex=\"0\">\n\t\t\t\t\t\t<svg aria-hidden=\"true\" class=\"e-font-icon-svg e-eicon-chevron-left\" viewbox=\"0 0 1000 1000\" xmlns=\"http:\/\/www.w3.org\/2000\/svg\"><path d=\"M646 125C629 125 613 133 604 142L308 442C296 454 292 471 292 487 292 504 296 521 308 533L604 854C617 867 629 875 646 875 663 875 679 871 692 858 704 846 713 829 713 812 713 796 708 779 692 767L438 487 692 225C700 217 708 204 708 187 708 171 704 154 692 142 675 129 663 125 646 125Z\"><\/path><\/svg>\t\t\t\t\t<\/div>\n\t\t\t\t\t<div class=\"elementor-swiper-button elementor-swiper-button-next\" role=\"button\" tabindex=\"0\">\n\t\t\t\t\t\t<svg aria-hidden=\"true\" class=\"e-font-icon-svg e-eicon-chevron-right\" viewbox=\"0 0 1000 1000\" xmlns=\"http:\/\/www.w3.org\/2000\/svg\"><path d=\"M696 533C708 521 713 504 713 487 713 471 708 454 696 446L400 146C388 133 375 125 354 125 338 125 325 129 313 142 300 154 292 171 292 187 292 204 296 221 308 233L563 492 304 771C292 783 288 800 288 817 288 833 296 850 308 863 321 871 338 875 354 875 371 875 388 867 400 854L696 533Z\"><\/path><\/svg>\t\t\t\t\t<\/div>\n\t\t\t\t\n\t\t\t\t\t\t\t\t\t<div class=\"swiper-pagination\"><\/div>\n\t\t\t\t\t\t\t\t\t<\/div>\n\t\t\t\t\t\t<\/div>\n\t\t\t\t<\/div>\n\t\t\t\t<\/div>\n\t\t\t\t<\/div>\n\t\t\t\t<\/div>","protected":false},"excerpt":{"rendered":"<p>Pastoral educativa La pastoral educativa es el alma que inspira y da sentido a nuestra comunidad en el Gimnasio Campestre La Consolata. Siguiendo el legado espiritual de San Jos\u00e9 Allamano, nuestra pastoral se convierte en un espacio donde la fe se traduce en acci\u00f3n, y los valores cristianos se viven con profundidad, compromiso y alegr\u00eda. [&hellip;]<\/p>\n","protected":false},"author":2,"featured_media":0,"parent":0,"menu_order":0,"comment_status":"closed","ping_status":"closed","template":"","meta":{"_acf_changed":false,"_joinchat":[],"footnotes":""},"class_list":["post-1032","page","type-page","status-publish","hentry"],"acf":[],"aioseo_notices":[],"aioseo_head":"\n\t\t<!-- All in One SEO 5.0.1.1 - aioseo.com -->\n\t<meta name=\"description\" content=\"Pastoral educativa .cls-1 { fill: ; stroke-width: 0px; } La pastoral educativa es el alma que inspira y da sentido a nuestra comunidad en el Gimnasio Campestre La Consolata. Siguiendo el legado espiritual de San Jos\u00e9 Allamano, nuestra pastoral se convierte en un espacio donde la fe se traduce en acci\u00f3n, y los valores cristianos\" \/>\n\t<meta name=\"robots\" content=\"max-image-preview:large\" \/>\n\t<link rel=\"canonical\" href=\"https:\/\/gimnasiolaconsolata.edu.co\/en\/la-pastoral-educativa-un-camino-allamaniano-de-fe-y-servicio\/\" \/>\n\t<meta name=\"generator\" content=\"All in One SEO (AIOSEO) 5.0.1.1\" \/>\n\t\t<meta property=\"og:locale\" content=\"en_US\" \/>\n\t\t<meta property=\"og:site_name\" content=\"Gimnasio la consolata -\" \/>\n\t\t<meta property=\"og:type\" content=\"article\" \/>\n\t\t<meta property=\"og:title\" content=\"La pastoral educativa: un camino allamaniano de fe y servicio - Gimnasio la consolata\" \/>\n\t\t<meta property=\"og:description\" content=\"Pastoral educativa .cls-1 { fill: ; stroke-width: 0px; } La pastoral educativa es el alma que inspira y da sentido a nuestra comunidad en el Gimnasio Campestre La Consolata. Siguiendo el legado espiritual de San Jos\u00e9 Allamano, nuestra pastoral se convierte en un espacio donde la fe se traduce en acci\u00f3n, y los valores cristianos\" \/>\n\t\t<meta property=\"og:url\" content=\"https:\/\/gimnasiolaconsolata.edu.co\/en\/la-pastoral-educativa-un-camino-allamaniano-de-fe-y-servicio\/\" \/>\n\t\t<meta property=\"og:image\" content=\"https:\/\/gimnasiolaconsolata.edu.co\/wp-content\/uploads\/2025\/06\/Logo.svg\" \/>\n\t\t<meta property=\"og:image:secure_url\" content=\"https:\/\/gimnasiolaconsolata.edu.co\/wp-content\/uploads\/2025\/06\/Logo.svg\" \/>\n\t\t<meta property=\"article:published_time\" content=\"2025-07-22T03:52:48+00:00\" \/>\n\t\t<meta property=\"article:modified_time\" content=\"2025-07-22T03:55:32+00:00\" \/>\n\t\t<meta name=\"twitter:card\" content=\"summary_large_image\" \/>\n\t\t<meta name=\"twitter:title\" content=\"La pastoral educativa: un camino allamaniano de fe y servicio - Gimnasio la consolata\" \/>\n\t\t<meta name=\"twitter:description\" content=\"Pastoral educativa .cls-1 { fill: ; stroke-width: 0px; } La pastoral educativa es el alma que inspira y da sentido a nuestra comunidad en el Gimnasio Campestre La Consolata. Siguiendo el legado espiritual de San Jos\u00e9 Allamano, nuestra pastoral se convierte en un espacio donde la fe se traduce en acci\u00f3n, y los valores cristianos\" \/>\n\t\t<meta name=\"twitter:image\" content=\"https:\/\/gimnasiolaconsolata.edu.co\/wp-content\/uploads\/2025\/06\/Logo.svg\" \/>\n\t\t<script type=\"application\/ld+json\" class=\"aioseo-schema\">\n\t\t\t{\"@context\":\"https:\\\/\\\/schema.org\",\"@graph\":[{\"@type\":\"BreadcrumbList\",\"@id\":\"https:\\\/\\\/gimnasiolaconsolata.edu.co\\\/en\\\/la-pastoral-educativa-un-camino-allamaniano-de-fe-y-servicio\\\/#breadcrumblist\",\"itemListElement\":[{\"@type\":\"ListItem\",\"@id\":\"https:\\\/\\\/gimnasiolaconsolata.edu.co\\\/en#listItem\",\"position\":1,\"name\":\"Home\",\"item\":\"https:\\\/\\\/gimnasiolaconsolata.edu.co\\\/en\",\"nextItem\":{\"@type\":\"ListItem\",\"@id\":\"https:\\\/\\\/gimnasiolaconsolata.edu.co\\\/en\\\/la-pastoral-educativa-un-camino-allamaniano-de-fe-y-servicio\\\/#listItem\",\"name\":\"La pastoral educativa: un camino allamaniano de fe y servicio\"}},{\"@type\":\"ListItem\",\"@id\":\"https:\\\/\\\/gimnasiolaconsolata.edu.co\\\/en\\\/la-pastoral-educativa-un-camino-allamaniano-de-fe-y-servicio\\\/#listItem\",\"position\":2,\"name\":\"La pastoral educativa: un camino allamaniano de fe y servicio\",\"previousItem\":{\"@type\":\"ListItem\",\"@id\":\"https:\\\/\\\/gimnasiolaconsolata.edu.co\\\/en#listItem\",\"name\":\"Home\"}}]},{\"@type\":\"Organization\",\"@id\":\"https:\\\/\\\/gimnasiolaconsolata.edu.co\\\/en\\\/#organization\",\"name\":\"Gimnasio la consolata\",\"url\":\"https:\\\/\\\/gimnasiolaconsolata.edu.co\\\/en\\\/\",\"logo\":{\"@type\":\"ImageObject\",\"url\":\"https:\\\/\\\/gimnasiolaconsolata.edu.co\\\/wp-content\\\/uploads\\\/2025\\\/06\\\/logo.svg\",\"@id\":\"https:\\\/\\\/gimnasiolaconsolata.edu.co\\\/en\\\/la-pastoral-educativa-un-camino-allamaniano-de-fe-y-servicio\\\/#organizationLogo\"},\"image\":{\"@id\":\"https:\\\/\\\/gimnasiolaconsolata.edu.co\\\/en\\\/la-pastoral-educativa-un-camino-allamaniano-de-fe-y-servicio\\\/#organizationLogo\"}},{\"@type\":\"WebPage\",\"@id\":\"https:\\\/\\\/gimnasiolaconsolata.edu.co\\\/en\\\/la-pastoral-educativa-un-camino-allamaniano-de-fe-y-servicio\\\/#webpage\",\"url\":\"https:\\\/\\\/gimnasiolaconsolata.edu.co\\\/en\\\/la-pastoral-educativa-un-camino-allamaniano-de-fe-y-servicio\\\/\",\"name\":\"La pastoral educativa: un camino allamaniano de fe y servicio - Gimnasio la consolata\",\"description\":\"Pastoral educativa .cls-1 { fill: ; stroke-width: 0px; } La pastoral educativa es el alma que inspira y da sentido a nuestra comunidad en el Gimnasio Campestre La Consolata. Siguiendo el legado espiritual de San Jos\\u00e9 Allamano, nuestra pastoral se convierte en un espacio donde la fe se traduce en acci\\u00f3n, y los valores cristianos\",\"inLanguage\":\"en-US\",\"isPartOf\":{\"@id\":\"https:\\\/\\\/gimnasiolaconsolata.edu.co\\\/en\\\/#website\"},\"breadcrumb\":{\"@id\":\"https:\\\/\\\/gimnasiolaconsolata.edu.co\\\/en\\\/la-pastoral-educativa-un-camino-allamaniano-de-fe-y-servicio\\\/#breadcrumblist\"},\"datePublished\":\"2025-07-22T03:52:48+00:00\",\"dateModified\":\"2025-07-22T03:55:32+00:00\"},{\"@type\":\"WebSite\",\"@id\":\"https:\\\/\\\/gimnasiolaconsolata.edu.co\\\/en\\\/#website\",\"url\":\"https:\\\/\\\/gimnasiolaconsolata.edu.co\\\/en\\\/\",\"name\":\"Gimnasio la consolata\",\"inLanguage\":\"en-US\",\"publisher\":{\"@id\":\"https:\\\/\\\/gimnasiolaconsolata.edu.co\\\/en\\\/#organization\"}}]}\n\t\t<\/script>\n\t\t<!-- All in One SEO -->\n\n","aioseo_head_json":{"title":"La pastoral educativa: un camino allamaniano de fe y servicio - Gimnasio la consolata","description":"Pastoral educativa .cls-1 { fill: ; stroke-width: 0px; } La pastoral educativa es el alma que inspira y da sentido a nuestra comunidad en el Gimnasio Campestre La Consolata. Siguiendo el legado espiritual de San Jos\u00e9 Allamano, nuestra pastoral se convierte en un espacio donde la fe se traduce en acci\u00f3n, y los valores cristianos","canonical_url":"https:\/\/gimnasiolaconsolata.edu.co\/en\/la-pastoral-educativa-un-camino-allamaniano-de-fe-y-servicio\/","robots":"max-image-preview:large","keywords":"","webmasterTools":{"miscellaneous":""},"schema":{"@context":"https:\/\/schema.org","@graph":[{"@type":"BreadcrumbList","@id":"https:\/\/gimnasiolaconsolata.edu.co\/en\/la-pastoral-educativa-un-camino-allamaniano-de-fe-y-servicio\/#breadcrumblist","itemListElement":[{"@type":"ListItem","@id":"https:\/\/gimnasiolaconsolata.edu.co\/en#listItem","position":1,"name":"Home","item":"https:\/\/gimnasiolaconsolata.edu.co\/en","nextItem":{"@type":"ListItem","@id":"https:\/\/gimnasiolaconsolata.edu.co\/en\/la-pastoral-educativa-un-camino-allamaniano-de-fe-y-servicio\/#listItem","name":"La pastoral educativa: un camino allamaniano de fe y servicio"}},{"@type":"ListItem","@id":"https:\/\/gimnasiolaconsolata.edu.co\/en\/la-pastoral-educativa-un-camino-allamaniano-de-fe-y-servicio\/#listItem","position":2,"name":"La pastoral educativa: un camino allamaniano de fe y servicio","previousItem":{"@type":"ListItem","@id":"https:\/\/gimnasiolaconsolata.edu.co\/en#listItem","name":"Home"}}]},{"@type":"Organization","@id":"https:\/\/gimnasiolaconsolata.edu.co\/en\/#organization","name":"Gimnasio la consolata","url":"https:\/\/gimnasiolaconsolata.edu.co\/en\/","logo":{"@type":"ImageObject","url":"https:\/\/gimnasiolaconsolata.edu.co\/wp-content\/uploads\/2025\/06\/logo.svg","@id":"https:\/\/gimnasiolaconsolata.edu.co\/en\/la-pastoral-educativa-un-camino-allamaniano-de-fe-y-servicio\/#organizationLogo"},"image":{"@id":"https:\/\/gimnasiolaconsolata.edu.co\/en\/la-pastoral-educativa-un-camino-allamaniano-de-fe-y-servicio\/#organizationLogo"}},{"@type":"WebPage","@id":"https:\/\/gimnasiolaconsolata.edu.co\/en\/la-pastoral-educativa-un-camino-allamaniano-de-fe-y-servicio\/#webpage","url":"https:\/\/gimnasiolaconsolata.edu.co\/en\/la-pastoral-educativa-un-camino-allamaniano-de-fe-y-servicio\/","name":"La pastoral educativa: un camino allamaniano de fe y servicio - Gimnasio la consolata","description":"Pastoral educativa .cls-1 { fill: ; stroke-width: 0px; } La pastoral educativa es el alma que inspira y da sentido a nuestra comunidad en el Gimnasio Campestre La Consolata. Siguiendo el legado espiritual de San Jos\u00e9 Allamano, nuestra pastoral se convierte en un espacio donde la fe se traduce en acci\u00f3n, y los valores cristianos","inLanguage":"en-US","isPartOf":{"@id":"https:\/\/gimnasiolaconsolata.edu.co\/en\/#website"},"breadcrumb":{"@id":"https:\/\/gimnasiolaconsolata.edu.co\/en\/la-pastoral-educativa-un-camino-allamaniano-de-fe-y-servicio\/#breadcrumblist"},"datePublished":"2025-07-22T03:52:48+00:00","dateModified":"2025-07-22T03:55:32+00:00"},{"@type":"WebSite","@id":"https:\/\/gimnasiolaconsolata.edu.co\/en\/#website","url":"https:\/\/gimnasiolaconsolata.edu.co\/en\/","name":"Gimnasio la consolata","inLanguage":"en-US","publisher":{"@id":"https:\/\/gimnasiolaconsolata.edu.co\/en\/#organization"}}]},"og:locale":"en_US","og:site_name":"Gimnasio la consolata -","og:type":"article","og:title":"La pastoral educativa: un camino allamaniano de fe y servicio - Gimnasio la consolata","og:description":"Pastoral educativa .cls-1 { fill: ; stroke-width: 0px; } La pastoral educativa es el alma que inspira y da sentido a nuestra comunidad en el Gimnasio Campestre La Consolata. Siguiendo el legado espiritual de San Jos\u00e9 Allamano, nuestra pastoral se convierte en un espacio donde la fe se traduce en acci\u00f3n, y los valores cristianos","og:url":"https:\/\/gimnasiolaconsolata.edu.co\/en\/la-pastoral-educativa-un-camino-allamaniano-de-fe-y-servicio\/","og:image":"https:\/\/gimnasiolaconsolata.edu.co\/wp-content\/uploads\/2025\/06\/Logo.svg","og:image:secure_url":"https:\/\/gimnasiolaconsolata.edu.co\/wp-content\/uploads\/2025\/06\/Logo.svg","article:published_time":"2025-07-22T03:52:48+00:00","article:modified_time":"2025-07-22T03:55:32+00:00","twitter:card":"summary_large_image","twitter:title":"La pastoral educativa: un camino allamaniano de fe y servicio - Gimnasio la consolata","twitter:description":"Pastoral educativa .cls-1 { fill: ; stroke-width: 0px; } La pastoral educativa es el alma que inspira y da sentido a nuestra comunidad en el Gimnasio Campestre La Consolata. Siguiendo el legado espiritual de San Jos\u00e9 Allamano, nuestra pastoral se convierte en un espacio donde la fe se traduce en acci\u00f3n, y los valores cristianos","twitter:image":"https:\/\/gimnasiolaconsolata.edu.co\/wp-content\/uploads\/2025\/06\/Logo.svg"},"aioseo_meta_data":{"post_id":"1032","title":null,"description":null,"keywords":null,"keyphrases":{"focus":[],"additional":[]},"primary_term":null,"canonical_url":null,"og_title":null,"og_description":null,"og_object_type":"default","og_image_type":"default","og_image_url":null,"og_image_width":null,"og_image_height":null,"og_image_custom_url":null,"og_image_custom_fields":null,"og_video":null,"og_custom_url":null,"og_article_section":null,"og_article_tags":null,"twitter_use_og":true,"twitter_card":"default","twitter_image_type":"default","twitter_image_url":null,"twitter_image_custom_url":null,"twitter_image_custom_fields":null,"twitter_title":null,"twitter_description":null,"schema":{"blockGraphs":[],"customGraphs":[],"default":{"data":{"Article":[],"Course":[],"Dataset":[],"FAQPage":[],"Movie":[],"Person":[],"Product":[],"ProductReview":[],"Car":[],"Recipe":[],"Service":[],"SoftwareApplication":[],"WebPage":[]},"graphName":"","isEnabled":true},"graphs":[]},"schema_type":"default","schema_type_options":null,"pillar_content":false,"robots_default":true,"robots_noindex":false,"robots_noarchive":false,"robots_nosnippet":false,"robots_nofollow":false,"robots_noimageindex":false,"robots_noodp":false,"robots_notranslate":false,"robots_max_snippet":null,"robots_max_videopreview":null,"robots_max_imagepreview":"large","priority":null,"frequency":null,"local_seo":null,"breadcrumb_settings":null,"limit_modified_date":false,"ai":null,"created":"2025-08-01 20:28:09","updated":"2026-08-31 18:35:00","seo_analyzer_scan_date":null,"focus_keyword":null,"additional_keywords":null,"truseo_locale":null},"aioseo_breadcrumb":"<div class=\"aioseo-breadcrumbs\"><span class=\"aioseo-breadcrumb\">\n\t\t\t<a href=\"https:\/\/gimnasiolaconsolata.edu.co\/en\" title=\"Home\">Home<\/a>\n\t\t<\/span><span class=\"aioseo-breadcrumb-separator\">&raquo;<\/span><span class=\"aioseo-breadcrumb\">\n\t\t\tLa pastoral educativa: un camino allamaniano de fe y servicio\n\t\t<\/span><\/div>","aioseo_breadcrumb_json":[{"label":"Home","link":"https:\/\/gimnasiolaconsolata.edu.co\/en"},{"label":"La pastoral educativa: un camino allamaniano de fe y servicio","link":"https:\/\/gimnasiolaconsolata.edu.co\/en\/la-pastoral-educativa-un-camino-allamaniano-de-fe-y-servicio\/"}],"_links":{"self":[{"href":"https:\/\/gimnasiolaconsolata.edu.co\/en\/wp-json\/wp\/v2\/pages\/1032","targetHints":{"allow":["GET"]}}],"collection":[{"href":"https:\/\/gimnasiolaconsolata.edu.co\/en\/wp-json\/wp\/v2\/pages"}],"about":[{"href":"https:\/\/gimnasiolaconsolata.edu.co\/en\/wp-json\/wp\/v2\/types\/page"}],"author":[{"embeddable":true,"href":"https:\/\/gimnasiolaconsolata.edu.co\/en\/wp-json\/wp\/v2\/users\/2"}],"replies":[{"embeddable":true,"href":"https:\/\/gimnasiolaconsolata.edu.co\/en\/wp-json\/wp\/v2\/comments?post=1032"}],"version-history":[{"count":5,"href":"https:\/\/gimnasiolaconsolata.edu.co\/en\/wp-json\/wp\/v2\/pages\/1032\/revisions"}],"predecessor-version":[{"id":1275,"href":"https:\/\/gimnasiolaconsolata.edu.co\/en\/wp-json\/wp\/v2\/pages\/1032\/revisions\/1275"}],"wp:attachment":[{"href":"https:\/\/gimnasiolaconsolata.edu.co\/en\/wp-json\/wp\/v2\/media?parent=1032"}],"curies":[{"name":"wp","href":"https:\/\/api.w.org\/{rel}","templated":true}]}}