{"id":1048,"date":"2025-07-22T14:48:31","date_gmt":"2025-07-22T14:48:31","guid":{"rendered":"https:\/\/gimnasiolaconsolata.edu.co\/?page_id=1048"},"modified":"2025-08-05T16:22:28","modified_gmt":"2025-08-05T16:22:28","slug":"transporte-escolar","status":"publish","type":"page","link":"https:\/\/gimnasiolaconsolata.edu.co\/en\/transporte-escolar\/","title":{"rendered":"Transporte Escolar"},"content":{"rendered":"<div data-elementor-type=\"wp-page\" data-elementor-id=\"1048\" class=\"elementor elementor-1048\" data-elementor-post-type=\"page\">\n\t\t\t\t<div class=\"elementor-element elementor-element-3eb8a4c e-con-full e-flex e-con e-parent\" data-id=\"3eb8a4c\" data-element_type=\"container\" data-e-type=\"container\">\n\t\t<div class=\"elementor-element elementor-element-51c263b e-con-full e-flex e-con e-child\" data-id=\"51c263b\" data-element_type=\"container\" data-e-type=\"container\">\n\t\t\t\t<\/div>\n\t\t<div class=\"elementor-element elementor-element-a14eff9 e-con-full e-flex e-con e-child\" data-id=\"a14eff9\" data-element_type=\"container\" data-e-type=\"container\">\n\t\t\t\t<div class=\"elementor-element elementor-element-a5a266a elementor-widget elementor-widget-heading\" data-id=\"a5a266a\" data-element_type=\"widget\" data-e-type=\"widget\" data-widget_type=\"heading.default\">\n\t\t\t\t<div class=\"elementor-widget-container\">\n\t\t\t\t\t<h2 class=\"elementor-heading-title elementor-size-default\">Transporte Escolar<\/h2>\t\t\t\t<\/div>\n\t\t\t\t<\/div>\n\t\t\t\t<\/div>\n\t\t<div class=\"elementor-element elementor-element-2b0d805 e-con-full e-flex e-con e-child\" data-id=\"2b0d805\" data-element_type=\"container\" data-e-type=\"container\">\n\t\t\t\t<div class=\"elementor-element elementor-element-a0d2e25 premium-svg-animated-yes elementor-widget elementor-widget-premium-svg-drawer\" data-id=\"a0d2e25\" data-element_type=\"widget\" data-e-type=\"widget\" data-settings=\"{&quot;scroll_action&quot;:&quot;automatic&quot;,&quot;loop&quot;:&quot;true&quot;,&quot;yoyo&quot;:&quot;yes&quot;,&quot;animate_trigger&quot;:&quot;custom&quot;,&quot;animate_offset&quot;:{&quot;unit&quot;:&quot;%&quot;,&quot;size&quot;:100,&quot;sizes&quot;:[]},&quot;svg_fill&quot;:&quot;yes&quot;,&quot;svg_color&quot;:&quot;#009AD8&quot;,&quot;svg_fill_speed&quot;:{&quot;unit&quot;:&quot;px&quot;,&quot;size&quot;:0.1,&quot;sizes&quot;:[]},&quot;animate_start_point&quot;:{&quot;unit&quot;:&quot;%&quot;,&quot;size&quot;:0,&quot;sizes&quot;:[]},&quot;frames&quot;:5}\" data-widget_type=\"premium-svg-drawer.default\">\n\t\t\t\t<div class=\"elementor-widget-container\">\n\t\t\t\t\t\n\t\t\t<div class=\"premium-svg-draw elementor-invisible\">\n\n\t\t\t\t\n\t\t\t\t\n\t\t\t\t\t\n<svg id=\"Layer_2\" xmlns=\"http:\/\/www.w3.org\/2000\/svg\" viewbox=\"0 0 82.99 83.01\">\n  <defs>\n    \n      .cls-1 {\n        fill: ;\n        stroke-width: 0px;\n      }\n    \n  <\/defs>\n  <g id=\"Capa_1\">\n    <path class=\"cls-1\" d=\"M0,72.94C.55,36.34,28.47,5.16,64.95.45c2.83-.36,5.71-.36,8.57-.45,5.49-.17,9.27,3.11,9.47,8.15.2,5.23-3.33,8.94-8.98,9.09-11.37.3-21.93,3.2-31.32,9.7-15.45,10.7-23.91,25.45-25.14,44.26-.07,1.03-.15,2.05-.28,3.07-.72,5.69-4.2,9.01-9.07,8.71C3.27,82.68-.08,78.56,0,72.94Z\" \/>\n  <\/g>\n<\/svg>\n\t\t\t\t\n\t\t\t\t\n\t\t\t<\/div>\n\n\t\t\t\t\t\t<\/div>\n\t\t\t\t<\/div>\n\t\t\t\t<div class=\"elementor-element elementor-element-f7c922d elementor-widget elementor-widget-image\" data-id=\"f7c922d\" data-element_type=\"widget\" data-e-type=\"widget\" data-widget_type=\"image.default\">\n\t\t\t\t<div class=\"elementor-widget-container\">\n\t\t\t\t\t\t\t\t\t\t\t\t\t\t\t<img decoding=\"async\" width=\"1\" height=\"1\" src=\"https:\/\/gimnasiolaconsolata.edu.co\/wp-content\/uploads\/2025\/06\/Pen.svg\" class=\"attachment-large size-large wp-image-232\" alt=\"\" \/>\t\t\t\t\t\t\t\t\t\t\t\t\t\t\t<\/div>\n\t\t\t\t<\/div>\n\t\t\t\t<\/div>\n\t\t\t\t<\/div>\n\t\t<div class=\"elementor-element elementor-element-d27e15e e-con-full e-flex e-con e-parent\" data-id=\"d27e15e\" data-element_type=\"container\" data-e-type=\"container\">\n\t\t<div class=\"elementor-element elementor-element-a3d4354 e-con-full e-flex e-con e-child\" data-id=\"a3d4354\" data-element_type=\"container\" data-e-type=\"container\">\n\t\t\t\t<div class=\"elementor-element elementor-element-11b6cec elementor-widget elementor-widget-text-editor\" data-id=\"11b6cec\" data-element_type=\"widget\" data-e-type=\"widget\" data-widget_type=\"text-editor.default\">\n\t\t\t\t<div class=\"elementor-widget-container\">\n\t\t\t\t\t\t\t\t\tNuestro sistema de transporte escolar refleja la \u00e9tica del cuidado institucional y garantiza sincronizaci\u00f3n total con la comunidad educativa: desde rutas seguras y puntuales hasta comunicaci\u00f3n constante con coordinadores y directivos. De esta forma, reforzamos la conexi\u00f3n institucional, brindamos tranquilidad a las familias y fortalecemos ese entorno armonioso y responsable que promueve el colegio.\t\t\t\t\t\t\t\t<\/div>\n\t\t\t\t<\/div>\n\t\t\t\t<\/div>\n\t\t\t\t<\/div>\n\t\t<div class=\"elementor-element elementor-element-3121471 e-con-full e-flex e-con e-parent\" data-id=\"3121471\" data-element_type=\"container\" data-e-type=\"container\">\n\t\t<div class=\"elementor-element elementor-element-59f8473 e-con-full e-flex e-con e-child\" data-id=\"59f8473\" data-element_type=\"container\" data-e-type=\"container\">\n\t\t\t\t<div class=\"elementor-element elementor-element-218a0a9 elementor-arrows-position-inside elementor-pagination-position-outside elementor-widget elementor-widget-image-carousel\" data-id=\"218a0a9\" data-element_type=\"widget\" data-e-type=\"widget\" data-settings=\"{&quot;slides_to_show&quot;:&quot;1&quot;,&quot;navigation&quot;:&quot;both&quot;,&quot;autoplay&quot;:&quot;yes&quot;,&quot;pause_on_hover&quot;:&quot;yes&quot;,&quot;pause_on_interaction&quot;:&quot;yes&quot;,&quot;autoplay_speed&quot;:5000,&quot;infinite&quot;:&quot;yes&quot;,&quot;effect&quot;:&quot;slide&quot;,&quot;speed&quot;:500}\" data-widget_type=\"image-carousel.default\">\n\t\t\t\t<div class=\"elementor-widget-container\">\n\t\t\t\t\t\t\t<div class=\"elementor-image-carousel-wrapper swiper\" role=\"region\" aria-roledescription=\"carousel\" aria-label=\"Carrusel de im\u00e1genes\" dir=\"ltr\">\n\t\t\t<div class=\"elementor-image-carousel swiper-wrapper\" aria-live=\"off\">\n\t\t\t\t\t\t\t\t<div class=\"swiper-slide\" role=\"group\" aria-roledescription=\"slide\" aria-label=\"1 de 1\"><figure class=\"swiper-slide-inner\"><img decoding=\"async\" class=\"swiper-slide-image\" src=\"https:\/\/gimnasiolaconsolata.edu.co\/wp-content\/uploads\/2025\/08\/transportadores-Large.jpeg\" alt=\"transportadores Large\" \/><\/figure><\/div>\t\t\t<\/div>\n\t\t\t\t\t<\/div>\n\t\t\t\t\t\t<\/div>\n\t\t\t\t<\/div>\n\t\t\t\t<\/div>\n\t\t\t\t<\/div>\n\t\t\t\t<\/div>","protected":false},"excerpt":{"rendered":"<p>Transporte Escolar Nuestro sistema de transporte escolar refleja la \u00e9tica del cuidado institucional y garantiza sincronizaci\u00f3n total con la comunidad educativa: desde rutas seguras y puntuales hasta comunicaci\u00f3n constante con coordinadores y directivos. De esta forma, reforzamos la conexi\u00f3n institucional, brindamos tranquilidad a las familias y fortalecemos ese entorno armonioso y responsable que promueve el [&hellip;]<\/p>\n","protected":false},"author":2,"featured_media":0,"parent":0,"menu_order":0,"comment_status":"closed","ping_status":"closed","template":"","meta":{"_acf_changed":false,"_joinchat":[],"footnotes":""},"class_list":["post-1048","page","type-page","status-publish","hentry"],"acf":[],"aioseo_notices":[],"aioseo_head":"\n\t\t<!-- All in One SEO 5.0.1.1 - aioseo.com -->\n\t<meta name=\"description\" content=\"Transporte Escolar .cls-1 { fill: ; stroke-width: 0px; } Nuestro sistema de transporte escolar refleja la \u00e9tica del cuidado institucional y garantiza sincronizaci\u00f3n total con la comunidad educativa: desde rutas seguras y puntuales hasta comunicaci\u00f3n constante con coordinadores y directivos. De esta forma, reforzamos la conexi\u00f3n institucional, brindamos tranquilidad a las familias y fortalecemos ese\" \/>\n\t<meta name=\"robots\" content=\"max-image-preview:large\" \/>\n\t<link rel=\"canonical\" href=\"https:\/\/gimnasiolaconsolata.edu.co\/en\/transporte-escolar\/\" \/>\n\t<meta name=\"generator\" content=\"All in One SEO (AIOSEO) 5.0.1.1\" \/>\n\t\t<meta property=\"og:locale\" content=\"en_US\" \/>\n\t\t<meta property=\"og:site_name\" content=\"Gimnasio la consolata -\" \/>\n\t\t<meta property=\"og:type\" content=\"article\" \/>\n\t\t<meta property=\"og:title\" content=\"Transporte Escolar - Gimnasio la consolata\" \/>\n\t\t<meta property=\"og:description\" content=\"Transporte Escolar .cls-1 { fill: ; stroke-width: 0px; } Nuestro sistema de transporte escolar refleja la \u00e9tica del cuidado institucional y garantiza sincronizaci\u00f3n total con la comunidad educativa: desde rutas seguras y puntuales hasta comunicaci\u00f3n constante con coordinadores y directivos. De esta forma, reforzamos la conexi\u00f3n institucional, brindamos tranquilidad a las familias y fortalecemos ese\" \/>\n\t\t<meta property=\"og:url\" content=\"https:\/\/gimnasiolaconsolata.edu.co\/en\/transporte-escolar\/\" \/>\n\t\t<meta property=\"og:image\" content=\"https:\/\/gimnasiolaconsolata.edu.co\/wp-content\/uploads\/2025\/06\/Logo.svg\" \/>\n\t\t<meta property=\"og:image:secure_url\" content=\"https:\/\/gimnasiolaconsolata.edu.co\/wp-content\/uploads\/2025\/06\/Logo.svg\" \/>\n\t\t<meta property=\"article:published_time\" content=\"2025-07-22T14:48:31+00:00\" \/>\n\t\t<meta property=\"article:modified_time\" content=\"2025-08-05T16:22:28+00:00\" \/>\n\t\t<meta name=\"twitter:card\" content=\"summary_large_image\" \/>\n\t\t<meta name=\"twitter:title\" content=\"Transporte Escolar - Gimnasio la consolata\" \/>\n\t\t<meta name=\"twitter:description\" content=\"Transporte Escolar .cls-1 { fill: ; stroke-width: 0px; } Nuestro sistema de transporte escolar refleja la \u00e9tica del cuidado institucional y garantiza sincronizaci\u00f3n total con la comunidad educativa: desde rutas seguras y puntuales hasta comunicaci\u00f3n constante con coordinadores y directivos. De esta forma, reforzamos la conexi\u00f3n institucional, brindamos tranquilidad a las familias y fortalecemos ese\" \/>\n\t\t<meta name=\"twitter:image\" content=\"https:\/\/gimnasiolaconsolata.edu.co\/wp-content\/uploads\/2025\/06\/Logo.svg\" \/>\n\t\t<script type=\"application\/ld+json\" class=\"aioseo-schema\">\n\t\t\t{\"@context\":\"https:\\\/\\\/schema.org\",\"@graph\":[{\"@type\":\"BreadcrumbList\",\"@id\":\"https:\\\/\\\/gimnasiolaconsolata.edu.co\\\/en\\\/transporte-escolar\\\/#breadcrumblist\",\"itemListElement\":[{\"@type\":\"ListItem\",\"@id\":\"https:\\\/\\\/gimnasiolaconsolata.edu.co\\\/en#listItem\",\"position\":1,\"name\":\"Home\",\"item\":\"https:\\\/\\\/gimnasiolaconsolata.edu.co\\\/en\",\"nextItem\":{\"@type\":\"ListItem\",\"@id\":\"https:\\\/\\\/gimnasiolaconsolata.edu.co\\\/en\\\/transporte-escolar\\\/#listItem\",\"name\":\"Transporte Escolar\"}},{\"@type\":\"ListItem\",\"@id\":\"https:\\\/\\\/gimnasiolaconsolata.edu.co\\\/en\\\/transporte-escolar\\\/#listItem\",\"position\":2,\"name\":\"Transporte Escolar\",\"previousItem\":{\"@type\":\"ListItem\",\"@id\":\"https:\\\/\\\/gimnasiolaconsolata.edu.co\\\/en#listItem\",\"name\":\"Home\"}}]},{\"@type\":\"Organization\",\"@id\":\"https:\\\/\\\/gimnasiolaconsolata.edu.co\\\/en\\\/#organization\",\"name\":\"Gimnasio la consolata\",\"url\":\"https:\\\/\\\/gimnasiolaconsolata.edu.co\\\/en\\\/\",\"logo\":{\"@type\":\"ImageObject\",\"url\":\"https:\\\/\\\/gimnasiolaconsolata.edu.co\\\/wp-content\\\/uploads\\\/2025\\\/06\\\/logo.svg\",\"@id\":\"https:\\\/\\\/gimnasiolaconsolata.edu.co\\\/en\\\/transporte-escolar\\\/#organizationLogo\"},\"image\":{\"@id\":\"https:\\\/\\\/gimnasiolaconsolata.edu.co\\\/en\\\/transporte-escolar\\\/#organizationLogo\"}},{\"@type\":\"WebPage\",\"@id\":\"https:\\\/\\\/gimnasiolaconsolata.edu.co\\\/en\\\/transporte-escolar\\\/#webpage\",\"url\":\"https:\\\/\\\/gimnasiolaconsolata.edu.co\\\/en\\\/transporte-escolar\\\/\",\"name\":\"Transporte Escolar - Gimnasio la consolata\",\"description\":\"Transporte Escolar .cls-1 { fill: ; stroke-width: 0px; } Nuestro sistema de transporte escolar refleja la \\u00e9tica del cuidado institucional y garantiza sincronizaci\\u00f3n total con la comunidad educativa: desde rutas seguras y puntuales hasta comunicaci\\u00f3n constante con coordinadores y directivos. De esta forma, reforzamos la conexi\\u00f3n institucional, brindamos tranquilidad a las familias y fortalecemos ese\",\"inLanguage\":\"en-US\",\"isPartOf\":{\"@id\":\"https:\\\/\\\/gimnasiolaconsolata.edu.co\\\/en\\\/#website\"},\"breadcrumb\":{\"@id\":\"https:\\\/\\\/gimnasiolaconsolata.edu.co\\\/en\\\/transporte-escolar\\\/#breadcrumblist\"},\"datePublished\":\"2025-07-22T14:48:31+00:00\",\"dateModified\":\"2025-08-05T16:22:28+00:00\"},{\"@type\":\"WebSite\",\"@id\":\"https:\\\/\\\/gimnasiolaconsolata.edu.co\\\/en\\\/#website\",\"url\":\"https:\\\/\\\/gimnasiolaconsolata.edu.co\\\/en\\\/\",\"name\":\"Gimnasio la consolata\",\"inLanguage\":\"en-US\",\"publisher\":{\"@id\":\"https:\\\/\\\/gimnasiolaconsolata.edu.co\\\/en\\\/#organization\"}}]}\n\t\t<\/script>\n\t\t<!-- All in One SEO -->\n\n","aioseo_head_json":{"title":"Transporte Escolar - Gimnasio la consolata","description":"Transporte Escolar .cls-1 { fill: ; stroke-width: 0px; } Nuestro sistema de transporte escolar refleja la \u00e9tica del cuidado institucional y garantiza sincronizaci\u00f3n total con la comunidad educativa: desde rutas seguras y puntuales hasta comunicaci\u00f3n constante con coordinadores y directivos. De esta forma, reforzamos la conexi\u00f3n institucional, brindamos tranquilidad a las familias y fortalecemos ese","canonical_url":"https:\/\/gimnasiolaconsolata.edu.co\/en\/transporte-escolar\/","robots":"max-image-preview:large","keywords":"","webmasterTools":{"miscellaneous":""},"schema":{"@context":"https:\/\/schema.org","@graph":[{"@type":"BreadcrumbList","@id":"https:\/\/gimnasiolaconsolata.edu.co\/en\/transporte-escolar\/#breadcrumblist","itemListElement":[{"@type":"ListItem","@id":"https:\/\/gimnasiolaconsolata.edu.co\/en#listItem","position":1,"name":"Home","item":"https:\/\/gimnasiolaconsolata.edu.co\/en","nextItem":{"@type":"ListItem","@id":"https:\/\/gimnasiolaconsolata.edu.co\/en\/transporte-escolar\/#listItem","name":"Transporte Escolar"}},{"@type":"ListItem","@id":"https:\/\/gimnasiolaconsolata.edu.co\/en\/transporte-escolar\/#listItem","position":2,"name":"Transporte Escolar","previousItem":{"@type":"ListItem","@id":"https:\/\/gimnasiolaconsolata.edu.co\/en#listItem","name":"Home"}}]},{"@type":"Organization","@id":"https:\/\/gimnasiolaconsolata.edu.co\/en\/#organization","name":"Gimnasio la consolata","url":"https:\/\/gimnasiolaconsolata.edu.co\/en\/","logo":{"@type":"ImageObject","url":"https:\/\/gimnasiolaconsolata.edu.co\/wp-content\/uploads\/2025\/06\/logo.svg","@id":"https:\/\/gimnasiolaconsolata.edu.co\/en\/transporte-escolar\/#organizationLogo"},"image":{"@id":"https:\/\/gimnasiolaconsolata.edu.co\/en\/transporte-escolar\/#organizationLogo"}},{"@type":"WebPage","@id":"https:\/\/gimnasiolaconsolata.edu.co\/en\/transporte-escolar\/#webpage","url":"https:\/\/gimnasiolaconsolata.edu.co\/en\/transporte-escolar\/","name":"Transporte Escolar - Gimnasio la consolata","description":"Transporte Escolar .cls-1 { fill: ; stroke-width: 0px; } Nuestro sistema de transporte escolar refleja la \u00e9tica del cuidado institucional y garantiza sincronizaci\u00f3n total con la comunidad educativa: desde rutas seguras y puntuales hasta comunicaci\u00f3n constante con coordinadores y directivos. De esta forma, reforzamos la conexi\u00f3n institucional, brindamos tranquilidad a las familias y fortalecemos ese","inLanguage":"en-US","isPartOf":{"@id":"https:\/\/gimnasiolaconsolata.edu.co\/en\/#website"},"breadcrumb":{"@id":"https:\/\/gimnasiolaconsolata.edu.co\/en\/transporte-escolar\/#breadcrumblist"},"datePublished":"2025-07-22T14:48:31+00:00","dateModified":"2025-08-05T16:22:28+00:00"},{"@type":"WebSite","@id":"https:\/\/gimnasiolaconsolata.edu.co\/en\/#website","url":"https:\/\/gimnasiolaconsolata.edu.co\/en\/","name":"Gimnasio la consolata","inLanguage":"en-US","publisher":{"@id":"https:\/\/gimnasiolaconsolata.edu.co\/en\/#organization"}}]},"og:locale":"en_US","og:site_name":"Gimnasio la consolata -","og:type":"article","og:title":"Transporte Escolar - Gimnasio la consolata","og:description":"Transporte Escolar .cls-1 { fill: ; stroke-width: 0px; } Nuestro sistema de transporte escolar refleja la \u00e9tica del cuidado institucional y garantiza sincronizaci\u00f3n total con la comunidad educativa: desde rutas seguras y puntuales hasta comunicaci\u00f3n constante con coordinadores y directivos. De esta forma, reforzamos la conexi\u00f3n institucional, brindamos tranquilidad a las familias y fortalecemos ese","og:url":"https:\/\/gimnasiolaconsolata.edu.co\/en\/transporte-escolar\/","og:image":"https:\/\/gimnasiolaconsolata.edu.co\/wp-content\/uploads\/2025\/06\/Logo.svg","og:image:secure_url":"https:\/\/gimnasiolaconsolata.edu.co\/wp-content\/uploads\/2025\/06\/Logo.svg","article:published_time":"2025-07-22T14:48:31+00:00","article:modified_time":"2025-08-05T16:22:28+00:00","twitter:card":"summary_large_image","twitter:title":"Transporte Escolar - Gimnasio la consolata","twitter:description":"Transporte Escolar .cls-1 { fill: ; stroke-width: 0px; } Nuestro sistema de transporte escolar refleja la \u00e9tica del cuidado institucional y garantiza sincronizaci\u00f3n total con la comunidad educativa: desde rutas seguras y puntuales hasta comunicaci\u00f3n constante con coordinadores y directivos. De esta forma, reforzamos la conexi\u00f3n institucional, brindamos tranquilidad a las familias y fortalecemos ese","twitter:image":"https:\/\/gimnasiolaconsolata.edu.co\/wp-content\/uploads\/2025\/06\/Logo.svg"},"aioseo_meta_data":{"post_id":"1048","title":null,"description":null,"keywords":null,"keyphrases":{"focus":[],"additional":[]},"primary_term":null,"canonical_url":null,"og_title":null,"og_description":null,"og_object_type":"default","og_image_type":"default","og_image_url":null,"og_image_width":null,"og_image_height":null,"og_image_custom_url":null,"og_image_custom_fields":null,"og_video":null,"og_custom_url":null,"og_article_section":null,"og_article_tags":null,"twitter_use_og":true,"twitter_card":"default","twitter_image_type":"default","twitter_image_url":null,"twitter_image_custom_url":null,"twitter_image_custom_fields":null,"twitter_title":null,"twitter_description":null,"schema":{"blockGraphs":[],"customGraphs":[],"default":{"data":{"Article":[],"Course":[],"Dataset":[],"FAQPage":[],"Movie":[],"Person":[],"Product":[],"ProductReview":[],"Car":[],"Recipe":[],"Service":[],"SoftwareApplication":[],"WebPage":[]},"graphName":"","isEnabled":true},"graphs":[]},"schema_type":"default","schema_type_options":null,"pillar_content":false,"robots_default":true,"robots_noindex":false,"robots_noarchive":false,"robots_nosnippet":false,"robots_nofollow":false,"robots_noimageindex":false,"robots_noodp":false,"robots_notranslate":false,"robots_max_snippet":null,"robots_max_videopreview":null,"robots_max_imagepreview":"large","priority":null,"frequency":null,"local_seo":null,"breadcrumb_settings":null,"limit_modified_date":false,"ai":null,"created":"2025-08-01 20:28:09","updated":"2026-08-31 18:35:04","seo_analyzer_scan_date":null,"focus_keyword":null,"additional_keywords":null,"truseo_locale":null},"aioseo_breadcrumb":"<div class=\"aioseo-breadcrumbs\"><span class=\"aioseo-breadcrumb\">\n\t\t\t<a href=\"https:\/\/gimnasiolaconsolata.edu.co\/en\" title=\"Home\">Home<\/a>\n\t\t<\/span><span class=\"aioseo-breadcrumb-separator\">&raquo;<\/span><span class=\"aioseo-breadcrumb\">\n\t\t\tTransporte Escolar\n\t\t<\/span><\/div>","aioseo_breadcrumb_json":[{"label":"Home","link":"https:\/\/gimnasiolaconsolata.edu.co\/en"},{"label":"Transporte Escolar","link":"https:\/\/gimnasiolaconsolata.edu.co\/en\/transporte-escolar\/"}],"_links":{"self":[{"href":"https:\/\/gimnasiolaconsolata.edu.co\/en\/wp-json\/wp\/v2\/pages\/1048","targetHints":{"allow":["GET"]}}],"collection":[{"href":"https:\/\/gimnasiolaconsolata.edu.co\/en\/wp-json\/wp\/v2\/pages"}],"about":[{"href":"https:\/\/gimnasiolaconsolata.edu.co\/en\/wp-json\/wp\/v2\/types\/page"}],"author":[{"embeddable":true,"href":"https:\/\/gimnasiolaconsolata.edu.co\/en\/wp-json\/wp\/v2\/users\/2"}],"replies":[{"embeddable":true,"href":"https:\/\/gimnasiolaconsolata.edu.co\/en\/wp-json\/wp\/v2\/comments?post=1048"}],"version-history":[{"count":7,"href":"https:\/\/gimnasiolaconsolata.edu.co\/en\/wp-json\/wp\/v2\/pages\/1048\/revisions"}],"predecessor-version":[{"id":1279,"href":"https:\/\/gimnasiolaconsolata.edu.co\/en\/wp-json\/wp\/v2\/pages\/1048\/revisions\/1279"}],"wp:attachment":[{"href":"https:\/\/gimnasiolaconsolata.edu.co\/en\/wp-json\/wp\/v2\/media?parent=1048"}],"curies":[{"name":"wp","href":"https:\/\/api.w.org\/{rel}","templated":true}]}}