{"id":400,"date":"2025-06-27T14:48:29","date_gmt":"2025-06-27T14:48:29","guid":{"rendered":"https:\/\/gimnasiolaconsolata.edu.co\/?page_id=400"},"modified":"2025-08-13T16:09:54","modified_gmt":"2025-08-13T16:09:54","slug":"historia","status":"publish","type":"page","link":"https:\/\/gimnasiolaconsolata.edu.co\/en\/institucional\/historia\/","title":{"rendered":"Historia"},"content":{"rendered":"<div data-elementor-type=\"wp-page\" data-elementor-id=\"400\" class=\"elementor elementor-400\" data-elementor-post-type=\"page\">\n\t\t\t\t<div class=\"elementor-element elementor-element-d017d58 e-con-full e-flex e-con e-parent\" data-id=\"d017d58\" data-element_type=\"container\" data-e-type=\"container\">\n\t\t\t\t<div class=\"elementor-element elementor-element-ca306f3 animated-slow elementor-invisible elementor-widget elementor-widget-heading\" data-id=\"ca306f3\" data-element_type=\"widget\" data-e-type=\"widget\" data-settings=\"{&quot;_animation&quot;:&quot;fadeInDown&quot;,&quot;_animation_delay&quot;:300}\" data-widget_type=\"heading.default\">\n\t\t\t\t<div class=\"elementor-widget-container\">\n\t\t\t\t\t<h2 class=\"elementor-heading-title elementor-size-default\">Historia<\/h2>\t\t\t\t<\/div>\n\t\t\t\t<\/div>\n\t\t\t\t<div class=\"elementor-element elementor-element-85bacca elementor-invisible elementor-widget elementor-widget-heading\" data-id=\"85bacca\" data-element_type=\"widget\" data-e-type=\"widget\" data-settings=\"{&quot;_animation&quot;:&quot;fadeIn&quot;,&quot;_animation_delay&quot;:600}\" data-widget_type=\"heading.default\">\n\t\t\t\t<div class=\"elementor-widget-container\">\n\t\t\t\t\t<h2 class=\"elementor-heading-title elementor-size-default\">Acerca de nosotros<\/h2>\t\t\t\t<\/div>\n\t\t\t\t<\/div>\n\t\t\t\t<\/div>\n\t\t<div class=\"elementor-element elementor-element-2f3f748 e-con-full e-flex e-con e-parent\" data-id=\"2f3f748\" data-element_type=\"container\" data-e-type=\"container\">\n\t\t<div class=\"elementor-element elementor-element-f9ca5b8 e-con-full e-flex e-con e-child\" data-id=\"f9ca5b8\" data-element_type=\"container\" data-e-type=\"container\">\n\t\t\t\t<div class=\"elementor-element elementor-element-d038d00 premium-svg-sync-yes premium-svg-animated-yes elementor-widget elementor-widget-premium-svg-drawer\" data-id=\"d038d00\" data-element_type=\"widget\" data-e-type=\"widget\" data-settings=\"{&quot;scroll_action&quot;:&quot;automatic&quot;,&quot;loop&quot;:&quot;true&quot;,&quot;yoyo&quot;:&quot;yes&quot;,&quot;animate_trigger&quot;:&quot;custom&quot;,&quot;animate_offset&quot;:{&quot;unit&quot;:&quot;%&quot;,&quot;size&quot;:100,&quot;sizes&quot;:[]},&quot;svg_fill&quot;:&quot;yes&quot;,&quot;svg_color&quot;:&quot;#009AD8&quot;,&quot;svg_fill_speed&quot;:{&quot;unit&quot;:&quot;px&quot;,&quot;size&quot;:1,&quot;sizes&quot;:[]},&quot;animate_start_point&quot;:{&quot;unit&quot;:&quot;%&quot;,&quot;size&quot;:0,&quot;sizes&quot;:[]},&quot;frames&quot;:5}\" data-widget_type=\"premium-svg-drawer.default\">\n\t\t\t\t<div class=\"elementor-widget-container\">\n\t\t\t\t\t\n\t\t\t<div class=\"premium-svg-draw elementor-invisible\">\n\n\t\t\t\t\n\t\t\t\t\n\t\t\t\t\t\n<svg id=\"Layer_2\" xmlns=\"http:\/\/www.w3.org\/2000\/svg\" viewbox=\"0 0 105.38 105.38\">\n  <defs>\n    \n      .cls-1 {\n        fill: \n      }\n\n      .cls-1, .cls-2 {\n        stroke-width: 0px;\n      }\n\n      .cls-2 {\n        fill: ;\n      }\n    \n  <\/defs>\n  <g id=\"Capa_1\">\n    <g>\n      <path class=\"cls-1\" d=\"M52.55,40.77c6.31-.07,11.39,4.93,11.45,11.27.05,6.33-4.89,11.46-11.18,11.6-6.16.14-11.35-5-11.43-11.33-.08-6.37,4.85-11.48,11.16-11.54Z\" \/>\n      <path class=\"cls-2\" d=\"M52.69,105.38C23.64,105.38,0,81.75,0,52.69S23.64,0,52.69,0s52.69,23.64,52.69,52.69-23.64,52.69-52.69,52.69ZM52.69,23.57c-16.06,0-29.12,13.06-29.12,29.12s13.06,29.12,29.12,29.12,29.12-13.06,29.12-29.12-13.06-29.12-29.12-29.12Z\" \/>\n    <\/g>\n  <\/g>\n<\/svg>\n\t\t\t\t\n\t\t\t\t\n\t\t\t<\/div>\n\n\t\t\t\t\t\t<\/div>\n\t\t\t\t<\/div>\n\t\t\t\t<div class=\"elementor-element elementor-element-b12a4d3 elementor-widget elementor-widget-image\" data-id=\"b12a4d3\" data-element_type=\"widget\" data-e-type=\"widget\" data-settings=\"{&quot;motion_fx_motion_fx_mouse&quot;:&quot;yes&quot;,&quot;motion_fx_mouseTrack_effect&quot;:&quot;yes&quot;,&quot;motion_fx_mouseTrack_speed&quot;:{&quot;unit&quot;:&quot;px&quot;,&quot;size&quot;:0.4,&quot;sizes&quot;:[]}}\" data-widget_type=\"image.default\">\n\t\t\t\t<div class=\"elementor-widget-container\">\n\t\t\t\t\t\t\t\t\t\t\t\t\t\t\t<img decoding=\"async\" width=\"1\" height=\"1\" src=\"https:\/\/gimnasiolaconsolata.edu.co\/wp-content\/uploads\/2025\/06\/Book.svg\" class=\"attachment-large size-large wp-image-221\" alt=\"\" \/>\t\t\t\t\t\t\t\t\t\t\t\t\t\t\t<\/div>\n\t\t\t\t<\/div>\n\t\t\t\t<\/div>\n\t\t<div class=\"elementor-element elementor-element-446e844 e-con-full e-flex e-con e-child\" data-id=\"446e844\" data-element_type=\"container\" data-e-type=\"container\">\n\t\t\t\t<div class=\"elementor-element elementor-element-602fd05 animated-slow elementor-invisible elementor-widget elementor-widget-text-editor\" data-id=\"602fd05\" data-element_type=\"widget\" data-e-type=\"widget\" data-settings=\"{&quot;_animation&quot;:&quot;fadeIn&quot;,&quot;_animation_delay&quot;:800}\" data-widget_type=\"text-editor.default\">\n\t\t\t\t<div class=\"elementor-widget-container\">\n\t\t\t\t\t\t\t\t\t<p><span style=\"font-weight: 400;\">La historia del\u00a0<\/span><b><i>GIMNASIO CAMPESTRE LA CONSOLATA BILING\u00dcE NACIONAL<\/i><\/b><span style=\"font-weight: 400;\">\u00a0est\u00e1 muy ligada a la historia en Colombia de los Misioneros de La Consolata.<\/span><\/p><p><span style=\"font-weight: 400;\">A Colombia llegaron el 12 de diciembre de 1947. Hace 60 a\u00f1os. Desde ese a\u00f1o empezaron un proceso de evangelizaci\u00f3n que los ha llevado a tener una presencia misionera integral (no solo pastoral, sino social, educativa, cultural, asistencia m\u00e9dica) en varios departamentos de nuestro pa\u00eds, sobre todo en regiones apartadas y conflictivas de nuestra geograf\u00eda nacional.<\/span><\/p>\t\t\t\t\t\t\t\t<\/div>\n\t\t\t\t<\/div>\n\t\t\t\t<\/div>\n\t\t<div class=\"elementor-element elementor-element-962cd4a e-con-full e-flex e-con e-child\" data-id=\"962cd4a\" data-element_type=\"container\" data-e-type=\"container\">\n\t\t\t\t<div class=\"elementor-element elementor-element-d5ab918 premium-svg-animated-yes elementor-widget elementor-widget-premium-svg-drawer\" data-id=\"d5ab918\" data-element_type=\"widget\" data-e-type=\"widget\" data-settings=\"{&quot;scroll_action&quot;:&quot;automatic&quot;,&quot;loop&quot;:&quot;true&quot;,&quot;yoyo&quot;:&quot;yes&quot;,&quot;animate_trigger&quot;:&quot;custom&quot;,&quot;animate_offset&quot;:{&quot;unit&quot;:&quot;%&quot;,&quot;size&quot;:100,&quot;sizes&quot;:[]},&quot;svg_fill&quot;:&quot;yes&quot;,&quot;svg_color&quot;:&quot;#009AD8&quot;,&quot;svg_fill_speed&quot;:{&quot;unit&quot;:&quot;px&quot;,&quot;size&quot;:0.1,&quot;sizes&quot;:[]},&quot;animate_start_point&quot;:{&quot;unit&quot;:&quot;%&quot;,&quot;size&quot;:0,&quot;sizes&quot;:[]},&quot;frames&quot;:5}\" data-widget_type=\"premium-svg-drawer.default\">\n\t\t\t\t<div class=\"elementor-widget-container\">\n\t\t\t\t\t\n\t\t\t<div class=\"premium-svg-draw elementor-invisible\">\n\n\t\t\t\t\n\t\t\t\t\n\t\t\t\t\t\n<svg id=\"Layer_2\" xmlns=\"http:\/\/www.w3.org\/2000\/svg\" viewbox=\"0 0 82.99 83.01\">\n  <defs>\n    \n      .cls-1 {\n        fill: ;\n        stroke-width: 0px;\n      }\n    \n  <\/defs>\n  <g id=\"Capa_1\">\n    <path class=\"cls-1\" d=\"M0,72.94C.55,36.34,28.47,5.16,64.95.45c2.83-.36,5.71-.36,8.57-.45,5.49-.17,9.27,3.11,9.47,8.15.2,5.23-3.33,8.94-8.98,9.09-11.37.3-21.93,3.2-31.32,9.7-15.45,10.7-23.91,25.45-25.14,44.26-.07,1.03-.15,2.05-.28,3.07-.72,5.69-4.2,9.01-9.07,8.71C3.27,82.68-.08,78.56,0,72.94Z\" \/>\n  <\/g>\n<\/svg>\n\t\t\t\t\n\t\t\t\t\n\t\t\t<\/div>\n\n\t\t\t\t\t\t<\/div>\n\t\t\t\t<\/div>\n\t\t\t\t<div class=\"elementor-element elementor-element-eaa1df5 elementor-widget elementor-widget-image\" data-id=\"eaa1df5\" data-element_type=\"widget\" data-e-type=\"widget\" data-settings=\"{&quot;motion_fx_motion_fx_mouse&quot;:&quot;yes&quot;,&quot;motion_fx_mouseTrack_effect&quot;:&quot;yes&quot;,&quot;motion_fx_mouseTrack_speed&quot;:{&quot;unit&quot;:&quot;px&quot;,&quot;size&quot;:0.4,&quot;sizes&quot;:[]}}\" data-widget_type=\"image.default\">\n\t\t\t\t<div class=\"elementor-widget-container\">\n\t\t\t\t\t\t\t\t\t\t\t\t\t\t\t<img decoding=\"async\" width=\"1\" height=\"1\" src=\"https:\/\/gimnasiolaconsolata.edu.co\/wp-content\/uploads\/2025\/06\/Loop.svg\" class=\"attachment-large size-large wp-image-279\" alt=\"\" \/>\t\t\t\t\t\t\t\t\t\t\t\t\t\t\t<\/div>\n\t\t\t\t<\/div>\n\t\t\t\t<div class=\"elementor-element elementor-element-99d6af4 elementor-widget elementor-widget-image\" data-id=\"99d6af4\" data-element_type=\"widget\" data-e-type=\"widget\" data-widget_type=\"image.default\">\n\t\t\t\t<div class=\"elementor-widget-container\">\n\t\t\t\t\t\t\t\t\t\t\t\t\t\t\t<img decoding=\"async\" width=\"1\" height=\"1\" src=\"https:\/\/gimnasiolaconsolata.edu.co\/wp-content\/uploads\/2025\/06\/Pen.svg\" class=\"attachment-large size-large wp-image-232\" alt=\"\" \/>\t\t\t\t\t\t\t\t\t\t\t\t\t\t\t<\/div>\n\t\t\t\t<\/div>\n\t\t\t\t<\/div>\n\t\t\t\t<\/div>\n\t\t<div class=\"elementor-element elementor-element-29bb2d1 e-con-full e-flex e-con e-parent\" data-id=\"29bb2d1\" data-element_type=\"container\" data-e-type=\"container\">\n\t\t<div class=\"elementor-element elementor-element-b33459e e-con-full e-flex e-con e-child\" data-id=\"b33459e\" data-element_type=\"container\" data-e-type=\"container\">\n\t\t\t\t<div class=\"elementor-element elementor-element-d73f6c9 premium-svg-sync-yes premium-svg-animated-yes elementor-widget elementor-widget-premium-svg-drawer\" data-id=\"d73f6c9\" data-element_type=\"widget\" data-e-type=\"widget\" data-settings=\"{&quot;scroll_action&quot;:&quot;automatic&quot;,&quot;frames&quot;:15,&quot;loop&quot;:&quot;true&quot;,&quot;yoyo&quot;:&quot;yes&quot;,&quot;animate_trigger&quot;:&quot;custom&quot;,&quot;animate_offset&quot;:{&quot;unit&quot;:&quot;%&quot;,&quot;size&quot;:100,&quot;sizes&quot;:[]},&quot;svg_fill&quot;:&quot;yes&quot;,&quot;svg_color&quot;:&quot;#BDD500&quot;,&quot;svg_fill_speed&quot;:{&quot;unit&quot;:&quot;px&quot;,&quot;size&quot;:0.1,&quot;sizes&quot;:[]},&quot;animate_start_point&quot;:{&quot;unit&quot;:&quot;%&quot;,&quot;size&quot;:0,&quot;sizes&quot;:[]}}\" data-widget_type=\"premium-svg-drawer.default\">\n\t\t\t\t<div class=\"elementor-widget-container\">\n\t\t\t\t\t\n\t\t\t<div class=\"premium-svg-draw elementor-invisible\">\n\n\t\t\t\t\n\t\t\t\t\n\t\t\t\t\t\n<svg id=\"Layer_2\" xmlns=\"http:\/\/www.w3.org\/2000\/svg\" viewbox=\"0 0 79.82 79.94\">\n  <defs>\n    \n      .cls-1 {\n        fill: ;\n      }\n\n      .cls-1, .cls-2 {\n        stroke-width: 0px;\n      }\n\n      .cls-2 {\n        fill: ;\n      }\n    \n  <\/defs>\n  <g id=\"Capa_1\">\n    <g>\n      <path class=\"cls-1\" d=\"M79.74,10.79c-.28,17.2-6.43,32.17-17.72,44.94-13.8,15.62-31.35,23.6-52.18,24.2C3.84,80.11.05,76.73,0,71.53c-.05-5.26,3.51-8.48,9.59-8.67,28.86-.88,51.35-22.84,53.13-51.9,1.48-.03,2.06,1.24,2.93,2.07,3.81,3.66,7.93,3.6,11.54-.19.76-.8,1.26-1.93,2.56-2.05Z\" \/>\n      <path class=\"cls-2\" d=\"M79.74,10.79c-3.01,6.97-11.53,9.19-17.03.18.09-2.6.06-5.22,1.77-7.43,2.38-3.07,6.11-4.27,9.58-3.09,3.54,1.2,5.71,4.32,5.75,8.31,0,.68-.05,1.35-.07,2.03Z\" \/>\n    <\/g>\n  <\/g>\n<\/svg>\n\t\t\t\t\n\t\t\t\t\n\t\t\t<\/div>\n\n\t\t\t\t\t\t<\/div>\n\t\t\t\t<\/div>\n\t\t\t\t<div class=\"elementor-element elementor-element-6fe9c81 premium-svg-animated-yes elementor-widget elementor-widget-premium-svg-drawer\" data-id=\"6fe9c81\" data-element_type=\"widget\" data-e-type=\"widget\" data-settings=\"{&quot;animate_start_point&quot;:{&quot;unit&quot;:&quot;%&quot;,&quot;size&quot;:0,&quot;sizes&quot;:[]},&quot;scroll_action&quot;:&quot;viewport&quot;,&quot;animate_offset&quot;:{&quot;unit&quot;:&quot;%&quot;,&quot;size&quot;:50,&quot;sizes&quot;:[]},&quot;draw_speed&quot;:{&quot;unit&quot;:&quot;px&quot;,&quot;size&quot;:0.3,&quot;sizes&quot;:[]}}\" data-widget_type=\"premium-svg-drawer.default\">\n\t\t\t\t<div class=\"elementor-widget-container\">\n\t\t\t\t\t\n\t\t\t<div class=\"premium-svg-draw elementor-invisible\">\n\n\t\t\t\t\n\t\t\t\t\n\t\t\t\t\t\n\t\t\t\t\n\t\t\t\t\n\t\t\t<\/div>\n\n\t\t\t\t\t\t<\/div>\n\t\t\t\t<\/div>\n\t\t\t\t<div class=\"elementor-element elementor-element-eab4a4a animated-slow elementor-invisible elementor-widget elementor-widget-image\" data-id=\"eab4a4a\" data-element_type=\"widget\" data-e-type=\"widget\" data-settings=\"{&quot;_animation&quot;:&quot;zoomIn&quot;,&quot;_animation_delay&quot;:300}\" data-widget_type=\"image.default\">\n\t\t\t\t<div class=\"elementor-widget-container\">\n\t\t\t\t\t\t\t\t\t\t\t\t\t\t\t<img loading=\"lazy\" decoding=\"async\" width=\"951\" height=\"440\" src=\"https:\/\/gimnasiolaconsolata.edu.co\/wp-content\/uploads\/2025\/06\/IMG_1439-1024x683-2.jpg\" class=\"attachment-full size-full wp-image-410\" alt=\"\" srcset=\"https:\/\/gimnasiolaconsolata.edu.co\/wp-content\/uploads\/2025\/06\/IMG_1439-1024x683-2.jpg 951w, https:\/\/gimnasiolaconsolata.edu.co\/wp-content\/uploads\/2025\/06\/IMG_1439-1024x683-2-300x139.jpg 300w, https:\/\/gimnasiolaconsolata.edu.co\/wp-content\/uploads\/2025\/06\/IMG_1439-1024x683-2-768x355.jpg 768w\" sizes=\"(max-width: 951px) 100vw, 951px\" \/>\t\t\t\t\t\t\t\t\t\t\t\t\t\t\t<\/div>\n\t\t\t\t<\/div>\n\t\t\t\t<\/div>\n\t\t<div class=\"elementor-element elementor-element-be22e07 e-con-full e-flex e-con e-child\" data-id=\"be22e07\" data-element_type=\"container\" data-e-type=\"container\">\n\t\t\t\t<div class=\"elementor-element elementor-element-dcb28d1 premium-svg-animated-yes elementor-widget elementor-widget-premium-svg-drawer\" data-id=\"dcb28d1\" data-element_type=\"widget\" data-e-type=\"widget\" data-settings=\"{&quot;scroll_action&quot;:&quot;automatic&quot;,&quot;loop&quot;:&quot;true&quot;,&quot;yoyo&quot;:&quot;yes&quot;,&quot;animate_trigger&quot;:&quot;custom&quot;,&quot;animate_offset&quot;:{&quot;unit&quot;:&quot;%&quot;,&quot;size&quot;:100,&quot;sizes&quot;:[]},&quot;svg_fill&quot;:&quot;yes&quot;,&quot;svg_color&quot;:&quot;#FFAA22&quot;,&quot;animate_start_point&quot;:{&quot;unit&quot;:&quot;%&quot;,&quot;size&quot;:0,&quot;sizes&quot;:[]},&quot;frames&quot;:5,&quot;svg_fill_speed&quot;:{&quot;unit&quot;:&quot;px&quot;,&quot;size&quot;:&quot;&quot;,&quot;sizes&quot;:[]}}\" data-widget_type=\"premium-svg-drawer.default\">\n\t\t\t\t<div class=\"elementor-widget-container\">\n\t\t\t\t\t\n\t\t\t<div class=\"premium-svg-draw elementor-invisible\">\n\n\t\t\t\t\n\t\t\t\t\n\t\t\t\t\t\n<svg id=\"Layer_2\" xmlns=\"http:\/\/www.w3.org\/2000\/svg\" viewbox=\"0 0 77.97 72.85\">\n  <defs>\n    \n      .cls-1 {\n        fill: ;\n        stroke-width: 0px;\n      }\n    \n  <\/defs>\n  <g id=\"Capa_1\">\n    <path class=\"cls-1\" d=\"M61.15,7.32c15.44,9.49,21.02,31.5,13.5,47.68-1.41,3.04-3.48,5.9-5.73,8.39-3,3.31-9.18,3.37-12.9.62-3.55-2.62-5.11-8.55-3.4-12.62,1.35-3.23,3.29-6.15,3.87-9.78,1.53-9.54-5.17-18.6-14.42-20.26-9.46-1.7-19.23,5.09-20.51,14.74-.87,6.62,1.32,12.52,6.78,16.91,5.35,4.3,6.54,9.88,3.32,14.94-3.94,6.18-11.54,6.66-17.95.69C-1.7,54.28-4.39,34.69,7.03,17.15,19.06-1.31,44.5-5.31,61.15,7.32Z\" \/>\n  <\/g>\n<\/svg>\n\t\t\t\t\n\t\t\t\t\n\t\t\t<\/div>\n\n\t\t\t\t\t\t<\/div>\n\t\t\t\t<\/div>\n\t\t\t\t<\/div>\n\t\t\t\t<\/div>\n\t\t<div class=\"elementor-element elementor-element-df2e316 e-con-full e-flex e-con e-parent\" data-id=\"df2e316\" data-element_type=\"container\" data-e-type=\"container\">\n\t\t<div class=\"elementor-element elementor-element-012570e e-con-full e-flex e-con e-child\" data-id=\"012570e\" data-element_type=\"container\" data-e-type=\"container\">\n\t\t\t\t<div class=\"elementor-element elementor-element-0f6cf7a premium-svg-sync-yes premium-svg-animated-yes elementor-widget elementor-widget-premium-svg-drawer\" data-id=\"0f6cf7a\" data-element_type=\"widget\" data-e-type=\"widget\" data-settings=\"{&quot;scroll_action&quot;:&quot;automatic&quot;,&quot;loop&quot;:&quot;true&quot;,&quot;yoyo&quot;:&quot;yes&quot;,&quot;animate_trigger&quot;:&quot;custom&quot;,&quot;animate_offset&quot;:{&quot;unit&quot;:&quot;%&quot;,&quot;size&quot;:100,&quot;sizes&quot;:[]},&quot;svg_fill&quot;:&quot;yes&quot;,&quot;svg_color&quot;:&quot;#009AD8&quot;,&quot;svg_fill_speed&quot;:{&quot;unit&quot;:&quot;px&quot;,&quot;size&quot;:1,&quot;sizes&quot;:[]},&quot;animate_start_point&quot;:{&quot;unit&quot;:&quot;%&quot;,&quot;size&quot;:0,&quot;sizes&quot;:[]},&quot;frames&quot;:5}\" data-widget_type=\"premium-svg-drawer.default\">\n\t\t\t\t<div class=\"elementor-widget-container\">\n\t\t\t\t\t\n\t\t\t<div class=\"premium-svg-draw elementor-invisible\">\n\n\t\t\t\t\n\t\t\t\t\n\t\t\t\t\t\n<svg id=\"Layer_2\" xmlns=\"http:\/\/www.w3.org\/2000\/svg\" viewbox=\"0 0 105.38 105.38\">\n  <defs>\n    \n      .cls-1 {\n        fill: \n      }\n\n      .cls-1, .cls-2 {\n        stroke-width: 0px;\n      }\n\n      .cls-2 {\n        fill: ;\n      }\n    \n  <\/defs>\n  <g id=\"Capa_1\">\n    <g>\n      <path class=\"cls-1\" d=\"M52.55,40.77c6.31-.07,11.39,4.93,11.45,11.27.05,6.33-4.89,11.46-11.18,11.6-6.16.14-11.35-5-11.43-11.33-.08-6.37,4.85-11.48,11.16-11.54Z\" \/>\n      <path class=\"cls-2\" d=\"M52.69,105.38C23.64,105.38,0,81.75,0,52.69S23.64,0,52.69,0s52.69,23.64,52.69,52.69-23.64,52.69-52.69,52.69ZM52.69,23.57c-16.06,0-29.12,13.06-29.12,29.12s13.06,29.12,29.12,29.12,29.12-13.06,29.12-29.12-13.06-29.12-29.12-29.12Z\" \/>\n    <\/g>\n  <\/g>\n<\/svg>\n\t\t\t\t\n\t\t\t\t\n\t\t\t<\/div>\n\n\t\t\t\t\t\t<\/div>\n\t\t\t\t<\/div>\n\t\t\t\t<div class=\"elementor-element elementor-element-7d4184e elementor-widget elementor-widget-image\" data-id=\"7d4184e\" data-element_type=\"widget\" data-e-type=\"widget\" data-settings=\"{&quot;motion_fx_motion_fx_mouse&quot;:&quot;yes&quot;,&quot;motion_fx_mouseTrack_effect&quot;:&quot;yes&quot;,&quot;motion_fx_mouseTrack_speed&quot;:{&quot;unit&quot;:&quot;px&quot;,&quot;size&quot;:0.4,&quot;sizes&quot;:[]}}\" data-widget_type=\"image.default\">\n\t\t\t\t<div class=\"elementor-widget-container\">\n\t\t\t\t\t\t\t\t\t\t\t\t\t\t\t<img loading=\"lazy\" decoding=\"async\" width=\"1\" height=\"1\" src=\"https:\/\/gimnasiolaconsolata.edu.co\/wp-content\/uploads\/2025\/06\/Circle-orange.svg\" class=\"attachment-large size-large wp-image-194\" alt=\"\" \/>\t\t\t\t\t\t\t\t\t\t\t\t\t\t\t<\/div>\n\t\t\t\t<\/div>\n\t\t\t\t<\/div>\n\t\t<div class=\"elementor-element elementor-element-6f4bf43 e-con-full e-flex e-con e-child\" data-id=\"6f4bf43\" data-element_type=\"container\" data-e-type=\"container\">\n\t\t\t\t<div class=\"elementor-element elementor-element-baa46cd elementor-widget elementor-widget-text-editor\" data-id=\"baa46cd\" data-element_type=\"widget\" data-e-type=\"widget\" data-widget_type=\"text-editor.default\">\n\t\t\t\t<div class=\"elementor-widget-container\">\n\t\t\t\t\t\t\t\t\t<p><span style=\"font-weight: 400;\">En el campo de la Educaci\u00f3n, los Misioneros de La Consolata fueron los abanderados y l\u00edderes de los proyectos educativos en los antiguos territorios nacionales. Principalmente lideraron proyectos educativos encomendados por el gobierno nacional en muchas regiones apartadas del pa\u00eds.<\/span><\/p><p><span style=\"font-weight: 400;\">En la educaci\u00f3n formal, fundando y dirigiendo colegios privados su experiencia se remonta al a\u00f1o 1962 cuando fundaron en Bogot\u00e1, el Colegio Parroquial Los Doce Ap\u00f3stoles, hoy llamado COLEGIO BILING\u00dcE JOS\u00c9 ALLAMANO. Un colegio que tiene cerca de 1400 estudiantes y que ya cumple 46 a\u00f1os al servicio de la educaci\u00f3n de juventudes colombianas. Y en la ciudad de Bucaramanga, con m\u00e1s de 30 a\u00f1os, los misioneros cuentan con el COLEGIO BILING\u00dcE LA CONSOLATA, en el Barrio Mutis.<\/span><\/p><p><span style=\"font-weight: 400;\">Toda esta experiencia educativa llev\u00f3 a los Misioneros de La Consolata a replantear su presencia misionera en el Departamento de Caldas, en el cual se encuentran hace m\u00e1s de 60 a\u00f1os. Hoy en d\u00eda cuentan con la administraci\u00f3n espiritual y pastoral del Santuario Nuestra Se\u00f1ora de F\u00e1tima y ten\u00edan un Centro de Animaci\u00f3n Misionera en el antiguo Seminario Menor de la Enea.<\/span><\/p><p><span style=\"font-weight: 400;\">Fruto de un estudio de factibilidad, decidieron fundar el Gimnasio Campestre La Consolata utilizando la sede del antiguo seminario. Para tal efecto, Los Misioneros conformaron una comisi\u00f3n de sacerdotes lideradas por el Laico, exalumno de los Misioneros de La Consolata, Jos\u00e9 Marino Gallego Ram\u00edrez, magister en educaci\u00f3n, quien a la postre ser\u00eda su Rector fundador.<\/span><\/p><p><span style=\"font-weight: 400;\">El 25 de septiembre del mismo a\u00f1o, se present\u00f3 el proyecto educativo a la Secretar\u00eda de Educaci\u00f3n de Manizales y el 2 de octubre de 2007, con la resoluci\u00f3n 1068, la Secretar\u00eda de Educaci\u00f3n Municipal de Manizales le dio la aprobaci\u00f3n oficial al colegio para los niveles de preescolar, b\u00e1sica primaria y primer grado de b\u00e1sica secundaria (6\u00ba grado).<\/span><\/p><p><span style=\"font-weight: 400;\">El 28 de enero de 2008 inici\u00f3 sus labores acad\u00e9micas con 28 estudiantes matriculados para los grados prejard\u00edn, jard\u00edn, transici\u00f3n, 1\u00ba a 6\u00ba.<\/span><\/p><p><span style=\"font-weight: 400;\">El equipo directivo que queda registrado para la historia del Gimnasio Campestre La Consolata, como su primer Consejo Directivo, es el siguiente: P. Salvador Medina, Superior Provincial. P. Edgar G\u00f3mez Salcedo, Administrador Regional. P. Jos\u00e9 Cirer Grisales, Director General del Colegio. P. Fiorenzo S\u00e9veso, Director Administrativo del Colegio. P. Guillermo Narv\u00e1ez, Capell\u00e1n. Mag. Jos\u00e9 Marino Gallego Ram\u00edrez, Rector y fundador. 16 docentes, 4 personas de apoyo administrativo, 7 personas de servicios generales.<\/span><\/p><p><span style=\"font-weight: 400;\">La aprobaci\u00f3n definitiva de su plan de estudios y de su proyecto educativo institucional, fue otorgada por la Secretar\u00eda de Educaci\u00f3n de Manizales, bajo la resoluci\u00f3n 2007 del 12 de diciembre de 2011.<\/span><\/p><p>\u00a0<\/p>\t\t\t\t\t\t\t\t<\/div>\n\t\t\t\t<\/div>\n\t\t\t\t<div class=\"elementor-element elementor-element-3cc3848 e-n-tabs-mobile elementor-widget elementor-widget-n-tabs\" data-id=\"3cc3848\" data-element_type=\"widget\" data-e-type=\"widget\" data-settings=\"{&quot;horizontal_scroll&quot;:&quot;disable&quot;}\" data-widget_type=\"nested-tabs.default\">\n\t\t\t\t<div class=\"elementor-widget-container\">\n\t\t\t\t\t\t\t<div class=\"e-n-tabs\" data-widget-number=\"63715400\" aria-label=\"Pesta\u00f1as. Abre elementos con Intro o Espacio, ci\u00e9rralos con Escape y navega con las fechas.\">\n\t\t\t<div class=\"e-n-tabs-heading\" role=\"tablist\">\n\t\t\t\t\t<button id=\"e-n-tab-title-637154001\" data-tab-title-id=\"e-n-tab-title-637154001\" class=\"e-n-tab-title elementor-animation-grow\" aria-selected=\"true\" data-tab-index=\"1\" role=\"tab\" tabindex=\"0\" aria-controls=\"e-n-tab-content-637154001\" style=\"--n-tabs-title-order: 1;\">\n\t\t\t\t\t\t<span class=\"e-n-tab-title-text\">\n\t\t\t\t2013\t\t\t<\/span>\n\t\t<\/button>\n\t\t\t\t<button id=\"e-n-tab-title-637154002\" data-tab-title-id=\"e-n-tab-title-637154002\" class=\"e-n-tab-title elementor-animation-grow\" aria-selected=\"false\" data-tab-index=\"2\" role=\"tab\" tabindex=\"-1\" aria-controls=\"e-n-tab-content-637154002\" style=\"--n-tabs-title-order: 2;\">\n\t\t\t\t\t\t<span class=\"e-n-tab-title-text\">\n\t\t\t\t2014\t\t\t<\/span>\n\t\t<\/button>\n\t\t\t\t<button id=\"e-n-tab-title-637154003\" data-tab-title-id=\"e-n-tab-title-637154003\" class=\"e-n-tab-title elementor-animation-grow\" aria-selected=\"false\" data-tab-index=\"3\" role=\"tab\" tabindex=\"-1\" aria-controls=\"e-n-tab-content-637154003\" style=\"--n-tabs-title-order: 3;\">\n\t\t\t\t\t\t<span class=\"e-n-tab-title-text\">\n\t\t\t\t2015 - 2017\t\t\t<\/span>\n\t\t<\/button>\n\t\t\t\t<button id=\"e-n-tab-title-637154004\" data-tab-title-id=\"e-n-tab-title-637154004\" class=\"e-n-tab-title elementor-animation-grow\" aria-selected=\"false\" data-tab-index=\"4\" role=\"tab\" tabindex=\"-1\" aria-controls=\"e-n-tab-content-637154004\" style=\"--n-tabs-title-order: 4;\">\n\t\t\t\t\t\t<span class=\"e-n-tab-title-text\">\n\t\t\t\t2018 - 2019\t\t\t<\/span>\n\t\t<\/button>\n\t\t\t\t<button id=\"e-n-tab-title-637154005\" data-tab-title-id=\"e-n-tab-title-637154005\" class=\"e-n-tab-title elementor-animation-grow\" aria-selected=\"false\" data-tab-index=\"5\" role=\"tab\" tabindex=\"-1\" aria-controls=\"e-n-tab-content-637154005\" style=\"--n-tabs-title-order: 5;\">\n\t\t\t\t\t\t<span class=\"e-n-tab-title-text\">\n\t\t\t\t2020\t\t\t<\/span>\n\t\t<\/button>\n\t\t\t\t<button id=\"e-n-tab-title-637154006\" data-tab-title-id=\"e-n-tab-title-637154006\" class=\"e-n-tab-title elementor-animation-grow\" aria-selected=\"false\" data-tab-index=\"6\" role=\"tab\" tabindex=\"-1\" aria-controls=\"e-n-tab-content-637154006\" style=\"--n-tabs-title-order: 6;\">\n\t\t\t\t\t\t<span class=\"e-n-tab-title-text\">\n\t\t\t\t2021\t\t\t<\/span>\n\t\t<\/button>\n\t\t\t\t<button id=\"e-n-tab-title-637154007\" data-tab-title-id=\"e-n-tab-title-637154007\" class=\"e-n-tab-title elementor-animation-grow\" aria-selected=\"false\" data-tab-index=\"7\" role=\"tab\" tabindex=\"-1\" aria-controls=\"e-n-tab-content-637154007\" style=\"--n-tabs-title-order: 7;\">\n\t\t\t\t\t\t<span class=\"e-n-tab-title-text\">\n\t\t\t\t2022\t\t\t<\/span>\n\t\t<\/button>\n\t\t\t\t<button id=\"e-n-tab-title-637154008\" data-tab-title-id=\"e-n-tab-title-637154008\" class=\"e-n-tab-title elementor-animation-grow\" aria-selected=\"false\" data-tab-index=\"8\" role=\"tab\" tabindex=\"-1\" aria-controls=\"e-n-tab-content-637154008\" style=\"--n-tabs-title-order: 8;\">\n\t\t\t\t\t\t<span class=\"e-n-tab-title-text\">\n\t\t\t\t2023\t\t\t<\/span>\n\t\t<\/button>\n\t\t\t\t<button id=\"e-n-tab-title-637154009\" data-tab-title-id=\"e-n-tab-title-637154009\" class=\"e-n-tab-title elementor-animation-grow\" aria-selected=\"false\" data-tab-index=\"9\" role=\"tab\" tabindex=\"-1\" aria-controls=\"e-n-tab-content-637154009\" style=\"--n-tabs-title-order: 9;\">\n\t\t\t\t\t\t<span class=\"e-n-tab-title-text\">\n\t\t\t\t2024\t\t\t<\/span>\n\t\t<\/button>\n\t\t\t\t<button id=\"e-n-tab-title-6371540010\" data-tab-title-id=\"e-n-tab-title-6371540010\" class=\"e-n-tab-title elementor-animation-grow\" aria-selected=\"false\" data-tab-index=\"10\" role=\"tab\" tabindex=\"-1\" aria-controls=\"e-n-tab-content-6371540010\" style=\"--n-tabs-title-order: 10;\">\n\t\t\t\t\t\t<span class=\"e-n-tab-title-text\">\n\t\t\t\t2025\t\t\t<\/span>\n\t\t<\/button>\n\t\t\t\t\t<\/div>\n\t\t\t<div class=\"e-n-tabs-content\">\n\t\t\t\t<div id=\"e-n-tab-content-637154001\" role=\"tabpanel\" aria-labelledby=\"e-n-tab-title-637154001\" data-tab-index=\"1\" style=\"--n-tabs-title-order: 1;\" class=\"e-active elementor-element elementor-element-9dde22c e-con-full e-flex e-con e-child\" data-id=\"9dde22c\" data-element_type=\"container\" data-e-type=\"container\">\n\t\t\t\t<div class=\"elementor-element elementor-element-fe22e4d elementor-widget elementor-widget-text-editor\" data-id=\"fe22e4d\" data-element_type=\"widget\" data-e-type=\"widget\" data-widget_type=\"text-editor.default\">\n\t\t\t\t<div class=\"elementor-widget-container\">\n\t\t\t\t\t\t\t\t\t<p><span style=\"font-size: 1rem;\">Para inicios de 2013, ya se cuenta con un proyecto consolidado en sus dimensiones administrativa, acad\u00e9mica y formativa. Se lleg\u00f3 a la meta de los 500 estudiantes. Y se contin\u00faa bajo el liderazgo de su Rector Fundador, Jos\u00e9 Marino Gallego Ram\u00edrez y del Director Administrativo, el P. Adalberto L\u00f3pez Buritic\u00e1, Misionero de La Consolata.<\/span><\/p>\t\t\t\t\t\t\t\t<\/div>\n\t\t\t\t<\/div>\n\t\t\t\t<\/div>\n\t\t<div id=\"e-n-tab-content-637154002\" role=\"tabpanel\" aria-labelledby=\"e-n-tab-title-637154002\" data-tab-index=\"2\" style=\"--n-tabs-title-order: 2;\" class=\"elementor-element elementor-element-5d6315f e-con-full e-flex e-con e-child\" data-id=\"5d6315f\" data-element_type=\"container\" data-e-type=\"container\">\n\t\t\t\t<div class=\"elementor-element elementor-element-cb3cd6a elementor-widget elementor-widget-text-editor\" data-id=\"cb3cd6a\" data-element_type=\"widget\" data-e-type=\"widget\" data-widget_type=\"text-editor.default\">\n\t\t\t\t<div class=\"elementor-widget-container\">\n\t\t\t\t\t\t\t\t\t<p><span style=\"font-size: 1rem;\">El a\u00f1o 2014 marca un hito importante en la historia de nuestro colegio, ya que ese a\u00f1o se consolida el proyecto acad\u00e9mico con varios logros, entre los m\u00e1s significativos el colegio se posiciona en la CATEGOR\u00cdA A+ de las pruebas saber y es el mejor colegio de la ciudad de Manizales en calendario A en las pruebas de biling\u00fcismo en Ingl\u00e9s.<\/span><\/p>\t\t\t\t\t\t\t\t<\/div>\n\t\t\t\t<\/div>\n\t\t\t\t<\/div>\n\t\t<div id=\"e-n-tab-content-637154003\" role=\"tabpanel\" aria-labelledby=\"e-n-tab-title-637154003\" data-tab-index=\"3\" style=\"--n-tabs-title-order: 3;\" class=\"elementor-element elementor-element-d73a882 e-con-full e-flex e-con e-child\" data-id=\"d73a882\" data-element_type=\"container\" data-e-type=\"container\">\n\t\t\t\t<div class=\"elementor-element elementor-element-d35fa10 elementor-widget elementor-widget-text-editor\" data-id=\"d35fa10\" data-element_type=\"widget\" data-e-type=\"widget\" data-widget_type=\"text-editor.default\">\n\t\t\t\t<div class=\"elementor-widget-container\">\n\t\t\t\t\t\t\t\t\t<p><span style=\"font-size: 1rem;\">Entre los a\u00f1os 2015 y 2017 se consolida nuestro proyecto educativo y seguimos un proceso de posicionamiento muy importante, no solo en la ciudad de Manizales, sino en toda la regi\u00f3n del eje cafetero. Durante este lapso de tiempo, graduamos las promociones tercera, cuarta y quinta, aportando as\u00ed m\u00e1s de cien egresados que salen con un proyecto de vida muy claro como nuevos agentes de cambio para nuestra sociedad.<\/span><\/p>\t\t\t\t\t\t\t\t<\/div>\n\t\t\t\t<\/div>\n\t\t\t\t<\/div>\n\t\t<div id=\"e-n-tab-content-637154004\" role=\"tabpanel\" aria-labelledby=\"e-n-tab-title-637154004\" data-tab-index=\"4\" style=\"--n-tabs-title-order: 4;\" class=\"elementor-element elementor-element-d403ce4 e-flex e-con-boxed e-con e-child\" data-id=\"d403ce4\" data-element_type=\"container\" data-e-type=\"container\">\n\t\t\t\t\t<div class=\"e-con-inner\">\n\t\t\t\t<div class=\"elementor-element elementor-element-48a6e62 elementor-widget elementor-widget-text-editor\" data-id=\"48a6e62\" data-element_type=\"widget\" data-e-type=\"widget\" data-widget_type=\"text-editor.default\">\n\t\t\t\t<div class=\"elementor-widget-container\">\n\t\t\t\t\t\t\t\t\t<p><span style=\"font-size: 1rem;\">Entre los a\u00f1os 2018 y 2019, pasamos a un periodo de reflexi\u00f3n fuerte para generar una de las transformaciones m\u00e1s radicales en nuestro proyecto educativo. Fruto de dichas reflexiones adoptamos el modelo pedag\u00f3gico de ESCUELA INTELIGENTE; para el escenario formativo y en alianza con la Fundaci\u00f3n para la Reconciliaci\u00f3n, adoptamos el modelo de PEDAGOG\u00cdA DEL CUIDADO Y DE LA RECONCILIACI\u00d3N y, en el escenario biling\u00fce, realizamos una alianza estrat\u00e9gica con RICHMOND y nos proponemos la certificaci\u00f3n como colegio biling\u00fce nacional.<\/span><\/p>\t\t\t\t\t\t\t\t<\/div>\n\t\t\t\t<\/div>\n\t\t\t\t\t<\/div>\n\t\t\t\t<\/div>\n\t\t<div id=\"e-n-tab-content-637154005\" role=\"tabpanel\" aria-labelledby=\"e-n-tab-title-637154005\" data-tab-index=\"5\" style=\"--n-tabs-title-order: 5;\" class=\"elementor-element elementor-element-cfa3132 e-flex e-con-boxed e-con e-child\" data-id=\"cfa3132\" data-element_type=\"container\" data-e-type=\"container\">\n\t\t\t\t\t<div class=\"e-con-inner\">\n\t\t\t\t<div class=\"elementor-element elementor-element-90b945f elementor-widget elementor-widget-text-editor\" data-id=\"90b945f\" data-element_type=\"widget\" data-e-type=\"widget\" data-widget_type=\"text-editor.default\">\n\t\t\t\t<div class=\"elementor-widget-container\">\n\t\t\t\t\t\t\t\t\t<p><span style=\"font-size: 1rem;\">El a\u00f1o 2020 lo iniciamos con los retos enormes de mantener los excelentes resultados acad\u00e9micos y formativos del a\u00f1o 2019. A nivel local logramos ubicarnos en el cuarto puesto de la ciudad de Manizales en resultados SABER 11 y en el ranking nacional en el puesto 493 sobre un universo de 13.200 colegios evaluados.<\/span><\/p>\t\t\t\t\t\t\t\t<\/div>\n\t\t\t\t<\/div>\n\t\t\t\t\t<\/div>\n\t\t\t\t<\/div>\n\t\t<div id=\"e-n-tab-content-637154006\" role=\"tabpanel\" aria-labelledby=\"e-n-tab-title-637154006\" data-tab-index=\"6\" style=\"--n-tabs-title-order: 6;\" class=\"elementor-element elementor-element-058dfc1 e-flex e-con-boxed e-con e-child\" data-id=\"058dfc1\" data-element_type=\"container\" data-e-type=\"container\">\n\t\t\t\t\t<div class=\"e-con-inner\">\n\t\t\t\t<div class=\"elementor-element elementor-element-118b164 elementor-widget elementor-widget-text-editor\" data-id=\"118b164\" data-element_type=\"widget\" data-e-type=\"widget\" data-widget_type=\"text-editor.default\">\n\t\t\t\t<div class=\"elementor-widget-container\">\n\t\t\t\t\t\t\t\t\t<p><span style=\"font-size: 1rem;\">Transcurrido el a\u00f1o 2021, ya reiniciada nuestras labores despu\u00e9s de 17 meses cr\u00edticos debido a la pandemia COVID 19, hemos continuado con toda la esperanza de poder brindando un proyecto educativo siempre basado en la calidad humana, acad\u00e9mica\u00a0 administrativa. Contamos con 568 estudiantes, hemos consolidado nuestro proyecto acad\u00e9micos logrando el puesto 455 en las pruebas saber a nivel nacional, el puesto 139 en Ingl\u00e9s sobre 12.500 colegios de todo el pa\u00eds. Hemos logrado sobrevivir a la crisis econ\u00f3mica y financiera que azot\u00f3 a las familias manizale\u00f1as y as\u00ed, gracias a una excelente gesti\u00f3n de los recursos, seguir apoyando la actividad pastoral, formativa y misionera de la Comunidad, haciendo los aportes mensuales, colaborando con el sostenimiento de la Casa San Jos\u00e9 de los padres ancianos en el Santuario de F\u00e1tima.<\/span><\/p><p><span style=\"font-weight: 400;\">Los grandes retos que enfrentamos y que nos dejaron esta terrible pandemia, son: Consolidar nuestro proyecto de PEDAGOG\u00cdA DE LA CONVIVENCIA como la alternativa emocional, psicol\u00f3gica y espiritual para ayudar a salir a nuestra comunidad formativa de todas las secuelas que dejaron 17 meses de confinamiento y aislamiento social. Igualmente tenemos un reto enorme de renovarnos curricularmente para adecuar nuestra dimensi\u00f3n acad\u00e9mica a la educaci\u00f3n post pandemia m\u00e1s marcada por competencias y habilidades para el siglo XXI que solo conocimientos y saberes academicistas.<\/span><\/p>\t\t\t\t\t\t\t\t<\/div>\n\t\t\t\t<\/div>\n\t\t\t\t\t<\/div>\n\t\t\t\t<\/div>\n\t\t<div id=\"e-n-tab-content-637154007\" role=\"tabpanel\" aria-labelledby=\"e-n-tab-title-637154007\" data-tab-index=\"7\" style=\"--n-tabs-title-order: 7;\" class=\"elementor-element elementor-element-6b7a961 e-flex e-con-boxed e-con e-child\" data-id=\"6b7a961\" data-element_type=\"container\" data-e-type=\"container\">\n\t\t\t\t\t<div class=\"e-con-inner\">\n\t\t\t\t<div class=\"elementor-element elementor-element-0e5e2f6 elementor-widget elementor-widget-text-editor\" data-id=\"0e5e2f6\" data-element_type=\"widget\" data-e-type=\"widget\" data-widget_type=\"text-editor.default\">\n\t\t\t\t<div class=\"elementor-widget-container\">\n\t\t\t\t\t\t\t\t\t<p><span style=\"font-size: 1rem;\">En el a\u00f1o 2022 celebramos los 15 a\u00f1os de fundaci\u00f3n, ocasi\u00f3n preciosa y llena de esperanza para hacer una relanzamiento de nuestra nueva imagen corporativa, nuevo uniforme, nuevos procesos curriculares, un nuevo proyecto en preescolar llamado BAMBINO CONSOLATA y visionar una sede nueva para pasar all\u00ed bachillerato, en la sede de bachillerato tener la primaria y en la actual sede de primaria, antigua casa de los padres, hacer las adecuaciones para una buena biblioteca, laboratorios y espacios culturales. Entre los logros m\u00e1s significativos con los cuales cerramos estos 15 a\u00f1os son los siguientes:<\/span><\/p><p><span style=\"font-weight: 400;\">Graduamos con la d\u00e9cima promoci\u00f3n 55 bachilleres, con los cuales sumamos 358 egresados en nuestra corta historia. Y como logro importante, la d\u00e9cima promoci\u00f3n, graduada este a\u00f1o, logr\u00f3 el mayor puntaje en la PRUEBAS SABER con un promedio de 326 puntos, superando en 14 puntos el promedio del a\u00f1o 2021.<\/span><\/p>\t\t\t\t\t\t\t\t<\/div>\n\t\t\t\t<\/div>\n\t\t\t\t\t<\/div>\n\t\t\t\t<\/div>\n\t\t<div id=\"e-n-tab-content-637154008\" role=\"tabpanel\" aria-labelledby=\"e-n-tab-title-637154008\" data-tab-index=\"8\" style=\"--n-tabs-title-order: 8;\" class=\"elementor-element elementor-element-fdf02e3 e-flex e-con-boxed e-con e-child\" data-id=\"fdf02e3\" data-element_type=\"container\" data-e-type=\"container\">\n\t\t\t\t\t<div class=\"e-con-inner\">\n\t\t\t\t<div class=\"elementor-element elementor-element-bf0c33f elementor-widget elementor-widget-text-editor\" data-id=\"bf0c33f\" data-element_type=\"widget\" data-e-type=\"widget\" data-widget_type=\"text-editor.default\">\n\t\t\t\t<div class=\"elementor-widget-container\">\n\t\t\t\t\t\t\t\t\t<p><span style=\"font-size: 1rem;\">El a\u00f1o 2023, gracias a Dios y a Mar\u00eda Consolata, tambi\u00e9n fue maravilloso y lleno de frutos. Con la llegada el 3 de febrero del nuevo Director Administrativo, el laico Misionero de la Consolata Pedro E. Cort\u00e9s S\u00e1nchez, se consolidan aun m\u00e1s todos los procesos administrativos, financieros y contables que sirven de soporte a las gestiones formativa y acad\u00e9mica, siguiendo as\u00ed un proceso de consolidaci\u00f3n constante Unido a este maravilloso evento administrativo, cerramos el a\u00f1o con dos logros fundamentales: el 30 de noviembre la Secretar\u00eda de Educaci\u00f3n a trav\u00e9s de la Resoluci\u00f3n 0955 nos otorga la LICENCIA Y CERTIFICACI\u00d3N COMO COLEGIO BILING\u00dcE NACIONAL, siendo el primer colegio Calendario A de Manizales en recibir este gran reconocimiento a nuestra labor biling\u00fce. Igualmente, nuestra D\u00c9CIMO PRIMERA PROMOCI\u00d3N, con 49 estudiantes graduados, logran superar el ranking interno en la PRUEBAS SABER, pasando de los 326 puntos del a\u00f1o 2022 a los 330, ubic\u00e1ndonos as\u00ed como el tercer mejor colegio de Caldas y en un honroso puesto 209 entre los colegios privados calendario A de todo el pa\u00eds.<\/span><\/p>\t\t\t\t\t\t\t\t<\/div>\n\t\t\t\t<\/div>\n\t\t\t\t\t<\/div>\n\t\t\t\t<\/div>\n\t\t<div id=\"e-n-tab-content-637154009\" role=\"tabpanel\" aria-labelledby=\"e-n-tab-title-637154009\" data-tab-index=\"9\" style=\"--n-tabs-title-order: 9;\" class=\"elementor-element elementor-element-b7fb729 e-flex e-con-boxed e-con e-child\" data-id=\"b7fb729\" data-element_type=\"container\" data-e-type=\"container\">\n\t\t\t\t\t<div class=\"e-con-inner\">\n\t\t\t\t<div class=\"elementor-element elementor-element-6d90823 elementor-widget elementor-widget-text-editor\" data-id=\"6d90823\" data-element_type=\"widget\" data-e-type=\"widget\" data-widget_type=\"text-editor.default\">\n\t\t\t\t<div class=\"elementor-widget-container\">\n\t\t\t\t\t\t\t\t\t<p><span style=\"font-size: 1rem;\">El a\u00f1o 2024 lo iniciamos con todas las mejores expectativas y deseos de seguir consolidando un proyecto visionario, \u00edntegro, de vanguardia y de excelencia humana, acad\u00e9mica y administrativa. En nuestro proceso de desarrollo bajo el plan maestro de infraestructura, inauguramos la nueva sede para nuestro Preescolar, llamada BAMBINOS CONSOLATA, y en el transcurso del primer trimestre, terminaremos las adecuaciones para el nuevo edificio de Bachillerato garantizando as\u00ed que cada secci\u00f3n tenga su propia planta f\u00edsica, su identidad y su posibilidad de desarrollar su modelo pedag\u00f3gico de una manera m\u00e1s aut\u00f3noma e independiente. Igualmente hemos mejorado todas las oficinas de atenci\u00f3n a familias, estudiantes y visitantes para la \u00f3ptima gesti\u00f3n del Equipo de Desarrollo Humano, concentrando en un solo pabell\u00f3n las oficinas para las tres psic\u00f3logas, capellan\u00eda, proyecci\u00f3n comunitaria desde las actividades extracurriculares, sistema de seguridad laboral y gesti\u00f3n del talento humano.<\/span><\/p><p><span style=\"font-weight: 400;\">Los logros m\u00e1s significativos durante el 2024 son: INICIAR CON LA CERTIFICACI\u00d3N COMO COLEGIO BILING\u00dcE NACIONAL bajo la resoluci\u00f3n 955 del 29 de noviembre del 2023, lo que nos posiciona como el \u00fanico colegio biling\u00fce CALENDARIO A de la ciudad de Manizales.<\/span><\/p><p><span style=\"font-weight: 400;\">Nuestra D\u00c9CIMO SEGUNDA PROMOCI\u00d3N, con un promedio de 335 puntos en las PRUEBAS SABER nos dej\u00f3 ubicados en el Primer Puesto de Caldas entre los colegios de calendario A y en el puesto 189 a nivel nacional, calendario A.<\/span><\/p>\t\t\t\t\t\t\t\t<\/div>\n\t\t\t\t<\/div>\n\t\t\t\t\t<\/div>\n\t\t\t\t<\/div>\n\t\t<div id=\"e-n-tab-content-6371540010\" role=\"tabpanel\" aria-labelledby=\"e-n-tab-title-6371540010\" data-tab-index=\"10\" style=\"--n-tabs-title-order: 10;\" class=\"elementor-element elementor-element-32346c9 e-flex e-con-boxed e-con e-child\" data-id=\"32346c9\" data-element_type=\"container\" data-e-type=\"container\">\n\t\t\t\t\t<div class=\"e-con-inner\">\n\t\t\t\t<div class=\"elementor-element elementor-element-27bbd18 elementor-widget elementor-widget-text-editor\" data-id=\"27bbd18\" data-element_type=\"widget\" data-e-type=\"widget\" data-widget_type=\"text-editor.default\">\n\t\t\t\t<div class=\"elementor-widget-container\">\n\t\t\t\t\t\t\t\t\t<p><span style=\"font-size: 1rem;\">El a\u00f1o 2025, se nos presenta con un nuevo reto y es el de iniciar UN NUEVO PLAN ESTRAT\u00c9GICO 2025 \u2013 2029, el cual los podremos consultar en nuestra p\u00e1gina web.\u00a0<\/span><\/p><p><span style=\"font-weight: 400;\">Otro hito importante es que para este a\u00f1o, iniciamos con la primera cohorte del DUAL DIPLOMA con el aval de ADVANTAGE SCHOOL INTERNATIONAL, una instituci\u00f3n norteamericana con la cual hicimos la alianza estrat\u00e9gica para graduar bachilleres con doble titulaci\u00f3n: T\u00edtulo otorgado por el Ministerio de Educaci\u00f3n Nacional y t\u00edtulo otorgado por el gobierno norteamericano, lo que facultar\u00e1 a nuestros egresados para ingresar directamente a universidades de Norte Am\u00e9rica, Europa y Australia.<\/span><\/p>\t\t\t\t\t\t\t\t<\/div>\n\t\t\t\t<\/div>\n\t\t\t\t\t<\/div>\n\t\t\t\t<\/div>\n\t\t\t\t\t<\/div>\n\t\t<\/div>\n\t\t\t\t\t\t<\/div>\n\t\t\t\t<\/div>\n\t\t\t\t<\/div>\n\t\t<div class=\"elementor-element elementor-element-158b4a5 e-con-full e-flex e-con e-child\" data-id=\"158b4a5\" data-element_type=\"container\" data-e-type=\"container\">\n\t\t\t\t<div class=\"elementor-element elementor-element-8bf2f24 premium-svg-animated-yes elementor-widget elementor-widget-premium-svg-drawer\" data-id=\"8bf2f24\" data-element_type=\"widget\" data-e-type=\"widget\" data-settings=\"{&quot;scroll_action&quot;:&quot;automatic&quot;,&quot;loop&quot;:&quot;true&quot;,&quot;yoyo&quot;:&quot;yes&quot;,&quot;animate_trigger&quot;:&quot;custom&quot;,&quot;animate_offset&quot;:{&quot;unit&quot;:&quot;%&quot;,&quot;size&quot;:100,&quot;sizes&quot;:[]},&quot;svg_fill&quot;:&quot;yes&quot;,&quot;svg_color&quot;:&quot;#009AD8&quot;,&quot;svg_fill_speed&quot;:{&quot;unit&quot;:&quot;px&quot;,&quot;size&quot;:0.1,&quot;sizes&quot;:[]},&quot;animate_start_point&quot;:{&quot;unit&quot;:&quot;%&quot;,&quot;size&quot;:0,&quot;sizes&quot;:[]},&quot;frames&quot;:5}\" data-widget_type=\"premium-svg-drawer.default\">\n\t\t\t\t<div class=\"elementor-widget-container\">\n\t\t\t\t\t\n\t\t\t<div class=\"premium-svg-draw elementor-invisible\">\n\n\t\t\t\t\n\t\t\t\t\n\t\t\t\t\t\n<svg id=\"Layer_2\" xmlns=\"http:\/\/www.w3.org\/2000\/svg\" viewbox=\"0 0 82.99 83.01\">\n  <defs>\n    \n      .cls-1 {\n        fill: ;\n        stroke-width: 0px;\n      }\n    \n  <\/defs>\n  <g id=\"Capa_1\">\n    <path class=\"cls-1\" d=\"M0,72.94C.55,36.34,28.47,5.16,64.95.45c2.83-.36,5.71-.36,8.57-.45,5.49-.17,9.27,3.11,9.47,8.15.2,5.23-3.33,8.94-8.98,9.09-11.37.3-21.93,3.2-31.32,9.7-15.45,10.7-23.91,25.45-25.14,44.26-.07,1.03-.15,2.05-.28,3.07-.72,5.69-4.2,9.01-9.07,8.71C3.27,82.68-.08,78.56,0,72.94Z\" \/>\n  <\/g>\n<\/svg>\n\t\t\t\t\n\t\t\t\t\n\t\t\t<\/div>\n\n\t\t\t\t\t\t<\/div>\n\t\t\t\t<\/div>\n\t\t\t\t<div class=\"elementor-element elementor-element-0850132 elementor-widget elementor-widget-image\" data-id=\"0850132\" data-element_type=\"widget\" data-e-type=\"widget\" data-settings=\"{&quot;motion_fx_motion_fx_mouse&quot;:&quot;yes&quot;,&quot;motion_fx_mouseTrack_effect&quot;:&quot;yes&quot;,&quot;motion_fx_mouseTrack_speed&quot;:{&quot;unit&quot;:&quot;px&quot;,&quot;size&quot;:0.4,&quot;sizes&quot;:[]}}\" data-widget_type=\"image.default\">\n\t\t\t\t<div class=\"elementor-widget-container\">\n\t\t\t\t\t\t\t\t\t\t\t\t\t\t\t<img decoding=\"async\" width=\"1\" height=\"1\" src=\"https:\/\/gimnasiolaconsolata.edu.co\/wp-content\/uploads\/2025\/06\/Loop.svg\" class=\"attachment-large size-large wp-image-279\" alt=\"\" \/>\t\t\t\t\t\t\t\t\t\t\t\t\t\t\t<\/div>\n\t\t\t\t<\/div>\n\t\t\t\t<div class=\"elementor-element elementor-element-86dea80 elementor-widget elementor-widget-image\" data-id=\"86dea80\" data-element_type=\"widget\" data-e-type=\"widget\" data-widget_type=\"image.default\">\n\t\t\t\t<div class=\"elementor-widget-container\">\n\t\t\t\t\t\t\t\t\t\t\t\t\t\t\t<img decoding=\"async\" width=\"1\" height=\"1\" src=\"https:\/\/gimnasiolaconsolata.edu.co\/wp-content\/uploads\/2025\/06\/Pen.svg\" class=\"attachment-large size-large wp-image-232\" alt=\"\" \/>\t\t\t\t\t\t\t\t\t\t\t\t\t\t\t<\/div>\n\t\t\t\t<\/div>\n\t\t\t\t<\/div>\n\t\t\t\t<\/div>\n\t\t\t\t<\/div>","protected":false},"excerpt":{"rendered":"<p>Historia Acerca de nosotros La historia del\u00a0GIMNASIO CAMPESTRE LA CONSOLATA BILING\u00dcE NACIONAL\u00a0est\u00e1 muy ligada a la historia en Colombia de los Misioneros de La Consolata. A Colombia llegaron el 12 de diciembre de 1947. Hace 60 a\u00f1os. Desde ese a\u00f1o empezaron un proceso de evangelizaci\u00f3n que los ha llevado a tener una presencia misionera integral [&hellip;]<\/p>\n","protected":false},"author":2,"featured_media":0,"parent":16,"menu_order":0,"comment_status":"closed","ping_status":"closed","template":"","meta":{"_acf_changed":false,"_joinchat":[],"footnotes":""},"class_list":["post-400","page","type-page","status-publish","hentry"],"acf":[],"aioseo_notices":[],"aioseo_head":"\n\t\t<!-- All in One SEO 5.0.1.1 - aioseo.com -->\n\t<meta name=\"description\" content=\"Historia Acerca de nosotros .cls-1 { fill: } .cls-1, .cls-2 { stroke-width: 0px; } .cls-2 { fill: ; } La historia del GIMNASIO CAMPESTRE LA CONSOLATA BILING\u00dcE NACIONAL est\u00e1 muy ligada a la historia en Colombia de los Misioneros de La Consolata.A Colombia llegaron el 12 de diciembre de 1947. Hace 60 a\u00f1os. Desde ese a\u00f1o empezaron\" \/>\n\t<meta name=\"robots\" content=\"max-image-preview:large\" \/>\n\t<link rel=\"canonical\" href=\"https:\/\/gimnasiolaconsolata.edu.co\/en\/institucional\/historia\/\" \/>\n\t<meta name=\"generator\" content=\"All in One SEO (AIOSEO) 5.0.1.1\" \/>\n\t\t<meta property=\"og:locale\" content=\"en_US\" \/>\n\t\t<meta property=\"og:site_name\" content=\"Gimnasio la consolata -\" \/>\n\t\t<meta property=\"og:type\" content=\"article\" \/>\n\t\t<meta property=\"og:title\" content=\"Historia - Gimnasio la consolata\" \/>\n\t\t<meta property=\"og:description\" content=\"Historia Acerca de nosotros .cls-1 { fill: } .cls-1, .cls-2 { stroke-width: 0px; } .cls-2 { fill: ; } La historia del GIMNASIO CAMPESTRE LA CONSOLATA BILING\u00dcE NACIONAL est\u00e1 muy ligada a la historia en Colombia de los Misioneros de La Consolata.A Colombia llegaron el 12 de diciembre de 1947. Hace 60 a\u00f1os. Desde ese a\u00f1o empezaron\" \/>\n\t\t<meta property=\"og:url\" content=\"https:\/\/gimnasiolaconsolata.edu.co\/en\/institucional\/historia\/\" \/>\n\t\t<meta property=\"og:image\" content=\"https:\/\/gimnasiolaconsolata.edu.co\/wp-content\/uploads\/2025\/06\/Logo.svg\" \/>\n\t\t<meta property=\"og:image:secure_url\" content=\"https:\/\/gimnasiolaconsolata.edu.co\/wp-content\/uploads\/2025\/06\/Logo.svg\" \/>\n\t\t<meta property=\"article:published_time\" content=\"2025-06-27T14:48:29+00:00\" \/>\n\t\t<meta property=\"article:modified_time\" content=\"2025-08-13T16:09:54+00:00\" \/>\n\t\t<meta name=\"twitter:card\" content=\"summary_large_image\" \/>\n\t\t<meta name=\"twitter:title\" content=\"Historia - Gimnasio la consolata\" \/>\n\t\t<meta name=\"twitter:description\" content=\"Historia Acerca de nosotros .cls-1 { fill: } .cls-1, .cls-2 { stroke-width: 0px; } .cls-2 { fill: ; } La historia del GIMNASIO CAMPESTRE LA CONSOLATA BILING\u00dcE NACIONAL est\u00e1 muy ligada a la historia en Colombia de los Misioneros de La Consolata.A Colombia llegaron el 12 de diciembre de 1947. Hace 60 a\u00f1os. Desde ese a\u00f1o empezaron\" \/>\n\t\t<meta name=\"twitter:image\" content=\"https:\/\/gimnasiolaconsolata.edu.co\/wp-content\/uploads\/2025\/06\/Logo.svg\" \/>\n\t\t<script type=\"application\/ld+json\" class=\"aioseo-schema\">\n\t\t\t{\"@context\":\"https:\\\/\\\/schema.org\",\"@graph\":[{\"@type\":\"BreadcrumbList\",\"@id\":\"https:\\\/\\\/gimnasiolaconsolata.edu.co\\\/en\\\/institucional\\\/historia\\\/#breadcrumblist\",\"itemListElement\":[{\"@type\":\"ListItem\",\"@id\":\"https:\\\/\\\/gimnasiolaconsolata.edu.co\\\/en#listItem\",\"position\":1,\"name\":\"Home\",\"item\":\"https:\\\/\\\/gimnasiolaconsolata.edu.co\\\/en\",\"nextItem\":{\"@type\":\"ListItem\",\"@id\":\"https:\\\/\\\/gimnasiolaconsolata.edu.co\\\/en\\\/institucional\\\/#listItem\",\"name\":\"Institucional\"}},{\"@type\":\"ListItem\",\"@id\":\"https:\\\/\\\/gimnasiolaconsolata.edu.co\\\/en\\\/institucional\\\/#listItem\",\"position\":2,\"name\":\"Institucional\",\"item\":\"https:\\\/\\\/gimnasiolaconsolata.edu.co\\\/en\\\/institucional\\\/\",\"nextItem\":{\"@type\":\"ListItem\",\"@id\":\"https:\\\/\\\/gimnasiolaconsolata.edu.co\\\/en\\\/institucional\\\/historia\\\/#listItem\",\"name\":\"Historia\"},\"previousItem\":{\"@type\":\"ListItem\",\"@id\":\"https:\\\/\\\/gimnasiolaconsolata.edu.co\\\/en#listItem\",\"name\":\"Home\"}},{\"@type\":\"ListItem\",\"@id\":\"https:\\\/\\\/gimnasiolaconsolata.edu.co\\\/en\\\/institucional\\\/historia\\\/#listItem\",\"position\":3,\"name\":\"Historia\",\"previousItem\":{\"@type\":\"ListItem\",\"@id\":\"https:\\\/\\\/gimnasiolaconsolata.edu.co\\\/en\\\/institucional\\\/#listItem\",\"name\":\"Institucional\"}}]},{\"@type\":\"Organization\",\"@id\":\"https:\\\/\\\/gimnasiolaconsolata.edu.co\\\/en\\\/#organization\",\"name\":\"Gimnasio la consolata\",\"url\":\"https:\\\/\\\/gimnasiolaconsolata.edu.co\\\/en\\\/\",\"logo\":{\"@type\":\"ImageObject\",\"url\":\"https:\\\/\\\/gimnasiolaconsolata.edu.co\\\/wp-content\\\/uploads\\\/2025\\\/06\\\/logo.svg\",\"@id\":\"https:\\\/\\\/gimnasiolaconsolata.edu.co\\\/en\\\/institucional\\\/historia\\\/#organizationLogo\"},\"image\":{\"@id\":\"https:\\\/\\\/gimnasiolaconsolata.edu.co\\\/en\\\/institucional\\\/historia\\\/#organizationLogo\"}},{\"@type\":\"WebPage\",\"@id\":\"https:\\\/\\\/gimnasiolaconsolata.edu.co\\\/en\\\/institucional\\\/historia\\\/#webpage\",\"url\":\"https:\\\/\\\/gimnasiolaconsolata.edu.co\\\/en\\\/institucional\\\/historia\\\/\",\"name\":\"Historia - Gimnasio la consolata\",\"description\":\"Historia Acerca de nosotros .cls-1 { fill: } .cls-1, .cls-2 { stroke-width: 0px; } .cls-2 { fill: ; } La historia del GIMNASIO CAMPESTRE LA CONSOLATA BILING\\u00dcE NACIONAL est\\u00e1 muy ligada a la historia en Colombia de los Misioneros de La Consolata.A Colombia llegaron el 12 de diciembre de 1947. Hace 60 a\\u00f1os. Desde ese a\\u00f1o empezaron\",\"inLanguage\":\"en-US\",\"isPartOf\":{\"@id\":\"https:\\\/\\\/gimnasiolaconsolata.edu.co\\\/en\\\/#website\"},\"breadcrumb\":{\"@id\":\"https:\\\/\\\/gimnasiolaconsolata.edu.co\\\/en\\\/institucional\\\/historia\\\/#breadcrumblist\"},\"datePublished\":\"2025-06-27T14:48:29+00:00\",\"dateModified\":\"2025-08-13T16:09:54+00:00\"},{\"@type\":\"WebSite\",\"@id\":\"https:\\\/\\\/gimnasiolaconsolata.edu.co\\\/en\\\/#website\",\"url\":\"https:\\\/\\\/gimnasiolaconsolata.edu.co\\\/en\\\/\",\"name\":\"Gimnasio la consolata\",\"inLanguage\":\"en-US\",\"publisher\":{\"@id\":\"https:\\\/\\\/gimnasiolaconsolata.edu.co\\\/en\\\/#organization\"}}]}\n\t\t<\/script>\n\t\t<!-- All in One SEO -->\n\n","aioseo_head_json":{"title":"Historia - Gimnasio la consolata","description":"Historia Acerca de nosotros .cls-1 { fill: } .cls-1, .cls-2 { stroke-width: 0px; } .cls-2 { fill: ; } La historia del GIMNASIO CAMPESTRE LA CONSOLATA BILING\u00dcE NACIONAL est\u00e1 muy ligada a la historia en Colombia de los Misioneros de La Consolata.A Colombia llegaron el 12 de diciembre de 1947. Hace 60 a\u00f1os. Desde ese a\u00f1o empezaron","canonical_url":"https:\/\/gimnasiolaconsolata.edu.co\/en\/institucional\/historia\/","robots":"max-image-preview:large","keywords":"","webmasterTools":{"miscellaneous":""},"schema":{"@context":"https:\/\/schema.org","@graph":[{"@type":"BreadcrumbList","@id":"https:\/\/gimnasiolaconsolata.edu.co\/en\/institucional\/historia\/#breadcrumblist","itemListElement":[{"@type":"ListItem","@id":"https:\/\/gimnasiolaconsolata.edu.co\/en#listItem","position":1,"name":"Home","item":"https:\/\/gimnasiolaconsolata.edu.co\/en","nextItem":{"@type":"ListItem","@id":"https:\/\/gimnasiolaconsolata.edu.co\/en\/institucional\/#listItem","name":"Institucional"}},{"@type":"ListItem","@id":"https:\/\/gimnasiolaconsolata.edu.co\/en\/institucional\/#listItem","position":2,"name":"Institucional","item":"https:\/\/gimnasiolaconsolata.edu.co\/en\/institucional\/","nextItem":{"@type":"ListItem","@id":"https:\/\/gimnasiolaconsolata.edu.co\/en\/institucional\/historia\/#listItem","name":"Historia"},"previousItem":{"@type":"ListItem","@id":"https:\/\/gimnasiolaconsolata.edu.co\/en#listItem","name":"Home"}},{"@type":"ListItem","@id":"https:\/\/gimnasiolaconsolata.edu.co\/en\/institucional\/historia\/#listItem","position":3,"name":"Historia","previousItem":{"@type":"ListItem","@id":"https:\/\/gimnasiolaconsolata.edu.co\/en\/institucional\/#listItem","name":"Institucional"}}]},{"@type":"Organization","@id":"https:\/\/gimnasiolaconsolata.edu.co\/en\/#organization","name":"Gimnasio la consolata","url":"https:\/\/gimnasiolaconsolata.edu.co\/en\/","logo":{"@type":"ImageObject","url":"https:\/\/gimnasiolaconsolata.edu.co\/wp-content\/uploads\/2025\/06\/logo.svg","@id":"https:\/\/gimnasiolaconsolata.edu.co\/en\/institucional\/historia\/#organizationLogo"},"image":{"@id":"https:\/\/gimnasiolaconsolata.edu.co\/en\/institucional\/historia\/#organizationLogo"}},{"@type":"WebPage","@id":"https:\/\/gimnasiolaconsolata.edu.co\/en\/institucional\/historia\/#webpage","url":"https:\/\/gimnasiolaconsolata.edu.co\/en\/institucional\/historia\/","name":"Historia - Gimnasio la consolata","description":"Historia Acerca de nosotros .cls-1 { fill: } .cls-1, .cls-2 { stroke-width: 0px; } .cls-2 { fill: ; } La historia del GIMNASIO CAMPESTRE LA CONSOLATA BILING\u00dcE NACIONAL est\u00e1 muy ligada a la historia en Colombia de los Misioneros de La Consolata.A Colombia llegaron el 12 de diciembre de 1947. Hace 60 a\u00f1os. Desde ese a\u00f1o empezaron","inLanguage":"en-US","isPartOf":{"@id":"https:\/\/gimnasiolaconsolata.edu.co\/en\/#website"},"breadcrumb":{"@id":"https:\/\/gimnasiolaconsolata.edu.co\/en\/institucional\/historia\/#breadcrumblist"},"datePublished":"2025-06-27T14:48:29+00:00","dateModified":"2025-08-13T16:09:54+00:00"},{"@type":"WebSite","@id":"https:\/\/gimnasiolaconsolata.edu.co\/en\/#website","url":"https:\/\/gimnasiolaconsolata.edu.co\/en\/","name":"Gimnasio la consolata","inLanguage":"en-US","publisher":{"@id":"https:\/\/gimnasiolaconsolata.edu.co\/en\/#organization"}}]},"og:locale":"en_US","og:site_name":"Gimnasio la consolata -","og:type":"article","og:title":"Historia - Gimnasio la consolata","og:description":"Historia Acerca de nosotros .cls-1 { fill: } .cls-1, .cls-2 { stroke-width: 0px; } .cls-2 { fill: ; } La historia del GIMNASIO CAMPESTRE LA CONSOLATA BILING\u00dcE NACIONAL est\u00e1 muy ligada a la historia en Colombia de los Misioneros de La Consolata.A Colombia llegaron el 12 de diciembre de 1947. Hace 60 a\u00f1os. Desde ese a\u00f1o empezaron","og:url":"https:\/\/gimnasiolaconsolata.edu.co\/en\/institucional\/historia\/","og:image":"https:\/\/gimnasiolaconsolata.edu.co\/wp-content\/uploads\/2025\/06\/Logo.svg","og:image:secure_url":"https:\/\/gimnasiolaconsolata.edu.co\/wp-content\/uploads\/2025\/06\/Logo.svg","article:published_time":"2025-06-27T14:48:29+00:00","article:modified_time":"2025-08-13T16:09:54+00:00","twitter:card":"summary_large_image","twitter:title":"Historia - Gimnasio la consolata","twitter:description":"Historia Acerca de nosotros .cls-1 { fill: } .cls-1, .cls-2 { stroke-width: 0px; } .cls-2 { fill: ; } La historia del GIMNASIO CAMPESTRE LA CONSOLATA BILING\u00dcE NACIONAL est\u00e1 muy ligada a la historia en Colombia de los Misioneros de La Consolata.A Colombia llegaron el 12 de diciembre de 1947. Hace 60 a\u00f1os. Desde ese a\u00f1o empezaron","twitter:image":"https:\/\/gimnasiolaconsolata.edu.co\/wp-content\/uploads\/2025\/06\/Logo.svg"},"aioseo_meta_data":{"post_id":"400","title":"#post_title #separator_sa #site_title","description":"#post_content","keywords":null,"keyphrases":{"focus":[],"additional":[]},"primary_term":null,"canonical_url":null,"og_title":null,"og_description":null,"og_object_type":"default","og_image_type":"default","og_image_url":null,"og_image_width":null,"og_image_height":null,"og_image_custom_url":null,"og_image_custom_fields":null,"og_video":null,"og_custom_url":null,"og_article_section":null,"og_article_tags":null,"twitter_use_og":true,"twitter_card":"default","twitter_image_type":"default","twitter_image_url":null,"twitter_image_custom_url":null,"twitter_image_custom_fields":null,"twitter_title":null,"twitter_description":null,"schema":{"blockGraphs":[],"customGraphs":[],"default":{"data":{"Article":[],"Course":[],"Dataset":[],"FAQPage":[],"Movie":[],"Person":[],"Product":[],"ProductReview":[],"Car":[],"Recipe":[],"Service":[],"SoftwareApplication":[],"WebPage":[]},"graphName":"","isEnabled":true},"graphs":[]},"schema_type":"default","schema_type_options":null,"pillar_content":false,"robots_default":true,"robots_noindex":false,"robots_noarchive":false,"robots_nosnippet":false,"robots_nofollow":false,"robots_noimageindex":false,"robots_noodp":false,"robots_notranslate":false,"robots_max_snippet":null,"robots_max_videopreview":null,"robots_max_imagepreview":"large","priority":null,"frequency":null,"local_seo":null,"breadcrumb_settings":null,"limit_modified_date":false,"ai":null,"created":"2025-08-01 20:26:09","updated":"2026-08-31 18:34:59","seo_analyzer_scan_date":null,"focus_keyword":null,"additional_keywords":null,"truseo_locale":null},"aioseo_breadcrumb":"<div class=\"aioseo-breadcrumbs\"><span class=\"aioseo-breadcrumb\">\n\t\t\t<a href=\"https:\/\/gimnasiolaconsolata.edu.co\/en\" title=\"Home\">Home<\/a>\n\t\t<\/span><span class=\"aioseo-breadcrumb-separator\">&raquo;<\/span><span class=\"aioseo-breadcrumb\">\n\t\t\t<a href=\"https:\/\/gimnasiolaconsolata.edu.co\/en\/institucional\/\" title=\"Institucional\">Institucional<\/a>\n\t\t<\/span><span class=\"aioseo-breadcrumb-separator\">&raquo;<\/span><span class=\"aioseo-breadcrumb\">\n\t\t\tHistoria\n\t\t<\/span><\/div>","aioseo_breadcrumb_json":[{"label":"Home","link":"https:\/\/gimnasiolaconsolata.edu.co\/en"},{"label":"Institucional","link":"https:\/\/gimnasiolaconsolata.edu.co\/en\/institucional\/"},{"label":"Historia","link":"https:\/\/gimnasiolaconsolata.edu.co\/en\/institucional\/historia\/"}],"_links":{"self":[{"href":"https:\/\/gimnasiolaconsolata.edu.co\/en\/wp-json\/wp\/v2\/pages\/400","targetHints":{"allow":["GET"]}}],"collection":[{"href":"https:\/\/gimnasiolaconsolata.edu.co\/en\/wp-json\/wp\/v2\/pages"}],"about":[{"href":"https:\/\/gimnasiolaconsolata.edu.co\/en\/wp-json\/wp\/v2\/types\/page"}],"author":[{"embeddable":true,"href":"https:\/\/gimnasiolaconsolata.edu.co\/en\/wp-json\/wp\/v2\/users\/2"}],"replies":[{"embeddable":true,"href":"https:\/\/gimnasiolaconsolata.edu.co\/en\/wp-json\/wp\/v2\/comments?post=400"}],"version-history":[{"count":50,"href":"https:\/\/gimnasiolaconsolata.edu.co\/en\/wp-json\/wp\/v2\/pages\/400\/revisions"}],"predecessor-version":[{"id":1583,"href":"https:\/\/gimnasiolaconsolata.edu.co\/en\/wp-json\/wp\/v2\/pages\/400\/revisions\/1583"}],"up":[{"embeddable":true,"href":"https:\/\/gimnasiolaconsolata.edu.co\/en\/wp-json\/wp\/v2\/pages\/16"}],"wp:attachment":[{"href":"https:\/\/gimnasiolaconsolata.edu.co\/en\/wp-json\/wp\/v2\/media?parent=400"}],"curies":[{"name":"wp","href":"https:\/\/api.w.org\/{rel}","templated":true}]}}