{"id":443,"date":"2025-06-27T15:24:11","date_gmt":"2025-06-27T15:24:11","guid":{"rendered":"https:\/\/gimnasiolaconsolata.edu.co\/?page_id=443"},"modified":"2025-08-13T14:34:36","modified_gmt":"2025-08-13T14:34:36","slug":"emblemas","status":"publish","type":"page","link":"https:\/\/gimnasiolaconsolata.edu.co\/en\/institucional\/emblemas\/","title":{"rendered":"Emblemas"},"content":{"rendered":"<div data-elementor-type=\"wp-page\" data-elementor-id=\"443\" class=\"elementor elementor-443\" data-elementor-post-type=\"page\">\n\t\t\t\t<div class=\"elementor-element elementor-element-2836eea e-con-full e-flex e-con e-parent\" data-id=\"2836eea\" data-element_type=\"container\" data-e-type=\"container\">\n\t\t<div class=\"elementor-element elementor-element-d846ef6 e-con-full e-flex e-con e-child\" data-id=\"d846ef6\" data-element_type=\"container\" data-e-type=\"container\">\n\t\t\t\t<\/div>\n\t\t<div class=\"elementor-element elementor-element-facb56b e-con-full e-flex e-con e-child\" data-id=\"facb56b\" data-element_type=\"container\" data-e-type=\"container\">\n\t\t\t\t<div class=\"elementor-element elementor-element-8b811aa animated-slow elementor-invisible elementor-widget elementor-widget-heading\" data-id=\"8b811aa\" data-element_type=\"widget\" data-e-type=\"widget\" data-settings=\"{&quot;_animation&quot;:&quot;fadeInDown&quot;,&quot;_animation_delay&quot;:300}\" data-widget_type=\"heading.default\">\n\t\t\t\t<div class=\"elementor-widget-container\">\n\t\t\t\t\t<h2 class=\"elementor-heading-title elementor-size-default\">Emblemas<\/h2>\t\t\t\t<\/div>\n\t\t\t\t<\/div>\n\t\t\t\t<\/div>\n\t\t<div class=\"elementor-element elementor-element-9b85c63 e-con-full e-flex e-con e-child\" data-id=\"9b85c63\" data-element_type=\"container\" data-e-type=\"container\">\n\t\t\t\t<div class=\"elementor-element elementor-element-24ec7aa premium-svg-animated-yes elementor-widget elementor-widget-premium-svg-drawer\" data-id=\"24ec7aa\" data-element_type=\"widget\" data-e-type=\"widget\" data-settings=\"{&quot;scroll_action&quot;:&quot;automatic&quot;,&quot;loop&quot;:&quot;true&quot;,&quot;yoyo&quot;:&quot;yes&quot;,&quot;animate_trigger&quot;:&quot;custom&quot;,&quot;animate_offset&quot;:{&quot;unit&quot;:&quot;%&quot;,&quot;size&quot;:100,&quot;sizes&quot;:[]},&quot;svg_fill&quot;:&quot;yes&quot;,&quot;svg_color&quot;:&quot;#009AD8&quot;,&quot;svg_fill_speed&quot;:{&quot;unit&quot;:&quot;px&quot;,&quot;size&quot;:0.1,&quot;sizes&quot;:[]},&quot;animate_start_point&quot;:{&quot;unit&quot;:&quot;%&quot;,&quot;size&quot;:0,&quot;sizes&quot;:[]},&quot;frames&quot;:5}\" data-widget_type=\"premium-svg-drawer.default\">\n\t\t\t\t<div class=\"elementor-widget-container\">\n\t\t\t\t\t\n\t\t\t<div class=\"premium-svg-draw elementor-invisible\">\n\n\t\t\t\t\n\t\t\t\t\n\t\t\t\t\t\n<svg id=\"Layer_2\" xmlns=\"http:\/\/www.w3.org\/2000\/svg\" viewbox=\"0 0 82.99 83.01\">\n  <defs>\n    \n      .cls-1 {\n        fill: ;\n        stroke-width: 0px;\n      }\n    \n  <\/defs>\n  <g id=\"Capa_1\">\n    <path class=\"cls-1\" d=\"M0,72.94C.55,36.34,28.47,5.16,64.95.45c2.83-.36,5.71-.36,8.57-.45,5.49-.17,9.27,3.11,9.47,8.15.2,5.23-3.33,8.94-8.98,9.09-11.37.3-21.93,3.2-31.32,9.7-15.45,10.7-23.91,25.45-25.14,44.26-.07,1.03-.15,2.05-.28,3.07-.72,5.69-4.2,9.01-9.07,8.71C3.27,82.68-.08,78.56,0,72.94Z\" \/>\n  <\/g>\n<\/svg>\n\t\t\t\t\n\t\t\t\t\n\t\t\t<\/div>\n\n\t\t\t\t\t\t<\/div>\n\t\t\t\t<\/div>\n\t\t\t\t<div class=\"elementor-element elementor-element-f6d2c95 elementor-widget elementor-widget-image\" data-id=\"f6d2c95\" data-element_type=\"widget\" data-e-type=\"widget\" data-widget_type=\"image.default\">\n\t\t\t\t<div class=\"elementor-widget-container\">\n\t\t\t\t\t\t\t\t\t\t\t\t\t\t\t<img decoding=\"async\" width=\"1\" height=\"1\" src=\"https:\/\/gimnasiolaconsolata.edu.co\/wp-content\/uploads\/2025\/06\/Pen.svg\" class=\"attachment-large size-large wp-image-232\" alt=\"\" \/>\t\t\t\t\t\t\t\t\t\t\t\t\t\t\t<\/div>\n\t\t\t\t<\/div>\n\t\t\t\t<\/div>\n\t\t\t\t<\/div>\n\t\t<div class=\"elementor-element elementor-element-e2dbbfb e-con-full e-flex e-con e-parent\" data-id=\"e2dbbfb\" data-element_type=\"container\" data-e-type=\"container\">\n\t\t<div class=\"elementor-element elementor-element-fc64a1a e-con-full e-flex e-con e-child\" data-id=\"fc64a1a\" data-element_type=\"container\" data-e-type=\"container\">\n\t\t\t\t<div class=\"elementor-element elementor-element-3abdaa0 elementor-invisible elementor-widget elementor-widget-image\" data-id=\"3abdaa0\" data-element_type=\"widget\" data-e-type=\"widget\" data-settings=\"{&quot;_animation&quot;:&quot;fadeInLeft&quot;,&quot;_animation_delay&quot;:600}\" data-widget_type=\"image.default\">\n\t\t\t\t<div class=\"elementor-widget-container\">\n\t\t\t\t\t\t\t\t\t\t\t\t\t\t\t<img fetchpriority=\"high\" decoding=\"async\" width=\"421\" height=\"600\" src=\"https:\/\/gimnasiolaconsolata.edu.co\/wp-content\/uploads\/2025\/06\/Madonna_della_Consolata_di_Torino.jpg\" class=\"attachment-full size-full wp-image-445\" alt=\"\" srcset=\"https:\/\/gimnasiolaconsolata.edu.co\/wp-content\/uploads\/2025\/06\/Madonna_della_Consolata_di_Torino.jpg 421w, https:\/\/gimnasiolaconsolata.edu.co\/wp-content\/uploads\/2025\/06\/Madonna_della_Consolata_di_Torino-211x300.jpg 211w\" sizes=\"(max-width: 421px) 100vw, 421px\" \/>\t\t\t\t\t\t\t\t\t\t\t\t\t\t\t<\/div>\n\t\t\t\t<\/div>\n\t\t\t\t<div class=\"elementor-element elementor-element-2545f27 premium-svg-sync-yes premium-svg-animated-yes elementor-widget elementor-widget-premium-svg-drawer\" data-id=\"2545f27\" data-element_type=\"widget\" data-e-type=\"widget\" data-settings=\"{&quot;scroll_action&quot;:&quot;automatic&quot;,&quot;frames&quot;:15,&quot;loop&quot;:&quot;true&quot;,&quot;yoyo&quot;:&quot;yes&quot;,&quot;animate_trigger&quot;:&quot;custom&quot;,&quot;animate_offset&quot;:{&quot;unit&quot;:&quot;%&quot;,&quot;size&quot;:100,&quot;sizes&quot;:[]},&quot;svg_fill&quot;:&quot;yes&quot;,&quot;svg_color&quot;:&quot;#BDD500&quot;,&quot;svg_fill_speed&quot;:{&quot;unit&quot;:&quot;px&quot;,&quot;size&quot;:0.1,&quot;sizes&quot;:[]},&quot;animate_start_point&quot;:{&quot;unit&quot;:&quot;%&quot;,&quot;size&quot;:0,&quot;sizes&quot;:[]}}\" data-widget_type=\"premium-svg-drawer.default\">\n\t\t\t\t<div class=\"elementor-widget-container\">\n\t\t\t\t\t\n\t\t\t<div class=\"premium-svg-draw elementor-invisible\">\n\n\t\t\t\t\n\t\t\t\t\n\t\t\t\t\t\n<svg id=\"Layer_2\" xmlns=\"http:\/\/www.w3.org\/2000\/svg\" viewbox=\"0 0 79.82 79.94\">\n  <defs>\n    \n      .cls-1 {\n        fill: ;\n      }\n\n      .cls-1, .cls-2 {\n        stroke-width: 0px;\n      }\n\n      .cls-2 {\n        fill: ;\n      }\n    \n  <\/defs>\n  <g id=\"Capa_1\">\n    <g>\n      <path class=\"cls-1\" d=\"M79.74,10.79c-.28,17.2-6.43,32.17-17.72,44.94-13.8,15.62-31.35,23.6-52.18,24.2C3.84,80.11.05,76.73,0,71.53c-.05-5.26,3.51-8.48,9.59-8.67,28.86-.88,51.35-22.84,53.13-51.9,1.48-.03,2.06,1.24,2.93,2.07,3.81,3.66,7.93,3.6,11.54-.19.76-.8,1.26-1.93,2.56-2.05Z\" \/>\n      <path class=\"cls-2\" d=\"M79.74,10.79c-3.01,6.97-11.53,9.19-17.03.18.09-2.6.06-5.22,1.77-7.43,2.38-3.07,6.11-4.27,9.58-3.09,3.54,1.2,5.71,4.32,5.75,8.31,0,.68-.05,1.35-.07,2.03Z\" \/>\n    <\/g>\n  <\/g>\n<\/svg>\n\t\t\t\t\n\t\t\t\t\n\t\t\t<\/div>\n\n\t\t\t\t\t\t<\/div>\n\t\t\t\t<\/div>\n\t\t\t\t<\/div>\n\t\t<div class=\"elementor-element elementor-element-d3bcc7e e-con-full e-flex e-con e-child\" data-id=\"d3bcc7e\" data-element_type=\"container\" data-e-type=\"container\">\n\t\t\t\t<div class=\"elementor-element elementor-element-f2ad0ab elementor-widget elementor-widget-text-editor\" data-id=\"f2ad0ab\" data-element_type=\"widget\" data-e-type=\"widget\" data-widget_type=\"text-editor.default\">\n\t\t\t\t<div class=\"elementor-widget-container\">\n\t\t\t\t\t\t\t\t\tLa devoci\u00f3n a Nuestra Se\u00f1ora de la Consolata naci\u00f3 en Tur\u00edn (Italia) en los primeros siglos del cristianismo. Cuenta la tradici\u00f3n que fue San Eusebio desterrado a Palestina por el emperador Constancio, en el a\u00f1o 354 quien al regresar, le trajo a su amigo San M\u00e1ximo, una imagen de la Virgen Mar\u00eda que seg\u00fan se dec\u00eda hab\u00eda pintado San Lucas. M\u00e1ximo coloc\u00f3 el cuadro en una capilla, al lado de una iglesia dedicada a San Andr\u00e9s, y as\u00ed, el pueblo de Tur\u00edn comenz\u00f3 a venerar a la Virgen Mar\u00eda bajo el t\u00edtulo de Consoladora que, en la expresi\u00f3n popular devino en Consolata.\n\n\t\t\t\t\t\t\t\t<\/div>\n\t\t\t\t<\/div>\n\t\t\t\t<div class=\"elementor-element elementor-element-397fcf2 elementor-widget elementor-widget-heading\" data-id=\"397fcf2\" data-element_type=\"widget\" data-e-type=\"widget\" data-widget_type=\"heading.default\">\n\t\t\t\t<div class=\"elementor-widget-container\">\n\t\t\t\t\t<h4 class=\"elementor-heading-title elementor-size-default\">SE PIERDE EL CUADRO\n<\/h4>\t\t\t\t<\/div>\n\t\t\t\t<\/div>\n\t\t\t\t<div class=\"elementor-element elementor-element-aa24dc7 elementor-widget elementor-widget-text-editor\" data-id=\"aa24dc7\" data-element_type=\"widget\" data-e-type=\"widget\" data-widget_type=\"text-editor.default\">\n\t\t\t\t<div class=\"elementor-widget-container\">\n\t\t\t\t\t\t\t\t\t<p>Los obispos de Tur\u00edn confiaron la imagen de la Consolata a los Padres Benedictinos en el a\u00f1o 840, dos acontecimientos contribuyeron a su desaparici\u00f3n. Primero, hubo que esconderla, debido a la persecuci\u00f3n y destrucci\u00f3n de im\u00e1genes por parte de los iconoclastas. Una guerra, que destruy\u00f3 el templo de San Andr\u00e9s y la capilla donde estaba, sepult\u00e1ndola bajo los escombros y en el olvido.<\/p>\t\t\t\t\t\t\t\t<\/div>\n\t\t\t\t<\/div>\n\t\t\t\t<div class=\"elementor-element elementor-element-fb11812 elementor-widget elementor-widget-heading\" data-id=\"fb11812\" data-element_type=\"widget\" data-e-type=\"widget\" data-widget_type=\"heading.default\">\n\t\t\t\t<div class=\"elementor-widget-container\">\n\t\t\t\t\t<h4 class=\"elementor-heading-title elementor-size-default\">UNA NUEVA CAPILLA\n<\/h4>\t\t\t\t<\/div>\n\t\t\t\t<\/div>\n\t\t\t\t<div class=\"elementor-element elementor-element-e34a2ed elementor-widget elementor-widget-text-editor\" data-id=\"e34a2ed\" data-element_type=\"widget\" data-e-type=\"widget\" data-widget_type=\"text-editor.default\">\n\t\t\t\t<div class=\"elementor-widget-container\">\n\t\t\t\t\t\t\t\t\t<p>Pero permaneci\u00f3 viva en la memoria de sus fieles. Y muchos a\u00f1os m\u00e1s tarde, Arduino, por un tiempo rey de Italia, erigi\u00f3 una capilla para la Virgen Consolota, en agradecimiento a una curaci\u00f3n milagrosa y respondiendo al pedido que la misma Se\u00f1ora le hab\u00eda expresado en una visi\u00f3n. Pero tambi\u00e9n esta capilla fue destruida y la imagen desapareci\u00f3 por segunda vez.<\/p>\t\t\t\t\t\t\t\t<\/div>\n\t\t\t\t<\/div>\n\t\t\t\t<div class=\"elementor-element elementor-element-6bd970b elementor-widget elementor-widget-heading\" data-id=\"6bd970b\" data-element_type=\"widget\" data-e-type=\"widget\" data-widget_type=\"heading.default\">\n\t\t\t\t<div class=\"elementor-widget-container\">\n\t\t\t\t\t<h4 class=\"elementor-heading-title elementor-size-default\">EL CIEGO DE BRIANCON\n<\/h4>\t\t\t\t<\/div>\n\t\t\t\t<\/div>\n\t\t\t\t<div class=\"elementor-element elementor-element-6033170 elementor-widget elementor-widget-text-editor\" data-id=\"6033170\" data-element_type=\"widget\" data-e-type=\"widget\" data-widget_type=\"text-editor.default\">\n\t\t\t\t<div class=\"elementor-widget-container\">\n\t\t\t\t\t\t\t\t\t<p>En el a\u00f1o 1104, la Virgen se le apareci\u00f3 a un ciego en Brian\u00e7on, Francia. Era Jean Ravais (o Ravache), a quien le prometi\u00f3 devolverle la vista cuando llegara al lugar que Ella le indicar\u00eda, y donde encontrar\u00eda la imagen perdida. Jean Ravais as\u00ed lo hizo y luego de un largo viaje lleg\u00f3 a Tur\u00edn. El lugar indicado por la Virgen era la torre de una Iglesia destruida. El 20 de junio, en presencia del obispo, sus sacerdotes yel pueblo, comenzaron las excavaciones. V la imagen perdida apareci\u00f3 debajo de las ruinas. Fue el obispo quien la sac\u00f3 de entre los escombros y la expuso a la vista de todo el pueblo all\u00ed congregado, exclamado: \u00ab\u00a1Ruega por nosotros, Virgen Consoladora!\u00bb, A lo que la gente respondi\u00f3: \u00abIntercede por tu pueblo\u00bb y en ese momento, Jean Ravais recobr\u00f3 la vista.<\/p>\t\t\t\t\t\t\t\t<\/div>\n\t\t\t\t<\/div>\n\t\t\t\t<div class=\"elementor-element elementor-element-c09d9b6 elementor-widget elementor-widget-heading\" data-id=\"c09d9b6\" data-element_type=\"widget\" data-e-type=\"widget\" data-widget_type=\"heading.default\">\n\t\t\t\t<div class=\"elementor-widget-container\">\n\t\t\t\t\t<h4 class=\"elementor-heading-title elementor-size-default\">D\u00cdA DE NUESTRA SE\u00d1ORA DE LA CONSOLATA\n<\/h4>\t\t\t\t<\/div>\n\t\t\t\t<\/div>\n\t\t\t\t<div class=\"elementor-element elementor-element-040cb6d elementor-widget elementor-widget-text-editor\" data-id=\"040cb6d\" data-element_type=\"widget\" data-e-type=\"widget\" data-widget_type=\"text-editor.default\">\n\t\t\t\t<div class=\"elementor-widget-container\">\n\t\t\t\t\t\t\t\t\t<p>Desde aquel d\u00eda, el 20 de junio se celebra el d\u00eda de la Virgen Consolata. Poco a poco el pueblo turin\u00e9s le construy\u00f3 a su Patrona un santuario maravilloso, lleno de devoci\u00f3n y de arte que a lo largo de siglos reuni\u00f3 a sus hijos para encontrar consuelo y fuerza en los momentos de mayor dolor. El P. Jos\u00e9 Allamano, rector del santuario de la Consolata en Tur\u00edn.<\/p>\t\t\t\t\t\t\t\t<\/div>\n\t\t\t\t<\/div>\n\t\t\t\t<\/div>\n\t\t\t\t<\/div>\n\t\t<div class=\"elementor-element elementor-element-05d1b5f e-con-full e-flex e-con e-parent\" data-id=\"05d1b5f\" data-element_type=\"container\" data-e-type=\"container\">\n\t\t<div class=\"elementor-element elementor-element-cb1b848 e-con-full e-flex e-con e-child\" data-id=\"cb1b848\" data-element_type=\"container\" data-e-type=\"container\">\n\t\t\t\t<div class=\"elementor-element elementor-element-2533a7d elementor-invisible elementor-widget elementor-widget-image\" data-id=\"2533a7d\" data-element_type=\"widget\" data-e-type=\"widget\" data-settings=\"{&quot;_animation&quot;:&quot;fadeInLeft&quot;,&quot;_animation_delay&quot;:600}\" data-widget_type=\"image.default\">\n\t\t\t\t<div class=\"elementor-widget-container\">\n\t\t\t\t\t\t\t\t\t\t\t\t\t\t\t<img decoding=\"async\" width=\"324\" height=\"450\" src=\"https:\/\/gimnasiolaconsolata.edu.co\/wp-content\/uploads\/2025\/06\/Jose-Allamano.jpg\" class=\"attachment-full size-full wp-image-446\" alt=\"\" srcset=\"https:\/\/gimnasiolaconsolata.edu.co\/wp-content\/uploads\/2025\/06\/Jose-Allamano.jpg 324w, https:\/\/gimnasiolaconsolata.edu.co\/wp-content\/uploads\/2025\/06\/Jose-Allamano-216x300.jpg 216w\" sizes=\"(max-width: 324px) 100vw, 324px\" \/>\t\t\t\t\t\t\t\t\t\t\t\t\t\t\t<\/div>\n\t\t\t\t<\/div>\n\t\t\t\t<div class=\"elementor-element elementor-element-a49c009 premium-svg-sync-yes premium-svg-animated-yes elementor-widget elementor-widget-premium-svg-drawer\" data-id=\"a49c009\" data-element_type=\"widget\" data-e-type=\"widget\" data-settings=\"{&quot;scroll_action&quot;:&quot;automatic&quot;,&quot;frames&quot;:15,&quot;loop&quot;:&quot;true&quot;,&quot;yoyo&quot;:&quot;yes&quot;,&quot;animate_trigger&quot;:&quot;custom&quot;,&quot;animate_offset&quot;:{&quot;unit&quot;:&quot;%&quot;,&quot;size&quot;:100,&quot;sizes&quot;:[]},&quot;svg_fill&quot;:&quot;yes&quot;,&quot;svg_color&quot;:&quot;#BDD500&quot;,&quot;svg_fill_speed&quot;:{&quot;unit&quot;:&quot;px&quot;,&quot;size&quot;:0.1,&quot;sizes&quot;:[]},&quot;animate_start_point&quot;:{&quot;unit&quot;:&quot;%&quot;,&quot;size&quot;:0,&quot;sizes&quot;:[]}}\" data-widget_type=\"premium-svg-drawer.default\">\n\t\t\t\t<div class=\"elementor-widget-container\">\n\t\t\t\t\t\n\t\t\t<div class=\"premium-svg-draw elementor-invisible\">\n\n\t\t\t\t\n\t\t\t\t\n\t\t\t\t\t\n<svg id=\"Layer_2\" xmlns=\"http:\/\/www.w3.org\/2000\/svg\" viewbox=\"0 0 79.82 79.94\">\n  <defs>\n    \n      .cls-1 {\n        fill: ;\n      }\n\n      .cls-1, .cls-2 {\n        stroke-width: 0px;\n      }\n\n      .cls-2 {\n        fill: ;\n      }\n    \n  <\/defs>\n  <g id=\"Capa_1\">\n    <g>\n      <path class=\"cls-1\" d=\"M79.74,10.79c-.28,17.2-6.43,32.17-17.72,44.94-13.8,15.62-31.35,23.6-52.18,24.2C3.84,80.11.05,76.73,0,71.53c-.05-5.26,3.51-8.48,9.59-8.67,28.86-.88,51.35-22.84,53.13-51.9,1.48-.03,2.06,1.24,2.93,2.07,3.81,3.66,7.93,3.6,11.54-.19.76-.8,1.26-1.93,2.56-2.05Z\" \/>\n      <path class=\"cls-2\" d=\"M79.74,10.79c-3.01,6.97-11.53,9.19-17.03.18.09-2.6.06-5.22,1.77-7.43,2.38-3.07,6.11-4.27,9.58-3.09,3.54,1.2,5.71,4.32,5.75,8.31,0,.68-.05,1.35-.07,2.03Z\" \/>\n    <\/g>\n  <\/g>\n<\/svg>\n\t\t\t\t\n\t\t\t\t\n\t\t\t<\/div>\n\n\t\t\t\t\t\t<\/div>\n\t\t\t\t<\/div>\n\t\t\t\t<\/div>\n\t\t<div class=\"elementor-element elementor-element-4be02d9 e-con-full e-flex e-con e-child\" data-id=\"4be02d9\" data-element_type=\"container\" data-e-type=\"container\">\n\t\t\t\t<div class=\"elementor-element elementor-element-b851aaa elementor-widget elementor-widget-text-editor\" data-id=\"b851aaa\" data-element_type=\"widget\" data-e-type=\"widget\" data-widget_type=\"text-editor.default\">\n\t\t\t\t<div class=\"elementor-widget-container\">\n\t\t\t\t\t\t\t\t\t<p>Jos\u00e9 Allamano nace en Castelnuovo d Asti un 21 de enero de 1851 en el seno de una familia campesina. Fue el cuarto de cinco hijos, a los tres a\u00f1os se quedaron hu\u00e9rfanos de padre. Adem\u00e1s de la madre, tres personas tienen un papel fundamental en su formaci\u00f3n: su maestra Benedetta Savio, San Jos\u00e9 Cafasso (su t\u00edo) y San Juan Bosco.<\/p><p>El 20 de septiembre de 1873 se ordena sacerdote. Tiene 22 a\u00f1os. Los seis primeros a\u00f1os de sacerdote los pasa de formador en el seminario, pero su mayor deseo es ir a una parroquia.\u00a0<\/p><p>En 1880 se le abren nuevos caminos\u2026 el arzobispo busca un rector para el Santuario de la Consolata, patrona de Tur\u00edn y piensa en \u00e9l.<\/p><p>En 1882, junto a su amigo el p. Santiago Camisassa, comienza la recuperaci\u00f3n del Santuario y del Convictorio eclesi\u00e1stico, donde se formar\u00e1n los j\u00f3venes sacerdotes.<\/p><p>En 1900 cae gravemente enfermo, y gracias al empuje del Cardenal Richelmy y las oraciones a la Consolata se cura milagrosamente. Diez a\u00f1os antes Allamano hab\u00eda escrito una carta pidiendo la fundaci\u00f3n de un instituto misionero\u2026 Pero la autorizaci\u00f3n no lleg\u00f3 hasta el 29 de enero de 1901, justo un a\u00f1o despu\u00e9s de su milagrosa curaci\u00f3n.<\/p><p>Rondando los 20 a\u00f1os de edad parten los cuatro primeros misioneros para Kenia: P. Gays,Hno. L. Falda, P. F. Perlo, Hno. C. Lusso.<\/p><p>La fundaci\u00f3n de las Misioneras de la Consolata ser\u00e1 nueve a\u00f1os m\u00e1s tarde, el 29 de enero de 1910. La audiencia con el Papa P\u00edo X, en 1909, le ayud\u00f3 a ver claramente la voluntad de Dios \u00ab\u2026si no tiene vocaci\u00f3n para fundar religiosas, te la doy yo\u00bb. A mediados de 1913, sale ya el primer grupo de monjas para las misiones.<\/p><p>Hoy d\u00eda los dos institutos est\u00e1n formados por hombres y mujeres unidos por la misma vocaci\u00f3n misionera, el mismo fundador, la misma madre \u2010la Consolata\u2010 el mismo fin: la evangelizaci\u00f3n.<\/p><p>Consagrados para la evangelizaci\u00f3n en la obediencia, castidad y pobreza para la formaci\u00f3n de comunidades adultas, visita a las familias, di\u00e1logo, promoci\u00f3n humana, justicia y paz, comuni\u00f3n\u2026<\/p><p>La Eucarist\u00eda y Mar\u00eda Consolata son el centro de nuestra espiritualidad que se centra en el:<\/p><p>Esp\u00edritu de familia.<br \/>Esp\u00edritu de fe.<br \/>Esp\u00edritu de caridad.<br \/>Esp\u00edritu de sacrificio.<\/p><p>Y se resume en palabras del Beato Jos\u00e9 Allamano: \u00abprimero santos, despu\u00e9s misioneros\u00bb.<\/p>\t\t\t\t\t\t\t\t<\/div>\n\t\t\t\t<\/div>\n\t\t\t\t<div class=\"elementor-element elementor-element-dc3c145 premium-svg-animated-yes elementor-widget elementor-widget-premium-svg-drawer\" data-id=\"dc3c145\" data-element_type=\"widget\" data-e-type=\"widget\" data-settings=\"{&quot;scroll_action&quot;:&quot;automatic&quot;,&quot;loop&quot;:&quot;true&quot;,&quot;yoyo&quot;:&quot;yes&quot;,&quot;animate_trigger&quot;:&quot;custom&quot;,&quot;animate_offset&quot;:{&quot;unit&quot;:&quot;%&quot;,&quot;size&quot;:100,&quot;sizes&quot;:[]},&quot;svg_fill&quot;:&quot;yes&quot;,&quot;svg_color&quot;:&quot;#FFAA22&quot;,&quot;animate_start_point&quot;:{&quot;unit&quot;:&quot;%&quot;,&quot;size&quot;:0,&quot;sizes&quot;:[]},&quot;frames&quot;:5,&quot;svg_fill_speed&quot;:{&quot;unit&quot;:&quot;px&quot;,&quot;size&quot;:&quot;&quot;,&quot;sizes&quot;:[]}}\" data-widget_type=\"premium-svg-drawer.default\">\n\t\t\t\t<div class=\"elementor-widget-container\">\n\t\t\t\t\t\n\t\t\t<div class=\"premium-svg-draw elementor-invisible\">\n\n\t\t\t\t\n\t\t\t\t\n\t\t\t\t\t\n<svg id=\"Layer_2\" xmlns=\"http:\/\/www.w3.org\/2000\/svg\" viewbox=\"0 0 77.97 72.85\">\n  <defs>\n    \n      .cls-1 {\n        fill: ;\n        stroke-width: 0px;\n      }\n    \n  <\/defs>\n  <g id=\"Capa_1\">\n    <path class=\"cls-1\" d=\"M61.15,7.32c15.44,9.49,21.02,31.5,13.5,47.68-1.41,3.04-3.48,5.9-5.73,8.39-3,3.31-9.18,3.37-12.9.62-3.55-2.62-5.11-8.55-3.4-12.62,1.35-3.23,3.29-6.15,3.87-9.78,1.53-9.54-5.17-18.6-14.42-20.26-9.46-1.7-19.23,5.09-20.51,14.74-.87,6.62,1.32,12.52,6.78,16.91,5.35,4.3,6.54,9.88,3.32,14.94-3.94,6.18-11.54,6.66-17.95.69C-1.7,54.28-4.39,34.69,7.03,17.15,19.06-1.31,44.5-5.31,61.15,7.32Z\" \/>\n  <\/g>\n<\/svg>\n\t\t\t\t\n\t\t\t\t\n\t\t\t<\/div>\n\n\t\t\t\t\t\t<\/div>\n\t\t\t\t<\/div>\n\t\t\t\t<\/div>\n\t\t\t\t<\/div>\n\t\t\t\t<\/div>","protected":false},"excerpt":{"rendered":"<p>Emblemas La devoci\u00f3n a Nuestra Se\u00f1ora de la Consolata naci\u00f3 en Tur\u00edn (Italia) en los primeros siglos del cristianismo. Cuenta la tradici\u00f3n que fue San Eusebio desterrado a Palestina por el emperador Constancio, en el a\u00f1o 354 quien al regresar, le trajo a su amigo San M\u00e1ximo, una imagen de la Virgen Mar\u00eda que seg\u00fan [&hellip;]<\/p>\n","protected":false},"author":2,"featured_media":0,"parent":16,"menu_order":0,"comment_status":"closed","ping_status":"closed","template":"","meta":{"_acf_changed":false,"_joinchat":[],"footnotes":""},"class_list":["post-443","page","type-page","status-publish","hentry"],"acf":[],"aioseo_notices":[],"aioseo_head":"\n\t\t<!-- All in One SEO 5.0.1.1 - aioseo.com -->\n\t<meta name=\"description\" content=\"Emblemas .cls-1 { fill: ; stroke-width: 0px; } .cls-1 { fill: ; } .cls-1, .cls-2 { stroke-width: 0px; } .cls-2 { fill: ; } La devoci\u00f3n a Nuestra Se\u00f1ora de la Consolata naci\u00f3 en Tur\u00edn (Italia) en los primeros siglos del cristianismo. Cuenta la tradici\u00f3n que fue San Eusebio desterrado a Palestina por el emperador\" \/>\n\t<meta name=\"robots\" content=\"max-image-preview:large\" \/>\n\t<link rel=\"canonical\" href=\"https:\/\/gimnasiolaconsolata.edu.co\/en\/institucional\/emblemas\/\" \/>\n\t<meta name=\"generator\" content=\"All in One SEO (AIOSEO) 5.0.1.1\" \/>\n\t\t<meta property=\"og:locale\" content=\"en_US\" \/>\n\t\t<meta property=\"og:site_name\" content=\"Gimnasio la consolata -\" \/>\n\t\t<meta property=\"og:type\" content=\"article\" \/>\n\t\t<meta property=\"og:title\" content=\"Emblemas - Gimnasio la consolata\" \/>\n\t\t<meta property=\"og:description\" content=\"Emblemas .cls-1 { fill: ; stroke-width: 0px; } .cls-1 { fill: ; } .cls-1, .cls-2 { stroke-width: 0px; } .cls-2 { fill: ; } La devoci\u00f3n a Nuestra Se\u00f1ora de la Consolata naci\u00f3 en Tur\u00edn (Italia) en los primeros siglos del cristianismo. Cuenta la tradici\u00f3n que fue San Eusebio desterrado a Palestina por el emperador\" \/>\n\t\t<meta property=\"og:url\" content=\"https:\/\/gimnasiolaconsolata.edu.co\/en\/institucional\/emblemas\/\" \/>\n\t\t<meta property=\"og:image\" content=\"https:\/\/gimnasiolaconsolata.edu.co\/wp-content\/uploads\/2025\/06\/Logo.svg\" \/>\n\t\t<meta property=\"og:image:secure_url\" content=\"https:\/\/gimnasiolaconsolata.edu.co\/wp-content\/uploads\/2025\/06\/Logo.svg\" \/>\n\t\t<meta property=\"article:published_time\" content=\"2025-06-27T15:24:11+00:00\" \/>\n\t\t<meta property=\"article:modified_time\" content=\"2025-08-13T14:34:36+00:00\" \/>\n\t\t<meta name=\"twitter:card\" content=\"summary_large_image\" \/>\n\t\t<meta name=\"twitter:title\" content=\"Emblemas - Gimnasio la consolata\" \/>\n\t\t<meta name=\"twitter:description\" content=\"Emblemas .cls-1 { fill: ; stroke-width: 0px; } .cls-1 { fill: ; } .cls-1, .cls-2 { stroke-width: 0px; } .cls-2 { fill: ; } La devoci\u00f3n a Nuestra Se\u00f1ora de la Consolata naci\u00f3 en Tur\u00edn (Italia) en los primeros siglos del cristianismo. Cuenta la tradici\u00f3n que fue San Eusebio desterrado a Palestina por el emperador\" \/>\n\t\t<meta name=\"twitter:image\" content=\"https:\/\/gimnasiolaconsolata.edu.co\/wp-content\/uploads\/2025\/06\/Logo.svg\" \/>\n\t\t<script type=\"application\/ld+json\" class=\"aioseo-schema\">\n\t\t\t{\"@context\":\"https:\\\/\\\/schema.org\",\"@graph\":[{\"@type\":\"BreadcrumbList\",\"@id\":\"https:\\\/\\\/gimnasiolaconsolata.edu.co\\\/en\\\/institucional\\\/emblemas\\\/#breadcrumblist\",\"itemListElement\":[{\"@type\":\"ListItem\",\"@id\":\"https:\\\/\\\/gimnasiolaconsolata.edu.co\\\/en#listItem\",\"position\":1,\"name\":\"Home\",\"item\":\"https:\\\/\\\/gimnasiolaconsolata.edu.co\\\/en\",\"nextItem\":{\"@type\":\"ListItem\",\"@id\":\"https:\\\/\\\/gimnasiolaconsolata.edu.co\\\/en\\\/institucional\\\/#listItem\",\"name\":\"Institucional\"}},{\"@type\":\"ListItem\",\"@id\":\"https:\\\/\\\/gimnasiolaconsolata.edu.co\\\/en\\\/institucional\\\/#listItem\",\"position\":2,\"name\":\"Institucional\",\"item\":\"https:\\\/\\\/gimnasiolaconsolata.edu.co\\\/en\\\/institucional\\\/\",\"nextItem\":{\"@type\":\"ListItem\",\"@id\":\"https:\\\/\\\/gimnasiolaconsolata.edu.co\\\/en\\\/institucional\\\/emblemas\\\/#listItem\",\"name\":\"Emblemas\"},\"previousItem\":{\"@type\":\"ListItem\",\"@id\":\"https:\\\/\\\/gimnasiolaconsolata.edu.co\\\/en#listItem\",\"name\":\"Home\"}},{\"@type\":\"ListItem\",\"@id\":\"https:\\\/\\\/gimnasiolaconsolata.edu.co\\\/en\\\/institucional\\\/emblemas\\\/#listItem\",\"position\":3,\"name\":\"Emblemas\",\"previousItem\":{\"@type\":\"ListItem\",\"@id\":\"https:\\\/\\\/gimnasiolaconsolata.edu.co\\\/en\\\/institucional\\\/#listItem\",\"name\":\"Institucional\"}}]},{\"@type\":\"Organization\",\"@id\":\"https:\\\/\\\/gimnasiolaconsolata.edu.co\\\/en\\\/#organization\",\"name\":\"Gimnasio la consolata\",\"url\":\"https:\\\/\\\/gimnasiolaconsolata.edu.co\\\/en\\\/\",\"logo\":{\"@type\":\"ImageObject\",\"url\":\"https:\\\/\\\/gimnasiolaconsolata.edu.co\\\/wp-content\\\/uploads\\\/2025\\\/06\\\/logo.svg\",\"@id\":\"https:\\\/\\\/gimnasiolaconsolata.edu.co\\\/en\\\/institucional\\\/emblemas\\\/#organizationLogo\"},\"image\":{\"@id\":\"https:\\\/\\\/gimnasiolaconsolata.edu.co\\\/en\\\/institucional\\\/emblemas\\\/#organizationLogo\"}},{\"@type\":\"WebPage\",\"@id\":\"https:\\\/\\\/gimnasiolaconsolata.edu.co\\\/en\\\/institucional\\\/emblemas\\\/#webpage\",\"url\":\"https:\\\/\\\/gimnasiolaconsolata.edu.co\\\/en\\\/institucional\\\/emblemas\\\/\",\"name\":\"Emblemas - Gimnasio la consolata\",\"description\":\"Emblemas .cls-1 { fill: ; stroke-width: 0px; } .cls-1 { fill: ; } .cls-1, .cls-2 { stroke-width: 0px; } .cls-2 { fill: ; } La devoci\\u00f3n a Nuestra Se\\u00f1ora de la Consolata naci\\u00f3 en Tur\\u00edn (Italia) en los primeros siglos del cristianismo. Cuenta la tradici\\u00f3n que fue San Eusebio desterrado a Palestina por el emperador\",\"inLanguage\":\"en-US\",\"isPartOf\":{\"@id\":\"https:\\\/\\\/gimnasiolaconsolata.edu.co\\\/en\\\/#website\"},\"breadcrumb\":{\"@id\":\"https:\\\/\\\/gimnasiolaconsolata.edu.co\\\/en\\\/institucional\\\/emblemas\\\/#breadcrumblist\"},\"datePublished\":\"2025-06-27T15:24:11+00:00\",\"dateModified\":\"2025-08-13T14:34:36+00:00\"},{\"@type\":\"WebSite\",\"@id\":\"https:\\\/\\\/gimnasiolaconsolata.edu.co\\\/en\\\/#website\",\"url\":\"https:\\\/\\\/gimnasiolaconsolata.edu.co\\\/en\\\/\",\"name\":\"Gimnasio la consolata\",\"inLanguage\":\"en-US\",\"publisher\":{\"@id\":\"https:\\\/\\\/gimnasiolaconsolata.edu.co\\\/en\\\/#organization\"}}]}\n\t\t<\/script>\n\t\t<!-- All in One SEO -->\n\n","aioseo_head_json":{"title":"Emblemas - Gimnasio la consolata","description":"Emblemas .cls-1 { fill: ; stroke-width: 0px; } .cls-1 { fill: ; } .cls-1, .cls-2 { stroke-width: 0px; } .cls-2 { fill: ; } La devoci\u00f3n a Nuestra Se\u00f1ora de la Consolata naci\u00f3 en Tur\u00edn (Italia) en los primeros siglos del cristianismo. Cuenta la tradici\u00f3n que fue San Eusebio desterrado a Palestina por el emperador","canonical_url":"https:\/\/gimnasiolaconsolata.edu.co\/en\/institucional\/emblemas\/","robots":"max-image-preview:large","keywords":"","webmasterTools":{"miscellaneous":""},"schema":{"@context":"https:\/\/schema.org","@graph":[{"@type":"BreadcrumbList","@id":"https:\/\/gimnasiolaconsolata.edu.co\/en\/institucional\/emblemas\/#breadcrumblist","itemListElement":[{"@type":"ListItem","@id":"https:\/\/gimnasiolaconsolata.edu.co\/en#listItem","position":1,"name":"Home","item":"https:\/\/gimnasiolaconsolata.edu.co\/en","nextItem":{"@type":"ListItem","@id":"https:\/\/gimnasiolaconsolata.edu.co\/en\/institucional\/#listItem","name":"Institucional"}},{"@type":"ListItem","@id":"https:\/\/gimnasiolaconsolata.edu.co\/en\/institucional\/#listItem","position":2,"name":"Institucional","item":"https:\/\/gimnasiolaconsolata.edu.co\/en\/institucional\/","nextItem":{"@type":"ListItem","@id":"https:\/\/gimnasiolaconsolata.edu.co\/en\/institucional\/emblemas\/#listItem","name":"Emblemas"},"previousItem":{"@type":"ListItem","@id":"https:\/\/gimnasiolaconsolata.edu.co\/en#listItem","name":"Home"}},{"@type":"ListItem","@id":"https:\/\/gimnasiolaconsolata.edu.co\/en\/institucional\/emblemas\/#listItem","position":3,"name":"Emblemas","previousItem":{"@type":"ListItem","@id":"https:\/\/gimnasiolaconsolata.edu.co\/en\/institucional\/#listItem","name":"Institucional"}}]},{"@type":"Organization","@id":"https:\/\/gimnasiolaconsolata.edu.co\/en\/#organization","name":"Gimnasio la consolata","url":"https:\/\/gimnasiolaconsolata.edu.co\/en\/","logo":{"@type":"ImageObject","url":"https:\/\/gimnasiolaconsolata.edu.co\/wp-content\/uploads\/2025\/06\/logo.svg","@id":"https:\/\/gimnasiolaconsolata.edu.co\/en\/institucional\/emblemas\/#organizationLogo"},"image":{"@id":"https:\/\/gimnasiolaconsolata.edu.co\/en\/institucional\/emblemas\/#organizationLogo"}},{"@type":"WebPage","@id":"https:\/\/gimnasiolaconsolata.edu.co\/en\/institucional\/emblemas\/#webpage","url":"https:\/\/gimnasiolaconsolata.edu.co\/en\/institucional\/emblemas\/","name":"Emblemas - Gimnasio la consolata","description":"Emblemas .cls-1 { fill: ; stroke-width: 0px; } .cls-1 { fill: ; } .cls-1, .cls-2 { stroke-width: 0px; } .cls-2 { fill: ; } La devoci\u00f3n a Nuestra Se\u00f1ora de la Consolata naci\u00f3 en Tur\u00edn (Italia) en los primeros siglos del cristianismo. Cuenta la tradici\u00f3n que fue San Eusebio desterrado a Palestina por el emperador","inLanguage":"en-US","isPartOf":{"@id":"https:\/\/gimnasiolaconsolata.edu.co\/en\/#website"},"breadcrumb":{"@id":"https:\/\/gimnasiolaconsolata.edu.co\/en\/institucional\/emblemas\/#breadcrumblist"},"datePublished":"2025-06-27T15:24:11+00:00","dateModified":"2025-08-13T14:34:36+00:00"},{"@type":"WebSite","@id":"https:\/\/gimnasiolaconsolata.edu.co\/en\/#website","url":"https:\/\/gimnasiolaconsolata.edu.co\/en\/","name":"Gimnasio la consolata","inLanguage":"en-US","publisher":{"@id":"https:\/\/gimnasiolaconsolata.edu.co\/en\/#organization"}}]},"og:locale":"en_US","og:site_name":"Gimnasio la consolata -","og:type":"article","og:title":"Emblemas - Gimnasio la consolata","og:description":"Emblemas .cls-1 { fill: ; stroke-width: 0px; } .cls-1 { fill: ; } .cls-1, .cls-2 { stroke-width: 0px; } .cls-2 { fill: ; } La devoci\u00f3n a Nuestra Se\u00f1ora de la Consolata naci\u00f3 en Tur\u00edn (Italia) en los primeros siglos del cristianismo. Cuenta la tradici\u00f3n que fue San Eusebio desterrado a Palestina por el emperador","og:url":"https:\/\/gimnasiolaconsolata.edu.co\/en\/institucional\/emblemas\/","og:image":"https:\/\/gimnasiolaconsolata.edu.co\/wp-content\/uploads\/2025\/06\/Logo.svg","og:image:secure_url":"https:\/\/gimnasiolaconsolata.edu.co\/wp-content\/uploads\/2025\/06\/Logo.svg","article:published_time":"2025-06-27T15:24:11+00:00","article:modified_time":"2025-08-13T14:34:36+00:00","twitter:card":"summary_large_image","twitter:title":"Emblemas - Gimnasio la consolata","twitter:description":"Emblemas .cls-1 { fill: ; stroke-width: 0px; } .cls-1 { fill: ; } .cls-1, .cls-2 { stroke-width: 0px; } .cls-2 { fill: ; } La devoci\u00f3n a Nuestra Se\u00f1ora de la Consolata naci\u00f3 en Tur\u00edn (Italia) en los primeros siglos del cristianismo. Cuenta la tradici\u00f3n que fue San Eusebio desterrado a Palestina por el emperador","twitter:image":"https:\/\/gimnasiolaconsolata.edu.co\/wp-content\/uploads\/2025\/06\/Logo.svg"},"aioseo_meta_data":{"post_id":"443","title":null,"description":null,"keywords":null,"keyphrases":{"focus":[],"additional":[]},"primary_term":null,"canonical_url":null,"og_title":null,"og_description":null,"og_object_type":"default","og_image_type":"default","og_image_url":null,"og_image_width":null,"og_image_height":null,"og_image_custom_url":null,"og_image_custom_fields":null,"og_video":null,"og_custom_url":null,"og_article_section":null,"og_article_tags":null,"twitter_use_og":true,"twitter_card":"default","twitter_image_type":"default","twitter_image_url":null,"twitter_image_custom_url":null,"twitter_image_custom_fields":null,"twitter_title":null,"twitter_description":null,"schema":{"blockGraphs":[],"customGraphs":[],"default":{"data":{"Article":[],"Course":[],"Dataset":[],"FAQPage":[],"Movie":[],"Person":[],"Product":[],"ProductReview":[],"Car":[],"Recipe":[],"Service":[],"SoftwareApplication":[],"WebPage":[]},"graphName":"","isEnabled":true},"graphs":[]},"schema_type":"default","schema_type_options":null,"pillar_content":false,"robots_default":true,"robots_noindex":false,"robots_noarchive":false,"robots_nosnippet":false,"robots_nofollow":false,"robots_noimageindex":false,"robots_noodp":false,"robots_notranslate":false,"robots_max_snippet":null,"robots_max_videopreview":null,"robots_max_imagepreview":"large","priority":null,"frequency":null,"local_seo":null,"breadcrumb_settings":null,"limit_modified_date":false,"ai":null,"created":"2025-08-01 20:26:09","updated":"2026-08-31 18:34:59","seo_analyzer_scan_date":null,"focus_keyword":null,"additional_keywords":null,"truseo_locale":null},"aioseo_breadcrumb":"<div class=\"aioseo-breadcrumbs\"><span class=\"aioseo-breadcrumb\">\n\t\t\t<a href=\"https:\/\/gimnasiolaconsolata.edu.co\/en\" title=\"Home\">Home<\/a>\n\t\t<\/span><span class=\"aioseo-breadcrumb-separator\">&raquo;<\/span><span class=\"aioseo-breadcrumb\">\n\t\t\t<a href=\"https:\/\/gimnasiolaconsolata.edu.co\/en\/institucional\/\" title=\"Institucional\">Institucional<\/a>\n\t\t<\/span><span class=\"aioseo-breadcrumb-separator\">&raquo;<\/span><span class=\"aioseo-breadcrumb\">\n\t\t\tEmblemas\n\t\t<\/span><\/div>","aioseo_breadcrumb_json":[{"label":"Home","link":"https:\/\/gimnasiolaconsolata.edu.co\/en"},{"label":"Institucional","link":"https:\/\/gimnasiolaconsolata.edu.co\/en\/institucional\/"},{"label":"Emblemas","link":"https:\/\/gimnasiolaconsolata.edu.co\/en\/institucional\/emblemas\/"}],"_links":{"self":[{"href":"https:\/\/gimnasiolaconsolata.edu.co\/en\/wp-json\/wp\/v2\/pages\/443","targetHints":{"allow":["GET"]}}],"collection":[{"href":"https:\/\/gimnasiolaconsolata.edu.co\/en\/wp-json\/wp\/v2\/pages"}],"about":[{"href":"https:\/\/gimnasiolaconsolata.edu.co\/en\/wp-json\/wp\/v2\/types\/page"}],"author":[{"embeddable":true,"href":"https:\/\/gimnasiolaconsolata.edu.co\/en\/wp-json\/wp\/v2\/users\/2"}],"replies":[{"embeddable":true,"href":"https:\/\/gimnasiolaconsolata.edu.co\/en\/wp-json\/wp\/v2\/comments?post=443"}],"version-history":[{"count":13,"href":"https:\/\/gimnasiolaconsolata.edu.co\/en\/wp-json\/wp\/v2\/pages\/443\/revisions"}],"predecessor-version":[{"id":1439,"href":"https:\/\/gimnasiolaconsolata.edu.co\/en\/wp-json\/wp\/v2\/pages\/443\/revisions\/1439"}],"up":[{"embeddable":true,"href":"https:\/\/gimnasiolaconsolata.edu.co\/en\/wp-json\/wp\/v2\/pages\/16"}],"wp:attachment":[{"href":"https:\/\/gimnasiolaconsolata.edu.co\/en\/wp-json\/wp\/v2\/media?parent=443"}],"curies":[{"name":"wp","href":"https:\/\/api.w.org\/{rel}","templated":true}]}}