{"id":619,"date":"2025-07-07T20:12:07","date_gmt":"2025-07-07T20:12:07","guid":{"rendered":"https:\/\/gimnasiolaconsolata.edu.co\/?page_id=619"},"modified":"2025-08-13T14:56:05","modified_gmt":"2025-08-13T14:56:05","slug":"proyecto-educativo","status":"publish","type":"page","link":"https:\/\/gimnasiolaconsolata.edu.co\/en\/pedagogia\/proyecto-educativo\/","title":{"rendered":"Proyecto educativo"},"content":{"rendered":"<div data-elementor-type=\"wp-page\" data-elementor-id=\"619\" class=\"elementor elementor-619\" data-elementor-post-type=\"page\">\n\t\t\t\t<div class=\"elementor-element elementor-element-dfa35b9 e-con-full e-flex e-con e-parent\" data-id=\"dfa35b9\" data-element_type=\"container\" data-e-type=\"container\">\n\t\t<div class=\"elementor-element elementor-element-3dc6cf8 e-con-full e-flex e-con e-child\" data-id=\"3dc6cf8\" data-element_type=\"container\" data-e-type=\"container\">\n\t\t\t\t<div class=\"elementor-element elementor-element-f5b09a2 premium-svg-animated-yes elementor-widget elementor-widget-premium-svg-drawer\" data-id=\"f5b09a2\" data-element_type=\"widget\" data-e-type=\"widget\" data-settings=\"{&quot;scroll_action&quot;:&quot;automatic&quot;,&quot;loop&quot;:&quot;true&quot;,&quot;yoyo&quot;:&quot;yes&quot;,&quot;animate_trigger&quot;:&quot;custom&quot;,&quot;animate_offset&quot;:{&quot;unit&quot;:&quot;%&quot;,&quot;size&quot;:100,&quot;sizes&quot;:[]},&quot;svg_fill&quot;:&quot;yes&quot;,&quot;svg_color&quot;:&quot;#009AD8&quot;,&quot;svg_fill_speed&quot;:{&quot;unit&quot;:&quot;px&quot;,&quot;size&quot;:0.1,&quot;sizes&quot;:[]},&quot;animate_start_point&quot;:{&quot;unit&quot;:&quot;%&quot;,&quot;size&quot;:0,&quot;sizes&quot;:[]},&quot;frames&quot;:5}\" data-widget_type=\"premium-svg-drawer.default\">\n\t\t\t\t<div class=\"elementor-widget-container\">\n\t\t\t\t\t\n\t\t\t<div class=\"premium-svg-draw elementor-invisible\">\n\n\t\t\t\t\n\t\t\t\t\n\t\t\t\t\t\n<svg id=\"Layer_2\" xmlns=\"http:\/\/www.w3.org\/2000\/svg\" viewbox=\"0 0 82.99 83.01\">\n  <defs>\n    \n      .cls-1 {\n        fill: ;\n        stroke-width: 0px;\n      }\n    \n  <\/defs>\n  <g id=\"Capa_1\">\n    <path class=\"cls-1\" d=\"M0,72.94C.55,36.34,28.47,5.16,64.95.45c2.83-.36,5.71-.36,8.57-.45,5.49-.17,9.27,3.11,9.47,8.15.2,5.23-3.33,8.94-8.98,9.09-11.37.3-21.93,3.2-31.32,9.7-15.45,10.7-23.91,25.45-25.14,44.26-.07,1.03-.15,2.05-.28,3.07-.72,5.69-4.2,9.01-9.07,8.71C3.27,82.68-.08,78.56,0,72.94Z\" \/>\n  <\/g>\n<\/svg>\n\t\t\t\t\n\t\t\t\t\n\t\t\t<\/div>\n\n\t\t\t\t\t\t<\/div>\n\t\t\t\t<\/div>\n\t\t\t\t<div class=\"elementor-element elementor-element-21dfb7d elementor-widget elementor-widget-heading\" data-id=\"21dfb7d\" data-element_type=\"widget\" data-e-type=\"widget\" data-widget_type=\"heading.default\">\n\t\t\t\t<div class=\"elementor-widget-container\">\n\t\t\t\t\t<h2 class=\"elementor-heading-title elementor-size-default\">Proyecto educativo<\/h2>\t\t\t\t<\/div>\n\t\t\t\t<\/div>\n\t\t\t\t<\/div>\n\t\t\t\t<\/div>\n\t\t<div class=\"elementor-element elementor-element-062a5e7 e-con-full e-flex e-con e-parent\" data-id=\"062a5e7\" data-element_type=\"container\" data-e-type=\"container\">\n\t\t<div class=\"elementor-element elementor-element-cbf303c e-con-full e-flex e-con e-child\" data-id=\"cbf303c\" data-element_type=\"container\" data-e-type=\"container\">\n\t\t\t\t<div class=\"elementor-element elementor-element-832dcc9 elementor-widget elementor-widget-heading\" data-id=\"832dcc9\" data-element_type=\"widget\" data-e-type=\"widget\" data-widget_type=\"heading.default\">\n\t\t\t\t<div class=\"elementor-widget-container\">\n\t\t\t\t\t<h2 class=\"elementor-heading-title elementor-size-default\">FORMACI\u00d3N<\/h2>\t\t\t\t<\/div>\n\t\t\t\t<\/div>\n\t\t\t\t<div class=\"elementor-element elementor-element-87d6c1f elementor-widget elementor-widget-heading\" data-id=\"87d6c1f\" data-element_type=\"widget\" data-e-type=\"widget\" data-widget_type=\"heading.default\">\n\t\t\t\t<div class=\"elementor-widget-container\">\n\t\t\t\t\t<h2 class=\"elementor-heading-title elementor-size-default\">AXIOL\u00d3GICA<\/h2>\t\t\t\t<\/div>\n\t\t\t\t<\/div>\n\t\t\t\t<\/div>\n\t\t<div class=\"elementor-element elementor-element-36a6faf e-con-full e-flex e-con e-child\" data-id=\"36a6faf\" data-element_type=\"container\" data-e-type=\"container\">\n\t\t\t\t<div class=\"elementor-element elementor-element-6fb5d87 elementor-widget elementor-widget-text-editor\" data-id=\"6fb5d87\" data-element_type=\"widget\" data-e-type=\"widget\" data-widget_type=\"text-editor.default\">\n\t\t\t\t<div class=\"elementor-widget-container\">\n\t\t\t\t\t\t\t\t\t<p>Nuestro proyecto educativo se basa en principios y valores que buscan comprometer a todos los agentes educativos con la<b> MISI\u00d3N <\/b>del colegio: formar seres humanos para colaborar en la construcci\u00f3n de un mundo <b>JUSTO, PAC\u00cdFICO, INCLUYENTE Y FELIZ.\u00a0<\/b><\/p><p>Este prop\u00f3sito lo logramos gracias a nuestro modelo <b>PEDAGOG\u00cdA PARA LA CONVIVENCIA<\/b> que nos invita a una sana convivencia a partir de la vivencia de las siguientes cuatro categor\u00edas: <b>\u00c9TICA DEL CUIDAD. MANEJO DE LAS EMOCIONES. PERD\u00d3N Y RECONCILIACI\u00d3N Y JUSTICIA RESTAURATIVA.<\/b> Nuestro lema en esta dimensi\u00f3n axiol\u00f3gica es <b>CUIDARNOS<\/b><br \/><b>PARA CRECER<\/b>.<\/p>\t\t\t\t\t\t\t\t<\/div>\n\t\t\t\t<\/div>\n\t\t\t\t<\/div>\n\t\t\t\t<\/div>\n\t\t<div class=\"elementor-element elementor-element-c8a7870 e-con-full e-flex e-con e-parent\" data-id=\"c8a7870\" data-element_type=\"container\" data-e-type=\"container\" data-settings=\"{&quot;background_background&quot;:&quot;classic&quot;}\">\n\t\t<div class=\"elementor-element elementor-element-6078eb1 e-con-full e-flex e-con e-child\" data-id=\"6078eb1\" data-element_type=\"container\" data-e-type=\"container\">\n\t\t\t\t<div class=\"elementor-element elementor-element-60a5dfc elementor-widget elementor-widget-text-editor\" data-id=\"60a5dfc\" data-element_type=\"widget\" data-e-type=\"widget\" data-widget_type=\"text-editor.default\">\n\t\t\t\t<div class=\"elementor-widget-container\">\n\t\t\t\t\t\t\t\t\t<p>Toda nuestra propuesta educativa se apoya, fundamentalmente, en la integraci\u00f3n de la familia al proceso educativo de sus hijos. El Colegio se presenta como \u201c<strong>EL CLUB DE LA FAMILIA<\/strong>\u201d. Sus instalaciones, que siempre permanecen abiertas para la integraci\u00f3n familiar, permiten el desarrollo de encuentros deportivos, ecol\u00f3gicos, culturales, recreativos, formativos y espirituales, inclusive los fines de semana y en periodo de vacaciones.<\/p>\t\t\t\t\t\t\t\t<\/div>\n\t\t\t\t<\/div>\n\t\t\t\t<\/div>\n\t\t<div class=\"elementor-element elementor-element-73a86cf e-con-full e-flex e-con e-child\" data-id=\"73a86cf\" data-element_type=\"container\" data-e-type=\"container\">\n\t\t\t\t<div class=\"elementor-element elementor-element-a6019c3 elementor-widget elementor-widget-heading\" data-id=\"a6019c3\" data-element_type=\"widget\" data-e-type=\"widget\" data-widget_type=\"heading.default\">\n\t\t\t\t<div class=\"elementor-widget-container\">\n\t\t\t\t\t<h2 class=\"elementor-heading-title elementor-size-default\">FORMACI\u00d3N<\/h2>\t\t\t\t<\/div>\n\t\t\t\t<\/div>\n\t\t\t\t<div class=\"elementor-element elementor-element-4ab1694 elementor-widget elementor-widget-heading\" data-id=\"4ab1694\" data-element_type=\"widget\" data-e-type=\"widget\" data-widget_type=\"heading.default\">\n\t\t\t\t<div class=\"elementor-widget-container\">\n\t\t\t\t\t<h2 class=\"elementor-heading-title elementor-size-default\">FAMILIAR<\/h2>\t\t\t\t<\/div>\n\t\t\t\t<\/div>\n\t\t\t\t<\/div>\n\t\t\t\t<\/div>\n\t\t<div class=\"elementor-element elementor-element-3daa7d6 e-con-full e-flex e-con e-parent\" data-id=\"3daa7d6\" data-element_type=\"container\" data-e-type=\"container\">\n\t\t<div class=\"elementor-element elementor-element-5c6c572 e-con-full e-flex e-con e-child\" data-id=\"5c6c572\" data-element_type=\"container\" data-e-type=\"container\">\n\t\t\t\t<div class=\"elementor-element elementor-element-ce597b5 elementor-widget elementor-widget-heading\" data-id=\"ce597b5\" data-element_type=\"widget\" data-e-type=\"widget\" data-widget_type=\"heading.default\">\n\t\t\t\t<div class=\"elementor-widget-container\">\n\t\t\t\t\t<h2 class=\"elementor-heading-title elementor-size-default\">FORMACI\u00d3N<\/h2>\t\t\t\t<\/div>\n\t\t\t\t<\/div>\n\t\t\t\t<div class=\"elementor-element elementor-element-dbb3f89 elementor-widget elementor-widget-heading\" data-id=\"dbb3f89\" data-element_type=\"widget\" data-e-type=\"widget\" data-widget_type=\"heading.default\">\n\t\t\t\t<div class=\"elementor-widget-container\">\n\t\t\t\t\t<h2 class=\"elementor-heading-title elementor-size-default\">CULTURAL Y<\/h2>\t\t\t\t<\/div>\n\t\t\t\t<\/div>\n\t\t\t\t<div class=\"elementor-element elementor-element-6920284 elementor-widget elementor-widget-heading\" data-id=\"6920284\" data-element_type=\"widget\" data-e-type=\"widget\" data-widget_type=\"heading.default\">\n\t\t\t\t<div class=\"elementor-widget-container\">\n\t\t\t\t\t<h2 class=\"elementor-heading-title elementor-size-default\">DEPORTIVA<\/h2>\t\t\t\t<\/div>\n\t\t\t\t<\/div>\n\t\t\t\t<\/div>\n\t\t<div class=\"elementor-element elementor-element-fd1309d e-con-full e-flex e-con e-child\" data-id=\"fd1309d\" data-element_type=\"container\" data-e-type=\"container\">\n\t\t\t\t<div class=\"elementor-element elementor-element-9d3a957 elementor-widget elementor-widget-text-editor\" data-id=\"9d3a957\" data-element_type=\"widget\" data-e-type=\"widget\" data-widget_type=\"text-editor.default\">\n\t\t\t\t<div class=\"elementor-widget-container\">\n\t\t\t\t\t\t\t\t\t<p>Todos los estudiantes tienen la opci\u00f3n, de acuerdo con sus aptitudes y capacidades art\u00edsticas, culturales y deportivas, de escoger entre clubes de danzas, artes, m\u00fasica, teatro, f\u00fatbol, baloncesto, tenis de campo, etc., todos ellos desarrollados dentro de la jornada escolar. Adem\u00e1s de las escuelas de formaci\u00f3n art\u00edstica y deportiva que se desarrollan a nivel extracurricular.<\/p>\t\t\t\t\t\t\t\t<\/div>\n\t\t\t\t<\/div>\n\t\t\t\t<\/div>\n\t\t\t\t<\/div>\n\t\t<div class=\"elementor-element elementor-element-d9c1ac1 e-con-full e-flex e-con e-parent\" data-id=\"d9c1ac1\" data-element_type=\"container\" data-e-type=\"container\" data-settings=\"{&quot;background_background&quot;:&quot;classic&quot;}\">\n\t\t<div class=\"elementor-element elementor-element-4c74b8d e-con-full e-flex e-con e-child\" data-id=\"4c74b8d\" data-element_type=\"container\" data-e-type=\"container\">\n\t\t\t\t<div class=\"elementor-element elementor-element-4d952fb elementor-widget elementor-widget-text-editor\" data-id=\"4d952fb\" data-element_type=\"widget\" data-e-type=\"widget\" data-widget_type=\"text-editor.default\">\n\t\t\t\t<div class=\"elementor-widget-container\">\n\t\t\t\t\t\t\t\t\t<p>El proyecto educativo del colegio ha integrado las NTICs a su modelo pedag\u00f3gico, incluyendo clases de rob\u00f3tica. Toda la planta f\u00edsica permite la conectividad a trav\u00e9s de una red f\u00edsica e inal\u00e1mbrica que facilita la mediaci\u00f3n pedag\u00f3gica de las nuevas tecnolog\u00edas de la inform\u00e1tica y la comunicaci\u00f3n tanto en las aulas de clase (que cuentan con se\u00f1al de televisi\u00f3n, CPU y acceso permanente a internet) como en todos los ambientes del colegio.\u00a0 El portal web permite el acceso en tiempo real de todos los padres de familia al desarrollo acad\u00e9mico y formativo de sus hijos a trav\u00e9s de la plataforma EDUCAMOS, de SM y a la web del proyecto SET 21 de Santillana.\u00a0<\/p>\t\t\t\t\t\t\t\t<\/div>\n\t\t\t\t<\/div>\n\t\t\t\t<\/div>\n\t\t<div class=\"elementor-element elementor-element-c0549b8 e-con-full e-flex e-con e-child\" data-id=\"c0549b8\" data-element_type=\"container\" data-e-type=\"container\">\n\t\t\t\t<div class=\"elementor-element elementor-element-e3eee4d elementor-widget elementor-widget-heading\" data-id=\"e3eee4d\" data-element_type=\"widget\" data-e-type=\"widget\" data-widget_type=\"heading.default\">\n\t\t\t\t<div class=\"elementor-widget-container\">\n\t\t\t\t\t<h2 class=\"elementor-heading-title elementor-size-default\">FORMACI\u00d3N<\/h2>\t\t\t\t<\/div>\n\t\t\t\t<\/div>\n\t\t\t\t<div class=\"elementor-element elementor-element-766346a elementor-widget elementor-widget-heading\" data-id=\"766346a\" data-element_type=\"widget\" data-e-type=\"widget\" data-widget_type=\"heading.default\">\n\t\t\t\t<div class=\"elementor-widget-container\">\n\t\t\t\t\t<h2 class=\"elementor-heading-title elementor-size-default\">TECNOL\u00d3GICA<\/h2>\t\t\t\t<\/div>\n\t\t\t\t<\/div>\n\t\t\t\t<\/div>\n\t\t\t\t<\/div>\n\t\t<div class=\"elementor-element elementor-element-c7fc493 e-con-full e-flex e-con e-parent\" data-id=\"c7fc493\" data-element_type=\"container\" data-e-type=\"container\">\n\t\t<div class=\"elementor-element elementor-element-4d29cb4 e-con-full e-flex e-con e-child\" data-id=\"4d29cb4\" data-element_type=\"container\" data-e-type=\"container\">\n\t\t\t\t<div class=\"elementor-element elementor-element-d5bce8b elementor-widget elementor-widget-heading\" data-id=\"d5bce8b\" data-element_type=\"widget\" data-e-type=\"widget\" data-widget_type=\"heading.default\">\n\t\t\t\t<div class=\"elementor-widget-container\">\n\t\t\t\t\t<h2 class=\"elementor-heading-title elementor-size-default\">FORMACI\u00d3N<\/h2>\t\t\t\t<\/div>\n\t\t\t\t<\/div>\n\t\t\t\t<div class=\"elementor-element elementor-element-fcc19cc elementor-widget elementor-widget-heading\" data-id=\"fcc19cc\" data-element_type=\"widget\" data-e-type=\"widget\" data-widget_type=\"heading.default\">\n\t\t\t\t<div class=\"elementor-widget-container\">\n\t\t\t\t\t<h2 class=\"elementor-heading-title elementor-size-default\">BILING\u00dcE<\/h2>\t\t\t\t<\/div>\n\t\t\t\t<\/div>\n\t\t\t\t<\/div>\n\t\t<div class=\"elementor-element elementor-element-047899c e-con-full e-flex e-con e-child\" data-id=\"047899c\" data-element_type=\"container\" data-e-type=\"container\">\n\t\t\t\t<div class=\"elementor-element elementor-element-8bfe372 elementor-widget elementor-widget-text-editor\" data-id=\"8bfe372\" data-element_type=\"widget\" data-e-type=\"widget\" data-widget_type=\"text-editor.default\">\n\t\t\t\t<div class=\"elementor-widget-container\">\n\t\t\t\t\t\t\t\t\tUno de los valores agregados del colegio es su plan de estudios biling\u00fce, bajo la modalidad de biling\u00fcismo nacional, que integra ambientes y espacios en la lengua inglesa desde el preescolar, haciendo \u00e9nfasis en un modelo biling\u00fce comunicativo, desarrollando asignaturas vivenciales en el ingl\u00e9s como: Sport and Recreation, Ecology, Ethic, ICT, Testing, Reading and Writing, Conversation and English. Este proyecto curricular lo desarrollamos gracias al convenio con Richmond Solution For School y con la exigencia de ex\u00e1menes internacionales en los grados 5\u00b0, 8\u00b0 y 10\u00b0 teniendo como meta graduar bachilleres con est\u00e1ndares internacionales bajo el marco com\u00fan europeo en B1 y B2 de acuerdo con sus niveles de desempe\u00f1o.\t\t\t\t\t\t\t\t<\/div>\n\t\t\t\t<\/div>\n\t\t\t\t<\/div>\n\t\t\t\t<\/div>\n\t\t<div class=\"elementor-element elementor-element-e9364c6 e-con-full e-flex e-con e-parent\" data-id=\"e9364c6\" data-element_type=\"container\" data-e-type=\"container\" data-settings=\"{&quot;background_background&quot;:&quot;classic&quot;}\">\n\t\t<div class=\"elementor-element elementor-element-0c4fcac e-con-full e-flex e-con e-child\" data-id=\"0c4fcac\" data-element_type=\"container\" data-e-type=\"container\">\n\t\t\t\t<div class=\"elementor-element elementor-element-5e9e217 elementor-widget elementor-widget-text-editor\" data-id=\"5e9e217\" data-element_type=\"widget\" data-e-type=\"widget\" data-widget_type=\"text-editor.default\">\n\t\t\t\t<div class=\"elementor-widget-container\">\n\t\t\t\t\t\t\t\t\tEl colegio se encuentra vinculado a la comunidad de Los Misioneros de La Consolata, comunidad italiana que tiene presencia en 28 pa\u00edses del mundo. Actualmente el colegio hace parte de la Red Latinoamericana de Colegios IMC, con sedes en Argentina, Brasil, Ecuador y Colombia, en donde existen dos colegios m\u00e1s, en la ciudad de Bogot\u00e1 y Bucaramanga. Este apoyo internacional de los Misioneros de La Consolata, le permite al colegio, desde su oficina de relaciones internacionales, planear experiencias pedag\u00f3gicas biling\u00fces e interculturales en pa\u00edses de los cinco continentes.\t\t\t\t\t\t\t\t<\/div>\n\t\t\t\t<\/div>\n\t\t\t\t<\/div>\n\t\t<div class=\"elementor-element elementor-element-8f1783b e-con-full e-flex e-con e-child\" data-id=\"8f1783b\" data-element_type=\"container\" data-e-type=\"container\">\n\t\t\t\t<div class=\"elementor-element elementor-element-9cbea49 elementor-widget elementor-widget-heading\" data-id=\"9cbea49\" data-element_type=\"widget\" data-e-type=\"widget\" data-widget_type=\"heading.default\">\n\t\t\t\t<div class=\"elementor-widget-container\">\n\t\t\t\t\t<h2 class=\"elementor-heading-title elementor-size-default\">FORMACI\u00d3N<\/h2>\t\t\t\t<\/div>\n\t\t\t\t<\/div>\n\t\t\t\t<div class=\"elementor-element elementor-element-9c78611 elementor-widget elementor-widget-heading\" data-id=\"9c78611\" data-element_type=\"widget\" data-e-type=\"widget\" data-widget_type=\"heading.default\">\n\t\t\t\t<div class=\"elementor-widget-container\">\n\t\t\t\t\t<h2 class=\"elementor-heading-title elementor-size-default\">INTERNACIONAL<\/h2>\t\t\t\t<\/div>\n\t\t\t\t<\/div>\n\t\t\t\t<\/div>\n\t\t\t\t<\/div>\n\t\t<div class=\"elementor-element elementor-element-40dfb5a e-con-full e-flex e-con e-parent\" data-id=\"40dfb5a\" data-element_type=\"container\" data-e-type=\"container\">\n\t\t<div class=\"elementor-element elementor-element-9933d86 e-con-full e-flex e-con e-child\" data-id=\"9933d86\" data-element_type=\"container\" data-e-type=\"container\">\n\t\t\t\t<div class=\"elementor-element elementor-element-ff61624 elementor-widget elementor-widget-heading\" data-id=\"ff61624\" data-element_type=\"widget\" data-e-type=\"widget\" data-widget_type=\"heading.default\">\n\t\t\t\t<div class=\"elementor-widget-container\">\n\t\t\t\t\t<h2 class=\"elementor-heading-title elementor-size-default\">FORMACI\u00d3N<\/h2>\t\t\t\t<\/div>\n\t\t\t\t<\/div>\n\t\t\t\t<div class=\"elementor-element elementor-element-a9db419 elementor-widget elementor-widget-heading\" data-id=\"a9db419\" data-element_type=\"widget\" data-e-type=\"widget\" data-widget_type=\"heading.default\">\n\t\t\t\t<div class=\"elementor-widget-container\">\n\t\t\t\t\t<h2 class=\"elementor-heading-title elementor-size-default\">PASTORAL Y SOCIAL<\/h2>\t\t\t\t<\/div>\n\t\t\t\t<\/div>\n\t\t\t\t<\/div>\n\t\t<div class=\"elementor-element elementor-element-483be23 e-con-full e-flex e-con e-child\" data-id=\"483be23\" data-element_type=\"container\" data-e-type=\"container\">\n\t\t\t\t<div class=\"elementor-element elementor-element-74729d2 elementor-widget elementor-widget-text-editor\" data-id=\"74729d2\" data-element_type=\"widget\" data-e-type=\"widget\" data-widget_type=\"text-editor.default\">\n\t\t\t\t<div class=\"elementor-widget-container\">\n\t\t\t\t\t\t\t\t\tAl pertenecer a una comunidad religiosa misionera, el colegio ha incluido en su proyecto educativo los valores propios del carisma de los Misioneros de La Consolata que comprometen a todos los agentes educativos con la pastoral juvenil, familiar y social, apoyando las obras pastorales y sociales de los misioneros entre los campesinos, ind\u00edgenas, afrodescendientes y marginados de los territorios m\u00e1s apartados de nuestro pa\u00eds como el Cauca, Caquet\u00e1, Putumayo y Bol\u00edvar.\t\t\t\t\t\t\t\t<\/div>\n\t\t\t\t<\/div>\n\t\t\t\t<\/div>\n\t\t\t\t<\/div>\n\t\t\t\t<\/div>","protected":false},"excerpt":{"rendered":"<p>Proyecto educativo FORMACI\u00d3N AXIOL\u00d3GICA Nuestro proyecto educativo se basa en principios y valores que buscan comprometer a todos los agentes educativos con la MISI\u00d3N del colegio: formar seres humanos para colaborar en la construcci\u00f3n de un mundo JUSTO, PAC\u00cdFICO, INCLUYENTE Y FELIZ.\u00a0 Este prop\u00f3sito lo logramos gracias a nuestro modelo PEDAGOG\u00cdA PARA LA CONVIVENCIA que [&hellip;]<\/p>\n","protected":false},"author":2,"featured_media":0,"parent":18,"menu_order":1,"comment_status":"closed","ping_status":"closed","template":"","meta":{"_acf_changed":false,"_joinchat":[],"footnotes":""},"class_list":["post-619","page","type-page","status-publish","hentry"],"acf":[],"aioseo_notices":[],"aioseo_head":"\n\t\t<!-- All in One SEO 5.0.1.1 - aioseo.com -->\n\t<meta name=\"description\" content=\".cls-1 { fill: ; stroke-width: 0px; } Proyecto educativo FORMACI\u00d3N AXIOL\u00d3GICA Nuestro proyecto educativo se basa en principios y valores que buscan comprometer a todos los agentes educativos con la MISI\u00d3N del colegio: formar seres humanos para colaborar en la construcci\u00f3n de un mundo JUSTO, PAC\u00cdFICO, INCLUYENTE Y FELIZ. Este prop\u00f3sito lo logramos gracias a nuestro\" \/>\n\t<meta name=\"robots\" content=\"max-image-preview:large\" \/>\n\t<link rel=\"canonical\" href=\"https:\/\/gimnasiolaconsolata.edu.co\/en\/pedagogia\/proyecto-educativo\/\" \/>\n\t<meta name=\"generator\" content=\"All in One SEO (AIOSEO) 5.0.1.1\" \/>\n\t\t<meta property=\"og:locale\" content=\"en_US\" \/>\n\t\t<meta property=\"og:site_name\" content=\"Gimnasio la consolata -\" \/>\n\t\t<meta property=\"og:type\" content=\"article\" \/>\n\t\t<meta property=\"og:title\" content=\"Proyecto educativo - Gimnasio la consolata\" \/>\n\t\t<meta property=\"og:description\" content=\".cls-1 { fill: ; stroke-width: 0px; } Proyecto educativo FORMACI\u00d3N AXIOL\u00d3GICA Nuestro proyecto educativo se basa en principios y valores que buscan comprometer a todos los agentes educativos con la MISI\u00d3N del colegio: formar seres humanos para colaborar en la construcci\u00f3n de un mundo JUSTO, PAC\u00cdFICO, INCLUYENTE Y FELIZ. Este prop\u00f3sito lo logramos gracias a nuestro\" \/>\n\t\t<meta property=\"og:url\" content=\"https:\/\/gimnasiolaconsolata.edu.co\/en\/pedagogia\/proyecto-educativo\/\" \/>\n\t\t<meta property=\"og:image\" content=\"https:\/\/gimnasiolaconsolata.edu.co\/wp-content\/uploads\/2025\/06\/Logo.svg\" \/>\n\t\t<meta property=\"og:image:secure_url\" content=\"https:\/\/gimnasiolaconsolata.edu.co\/wp-content\/uploads\/2025\/06\/Logo.svg\" \/>\n\t\t<meta property=\"article:published_time\" content=\"2025-07-07T20:12:07+00:00\" \/>\n\t\t<meta property=\"article:modified_time\" content=\"2025-08-13T14:56:05+00:00\" \/>\n\t\t<meta name=\"twitter:card\" content=\"summary_large_image\" \/>\n\t\t<meta name=\"twitter:title\" content=\"Proyecto educativo - Gimnasio la consolata\" \/>\n\t\t<meta name=\"twitter:description\" content=\".cls-1 { fill: ; stroke-width: 0px; } Proyecto educativo FORMACI\u00d3N AXIOL\u00d3GICA Nuestro proyecto educativo se basa en principios y valores que buscan comprometer a todos los agentes educativos con la MISI\u00d3N del colegio: formar seres humanos para colaborar en la construcci\u00f3n de un mundo JUSTO, PAC\u00cdFICO, INCLUYENTE Y FELIZ. Este prop\u00f3sito lo logramos gracias a nuestro\" \/>\n\t\t<meta name=\"twitter:image\" content=\"https:\/\/gimnasiolaconsolata.edu.co\/wp-content\/uploads\/2025\/06\/Logo.svg\" \/>\n\t\t<script type=\"application\/ld+json\" class=\"aioseo-schema\">\n\t\t\t{\"@context\":\"https:\\\/\\\/schema.org\",\"@graph\":[{\"@type\":\"BreadcrumbList\",\"@id\":\"https:\\\/\\\/gimnasiolaconsolata.edu.co\\\/en\\\/pedagogia\\\/proyecto-educativo\\\/#breadcrumblist\",\"itemListElement\":[{\"@type\":\"ListItem\",\"@id\":\"https:\\\/\\\/gimnasiolaconsolata.edu.co\\\/en#listItem\",\"position\":1,\"name\":\"Home\",\"item\":\"https:\\\/\\\/gimnasiolaconsolata.edu.co\\\/en\",\"nextItem\":{\"@type\":\"ListItem\",\"@id\":\"https:\\\/\\\/gimnasiolaconsolata.edu.co\\\/en\\\/pedagogia\\\/#listItem\",\"name\":\"Pedagog\\u00eda\"}},{\"@type\":\"ListItem\",\"@id\":\"https:\\\/\\\/gimnasiolaconsolata.edu.co\\\/en\\\/pedagogia\\\/#listItem\",\"position\":2,\"name\":\"Pedagog\\u00eda\",\"item\":\"https:\\\/\\\/gimnasiolaconsolata.edu.co\\\/en\\\/pedagogia\\\/\",\"nextItem\":{\"@type\":\"ListItem\",\"@id\":\"https:\\\/\\\/gimnasiolaconsolata.edu.co\\\/en\\\/pedagogia\\\/proyecto-educativo\\\/#listItem\",\"name\":\"Proyecto educativo\"},\"previousItem\":{\"@type\":\"ListItem\",\"@id\":\"https:\\\/\\\/gimnasiolaconsolata.edu.co\\\/en#listItem\",\"name\":\"Home\"}},{\"@type\":\"ListItem\",\"@id\":\"https:\\\/\\\/gimnasiolaconsolata.edu.co\\\/en\\\/pedagogia\\\/proyecto-educativo\\\/#listItem\",\"position\":3,\"name\":\"Proyecto educativo\",\"previousItem\":{\"@type\":\"ListItem\",\"@id\":\"https:\\\/\\\/gimnasiolaconsolata.edu.co\\\/en\\\/pedagogia\\\/#listItem\",\"name\":\"Pedagog\\u00eda\"}}]},{\"@type\":\"Organization\",\"@id\":\"https:\\\/\\\/gimnasiolaconsolata.edu.co\\\/en\\\/#organization\",\"name\":\"Gimnasio la consolata\",\"url\":\"https:\\\/\\\/gimnasiolaconsolata.edu.co\\\/en\\\/\",\"logo\":{\"@type\":\"ImageObject\",\"url\":\"https:\\\/\\\/gimnasiolaconsolata.edu.co\\\/wp-content\\\/uploads\\\/2025\\\/06\\\/logo.svg\",\"@id\":\"https:\\\/\\\/gimnasiolaconsolata.edu.co\\\/en\\\/pedagogia\\\/proyecto-educativo\\\/#organizationLogo\"},\"image\":{\"@id\":\"https:\\\/\\\/gimnasiolaconsolata.edu.co\\\/en\\\/pedagogia\\\/proyecto-educativo\\\/#organizationLogo\"}},{\"@type\":\"WebPage\",\"@id\":\"https:\\\/\\\/gimnasiolaconsolata.edu.co\\\/en\\\/pedagogia\\\/proyecto-educativo\\\/#webpage\",\"url\":\"https:\\\/\\\/gimnasiolaconsolata.edu.co\\\/en\\\/pedagogia\\\/proyecto-educativo\\\/\",\"name\":\"Proyecto educativo - Gimnasio la consolata\",\"description\":\".cls-1 { fill: ; stroke-width: 0px; } Proyecto educativo FORMACI\\u00d3N AXIOL\\u00d3GICA Nuestro proyecto educativo se basa en principios y valores que buscan comprometer a todos los agentes educativos con la MISI\\u00d3N del colegio: formar seres humanos para colaborar en la construcci\\u00f3n de un mundo JUSTO, PAC\\u00cdFICO, INCLUYENTE Y FELIZ. Este prop\\u00f3sito lo logramos gracias a nuestro\",\"inLanguage\":\"en-US\",\"isPartOf\":{\"@id\":\"https:\\\/\\\/gimnasiolaconsolata.edu.co\\\/en\\\/#website\"},\"breadcrumb\":{\"@id\":\"https:\\\/\\\/gimnasiolaconsolata.edu.co\\\/en\\\/pedagogia\\\/proyecto-educativo\\\/#breadcrumblist\"},\"datePublished\":\"2025-07-07T20:12:07+00:00\",\"dateModified\":\"2025-08-13T14:56:05+00:00\"},{\"@type\":\"WebSite\",\"@id\":\"https:\\\/\\\/gimnasiolaconsolata.edu.co\\\/en\\\/#website\",\"url\":\"https:\\\/\\\/gimnasiolaconsolata.edu.co\\\/en\\\/\",\"name\":\"Gimnasio la consolata\",\"inLanguage\":\"en-US\",\"publisher\":{\"@id\":\"https:\\\/\\\/gimnasiolaconsolata.edu.co\\\/en\\\/#organization\"}}]}\n\t\t<\/script>\n\t\t<!-- All in One SEO -->\n\n","aioseo_head_json":{"title":"Proyecto educativo - Gimnasio la consolata","description":".cls-1 { fill: ; stroke-width: 0px; } Proyecto educativo FORMACI\u00d3N AXIOL\u00d3GICA Nuestro proyecto educativo se basa en principios y valores que buscan comprometer a todos los agentes educativos con la MISI\u00d3N del colegio: formar seres humanos para colaborar en la construcci\u00f3n de un mundo JUSTO, PAC\u00cdFICO, INCLUYENTE Y FELIZ. Este prop\u00f3sito lo logramos gracias a nuestro","canonical_url":"https:\/\/gimnasiolaconsolata.edu.co\/en\/pedagogia\/proyecto-educativo\/","robots":"max-image-preview:large","keywords":"","webmasterTools":{"miscellaneous":""},"schema":{"@context":"https:\/\/schema.org","@graph":[{"@type":"BreadcrumbList","@id":"https:\/\/gimnasiolaconsolata.edu.co\/en\/pedagogia\/proyecto-educativo\/#breadcrumblist","itemListElement":[{"@type":"ListItem","@id":"https:\/\/gimnasiolaconsolata.edu.co\/en#listItem","position":1,"name":"Home","item":"https:\/\/gimnasiolaconsolata.edu.co\/en","nextItem":{"@type":"ListItem","@id":"https:\/\/gimnasiolaconsolata.edu.co\/en\/pedagogia\/#listItem","name":"Pedagog\u00eda"}},{"@type":"ListItem","@id":"https:\/\/gimnasiolaconsolata.edu.co\/en\/pedagogia\/#listItem","position":2,"name":"Pedagog\u00eda","item":"https:\/\/gimnasiolaconsolata.edu.co\/en\/pedagogia\/","nextItem":{"@type":"ListItem","@id":"https:\/\/gimnasiolaconsolata.edu.co\/en\/pedagogia\/proyecto-educativo\/#listItem","name":"Proyecto educativo"},"previousItem":{"@type":"ListItem","@id":"https:\/\/gimnasiolaconsolata.edu.co\/en#listItem","name":"Home"}},{"@type":"ListItem","@id":"https:\/\/gimnasiolaconsolata.edu.co\/en\/pedagogia\/proyecto-educativo\/#listItem","position":3,"name":"Proyecto educativo","previousItem":{"@type":"ListItem","@id":"https:\/\/gimnasiolaconsolata.edu.co\/en\/pedagogia\/#listItem","name":"Pedagog\u00eda"}}]},{"@type":"Organization","@id":"https:\/\/gimnasiolaconsolata.edu.co\/en\/#organization","name":"Gimnasio la consolata","url":"https:\/\/gimnasiolaconsolata.edu.co\/en\/","logo":{"@type":"ImageObject","url":"https:\/\/gimnasiolaconsolata.edu.co\/wp-content\/uploads\/2025\/06\/logo.svg","@id":"https:\/\/gimnasiolaconsolata.edu.co\/en\/pedagogia\/proyecto-educativo\/#organizationLogo"},"image":{"@id":"https:\/\/gimnasiolaconsolata.edu.co\/en\/pedagogia\/proyecto-educativo\/#organizationLogo"}},{"@type":"WebPage","@id":"https:\/\/gimnasiolaconsolata.edu.co\/en\/pedagogia\/proyecto-educativo\/#webpage","url":"https:\/\/gimnasiolaconsolata.edu.co\/en\/pedagogia\/proyecto-educativo\/","name":"Proyecto educativo - Gimnasio la consolata","description":".cls-1 { fill: ; stroke-width: 0px; } Proyecto educativo FORMACI\u00d3N AXIOL\u00d3GICA Nuestro proyecto educativo se basa en principios y valores que buscan comprometer a todos los agentes educativos con la MISI\u00d3N del colegio: formar seres humanos para colaborar en la construcci\u00f3n de un mundo JUSTO, PAC\u00cdFICO, INCLUYENTE Y FELIZ. Este prop\u00f3sito lo logramos gracias a nuestro","inLanguage":"en-US","isPartOf":{"@id":"https:\/\/gimnasiolaconsolata.edu.co\/en\/#website"},"breadcrumb":{"@id":"https:\/\/gimnasiolaconsolata.edu.co\/en\/pedagogia\/proyecto-educativo\/#breadcrumblist"},"datePublished":"2025-07-07T20:12:07+00:00","dateModified":"2025-08-13T14:56:05+00:00"},{"@type":"WebSite","@id":"https:\/\/gimnasiolaconsolata.edu.co\/en\/#website","url":"https:\/\/gimnasiolaconsolata.edu.co\/en\/","name":"Gimnasio la consolata","inLanguage":"en-US","publisher":{"@id":"https:\/\/gimnasiolaconsolata.edu.co\/en\/#organization"}}]},"og:locale":"en_US","og:site_name":"Gimnasio la consolata -","og:type":"article","og:title":"Proyecto educativo - Gimnasio la consolata","og:description":".cls-1 { fill: ; stroke-width: 0px; } Proyecto educativo FORMACI\u00d3N AXIOL\u00d3GICA Nuestro proyecto educativo se basa en principios y valores que buscan comprometer a todos los agentes educativos con la MISI\u00d3N del colegio: formar seres humanos para colaborar en la construcci\u00f3n de un mundo JUSTO, PAC\u00cdFICO, INCLUYENTE Y FELIZ. Este prop\u00f3sito lo logramos gracias a nuestro","og:url":"https:\/\/gimnasiolaconsolata.edu.co\/en\/pedagogia\/proyecto-educativo\/","og:image":"https:\/\/gimnasiolaconsolata.edu.co\/wp-content\/uploads\/2025\/06\/Logo.svg","og:image:secure_url":"https:\/\/gimnasiolaconsolata.edu.co\/wp-content\/uploads\/2025\/06\/Logo.svg","article:published_time":"2025-07-07T20:12:07+00:00","article:modified_time":"2025-08-13T14:56:05+00:00","twitter:card":"summary_large_image","twitter:title":"Proyecto educativo - Gimnasio la consolata","twitter:description":".cls-1 { fill: ; stroke-width: 0px; } Proyecto educativo FORMACI\u00d3N AXIOL\u00d3GICA Nuestro proyecto educativo se basa en principios y valores que buscan comprometer a todos los agentes educativos con la MISI\u00d3N del colegio: formar seres humanos para colaborar en la construcci\u00f3n de un mundo JUSTO, PAC\u00cdFICO, INCLUYENTE Y FELIZ. Este prop\u00f3sito lo logramos gracias a nuestro","twitter:image":"https:\/\/gimnasiolaconsolata.edu.co\/wp-content\/uploads\/2025\/06\/Logo.svg"},"aioseo_meta_data":{"post_id":"619","title":null,"description":null,"keywords":null,"keyphrases":{"focus":[],"additional":[]},"primary_term":null,"canonical_url":null,"og_title":null,"og_description":null,"og_object_type":"default","og_image_type":"default","og_image_url":null,"og_image_width":null,"og_image_height":null,"og_image_custom_url":null,"og_image_custom_fields":null,"og_video":null,"og_custom_url":null,"og_article_section":null,"og_article_tags":null,"twitter_use_og":true,"twitter_card":"default","twitter_image_type":"default","twitter_image_url":null,"twitter_image_custom_url":null,"twitter_image_custom_fields":null,"twitter_title":null,"twitter_description":null,"schema":{"blockGraphs":[],"customGraphs":[],"default":{"data":{"Article":[],"Course":[],"Dataset":[],"FAQPage":[],"Movie":[],"Person":[],"Product":[],"ProductReview":[],"Car":[],"Recipe":[],"Service":[],"SoftwareApplication":[],"WebPage":[]},"graphName":"","isEnabled":true},"graphs":[]},"schema_type":"default","schema_type_options":null,"pillar_content":false,"robots_default":true,"robots_noindex":false,"robots_noarchive":false,"robots_nosnippet":false,"robots_nofollow":false,"robots_noimageindex":false,"robots_noodp":false,"robots_notranslate":false,"robots_max_snippet":null,"robots_max_videopreview":null,"robots_max_imagepreview":"large","priority":null,"frequency":null,"local_seo":null,"breadcrumb_settings":null,"limit_modified_date":false,"ai":null,"created":"2025-08-01 20:26:59","updated":"2026-08-31 18:35:02","seo_analyzer_scan_date":null,"focus_keyword":null,"additional_keywords":null,"truseo_locale":null},"aioseo_breadcrumb":"<div class=\"aioseo-breadcrumbs\"><span class=\"aioseo-breadcrumb\">\n\t\t\t<a href=\"https:\/\/gimnasiolaconsolata.edu.co\/en\" title=\"Home\">Home<\/a>\n\t\t<\/span><span class=\"aioseo-breadcrumb-separator\">&raquo;<\/span><span class=\"aioseo-breadcrumb\">\n\t\t\t<a href=\"https:\/\/gimnasiolaconsolata.edu.co\/en\/pedagogia\/\" title=\"Pedagog\u00eda\">Pedagog\u00eda<\/a>\n\t\t<\/span><span class=\"aioseo-breadcrumb-separator\">&raquo;<\/span><span class=\"aioseo-breadcrumb\">\n\t\t\tProyecto educativo\n\t\t<\/span><\/div>","aioseo_breadcrumb_json":[{"label":"Home","link":"https:\/\/gimnasiolaconsolata.edu.co\/en"},{"label":"Pedagog\u00eda","link":"https:\/\/gimnasiolaconsolata.edu.co\/en\/pedagogia\/"},{"label":"Proyecto educativo","link":"https:\/\/gimnasiolaconsolata.edu.co\/en\/pedagogia\/proyecto-educativo\/"}],"_links":{"self":[{"href":"https:\/\/gimnasiolaconsolata.edu.co\/en\/wp-json\/wp\/v2\/pages\/619","targetHints":{"allow":["GET"]}}],"collection":[{"href":"https:\/\/gimnasiolaconsolata.edu.co\/en\/wp-json\/wp\/v2\/pages"}],"about":[{"href":"https:\/\/gimnasiolaconsolata.edu.co\/en\/wp-json\/wp\/v2\/types\/page"}],"author":[{"embeddable":true,"href":"https:\/\/gimnasiolaconsolata.edu.co\/en\/wp-json\/wp\/v2\/users\/2"}],"replies":[{"embeddable":true,"href":"https:\/\/gimnasiolaconsolata.edu.co\/en\/wp-json\/wp\/v2\/comments?post=619"}],"version-history":[{"count":19,"href":"https:\/\/gimnasiolaconsolata.edu.co\/en\/wp-json\/wp\/v2\/pages\/619\/revisions"}],"predecessor-version":[{"id":1460,"href":"https:\/\/gimnasiolaconsolata.edu.co\/en\/wp-json\/wp\/v2\/pages\/619\/revisions\/1460"}],"up":[{"embeddable":true,"href":"https:\/\/gimnasiolaconsolata.edu.co\/en\/wp-json\/wp\/v2\/pages\/18"}],"wp:attachment":[{"href":"https:\/\/gimnasiolaconsolata.edu.co\/en\/wp-json\/wp\/v2\/media?parent=619"}],"curies":[{"name":"wp","href":"https:\/\/api.w.org\/{rel}","templated":true}]}}