{"id":627,"date":"2025-07-07T20:33:07","date_gmt":"2025-07-07T20:33:07","guid":{"rendered":"https:\/\/gimnasiolaconsolata.edu.co\/?page_id=627"},"modified":"2025-07-08T14:42:45","modified_gmt":"2025-07-08T14:42:45","slug":"perfil-del-estudiante","status":"publish","type":"page","link":"https:\/\/gimnasiolaconsolata.edu.co\/en\/pedagogia\/perfil-del-estudiante\/","title":{"rendered":"Perfil del estudiante"},"content":{"rendered":"<div data-elementor-type=\"wp-page\" data-elementor-id=\"627\" class=\"elementor elementor-627\" data-elementor-post-type=\"page\">\n\t\t\t\t<div class=\"elementor-element elementor-element-60cda19 e-con-full e-flex e-con e-parent\" data-id=\"60cda19\" data-element_type=\"container\" data-e-type=\"container\">\n\t\t<div class=\"elementor-element elementor-element-2c2abe7 e-con-full e-flex e-con e-child\" data-id=\"2c2abe7\" data-element_type=\"container\" data-e-type=\"container\">\n\t\t\t\t<div class=\"elementor-element elementor-element-ee54254 premium-svg-animated-yes elementor-widget elementor-widget-premium-svg-drawer\" data-id=\"ee54254\" data-element_type=\"widget\" data-e-type=\"widget\" data-settings=\"{&quot;scroll_action&quot;:&quot;automatic&quot;,&quot;loop&quot;:&quot;true&quot;,&quot;yoyo&quot;:&quot;yes&quot;,&quot;animate_trigger&quot;:&quot;custom&quot;,&quot;animate_offset&quot;:{&quot;unit&quot;:&quot;%&quot;,&quot;size&quot;:100,&quot;sizes&quot;:[]},&quot;svg_fill&quot;:&quot;yes&quot;,&quot;svg_color&quot;:&quot;#009AD8&quot;,&quot;svg_fill_speed&quot;:{&quot;unit&quot;:&quot;px&quot;,&quot;size&quot;:0.1,&quot;sizes&quot;:[]},&quot;animate_start_point&quot;:{&quot;unit&quot;:&quot;%&quot;,&quot;size&quot;:0,&quot;sizes&quot;:[]},&quot;frames&quot;:5}\" data-widget_type=\"premium-svg-drawer.default\">\n\t\t\t\t<div class=\"elementor-widget-container\">\n\t\t\t\t\t\n\t\t\t<div class=\"premium-svg-draw elementor-invisible\">\n\n\t\t\t\t\n\t\t\t\t\n\t\t\t\t\t\n<svg id=\"Layer_2\" xmlns=\"http:\/\/www.w3.org\/2000\/svg\" viewbox=\"0 0 82.99 83.01\">\n  <defs>\n    \n      .cls-1 {\n        fill: ;\n        stroke-width: 0px;\n      }\n    \n  <\/defs>\n  <g id=\"Capa_1\">\n    <path class=\"cls-1\" d=\"M0,72.94C.55,36.34,28.47,5.16,64.95.45c2.83-.36,5.71-.36,8.57-.45,5.49-.17,9.27,3.11,9.47,8.15.2,5.23-3.33,8.94-8.98,9.09-11.37.3-21.93,3.2-31.32,9.7-15.45,10.7-23.91,25.45-25.14,44.26-.07,1.03-.15,2.05-.28,3.07-.72,5.69-4.2,9.01-9.07,8.71C3.27,82.68-.08,78.56,0,72.94Z\" \/>\n  <\/g>\n<\/svg>\n\t\t\t\t\n\t\t\t\t\n\t\t\t<\/div>\n\n\t\t\t\t\t\t<\/div>\n\t\t\t\t<\/div>\n\t\t\t\t<div class=\"elementor-element elementor-element-c83e941 elementor-widget elementor-widget-heading\" data-id=\"c83e941\" data-element_type=\"widget\" data-e-type=\"widget\" data-widget_type=\"heading.default\">\n\t\t\t\t<div class=\"elementor-widget-container\">\n\t\t\t\t\t<h2 class=\"elementor-heading-title elementor-size-default\">Perfil del estudiante<\/h2>\t\t\t\t<\/div>\n\t\t\t\t<\/div>\n\t\t\t\t<\/div>\n\t\t\t\t<\/div>\n\t\t<div class=\"elementor-element elementor-element-12f210a e-con-full e-flex e-con e-parent\" data-id=\"12f210a\" data-element_type=\"container\" data-e-type=\"container\">\n\t\t<div class=\"elementor-element elementor-element-f9a8229 e-con-full e-flex e-con e-child\" data-id=\"f9a8229\" data-element_type=\"container\" data-e-type=\"container\">\n\t\t\t\t<div class=\"elementor-element elementor-element-4147355 elementor-widget elementor-widget-heading\" data-id=\"4147355\" data-element_type=\"widget\" data-e-type=\"widget\" data-widget_type=\"heading.default\">\n\t\t\t\t<div class=\"elementor-widget-container\">\n\t\t\t\t\t<h2 class=\"elementor-heading-title elementor-size-default\">DIMENSI\u00d3N\n<\/h2>\t\t\t\t<\/div>\n\t\t\t\t<\/div>\n\t\t\t\t<div class=\"elementor-element elementor-element-7b7aa98 elementor-widget elementor-widget-heading\" data-id=\"7b7aa98\" data-element_type=\"widget\" data-e-type=\"widget\" data-widget_type=\"heading.default\">\n\t\t\t\t<div class=\"elementor-widget-container\">\n\t\t\t\t\t<h2 class=\"elementor-heading-title elementor-size-default\">COGNITIVA<\/h2>\t\t\t\t<\/div>\n\t\t\t\t<\/div>\n\t\t\t\t<\/div>\n\t\t<div class=\"elementor-element elementor-element-4798b0f e-con-full e-flex e-con e-child\" data-id=\"4798b0f\" data-element_type=\"container\" data-e-type=\"container\">\n\t\t\t\t<div class=\"elementor-element elementor-element-aba8052 elementor-widget elementor-widget-text-editor\" data-id=\"aba8052\" data-element_type=\"widget\" data-e-type=\"widget\" data-widget_type=\"text-editor.default\">\n\t\t\t\t<div class=\"elementor-widget-container\">\n\t\t\t\t\t\t\t\t\tDesde la Dimensi\u00f3n Cognitiva, el estudiante del Gimnasio Campestre La Consolata ser\u00e1 una persona:\n\n\n<ul>\n \t<li>\nQue encarna en su vida acad\u00e9mica los valores de la disciplina, h\u00e1bitos de estudio, inter\u00e9s por la lectura y la Creatividad.\n<\/li>\n<li>Competente en el uso asertivo de todos sus conocimientos y en el desarrollo permanente de su inteligencia.\nCompetente en el uso comunicativo de su lengua materna y del ingl\u00e9s.<\/li>\n\n \t<li>Excelente, responsable y respetuoso en el uso de las nuevas tecnolog\u00edas de la inform\u00e1tica y la comunicaci\u00f3n.<\/li>\n \t\n \t<li>Altamente creativo e innovador, buscando la transformaci\u00f3n de su entorno y de f\u00e1cil adaptaci\u00f3n a los cambios.<\/li>\n \t<li>Cultivador de las manifestaciones del arte y la cultura.<\/li>\n<\/ul>\t\t\t\t\t\t\t\t<\/div>\n\t\t\t\t<\/div>\n\t\t\t\t<\/div>\n\t\t\t\t<\/div>\n\t\t<div class=\"elementor-element elementor-element-d5615fd e-con-full e-flex e-con e-parent\" data-id=\"d5615fd\" data-element_type=\"container\" data-e-type=\"container\">\n\t\t<div class=\"elementor-element elementor-element-9569ff7 e-con-full e-flex e-con e-child\" data-id=\"9569ff7\" data-element_type=\"container\" data-e-type=\"container\">\n\t\t\t\t<div class=\"elementor-element elementor-element-a8054eb elementor-widget elementor-widget-text-editor\" data-id=\"a8054eb\" data-element_type=\"widget\" data-e-type=\"widget\" data-widget_type=\"text-editor.default\">\n\t\t\t\t<div class=\"elementor-widget-container\">\n\t\t\t\t\t\t\t\t\t<p>Desde la Dimensi\u00f3n Ambiental, el estudiante del Gimnasio Campestre La Consolata ser\u00e1 una persona:<\/p><ul><li>Que incorpora a su vida personal la vivencia de los siguientes valores: Respeto por su cuerpo, cuidado de su Salud integral, cultivo de un alto Esp\u00edritu Ecol\u00f3gico y la vivencia de una Sana sexualidad.<\/li><li>Que valora, cuida y conserva su cuerpo evitando todo lo que altere su salud f\u00edsica y mental.<\/li><li>Que valora, cuida y conserva su h\u00e1bitat evitando todo lo que altere su ecosistema.<\/li><li>Comprometido con la pr\u00e1ctica deportiva.<\/li><\/ul>\t\t\t\t\t\t\t\t<\/div>\n\t\t\t\t<\/div>\n\t\t\t\t<\/div>\n\t\t<div class=\"elementor-element elementor-element-4a0b9bf e-con-full e-flex e-con e-child\" data-id=\"4a0b9bf\" data-element_type=\"container\" data-e-type=\"container\">\n\t\t\t\t<div class=\"elementor-element elementor-element-4908cfa elementor-widget elementor-widget-heading\" data-id=\"4908cfa\" data-element_type=\"widget\" data-e-type=\"widget\" data-widget_type=\"heading.default\">\n\t\t\t\t<div class=\"elementor-widget-container\">\n\t\t\t\t\t<h2 class=\"elementor-heading-title elementor-size-default\">DIMENSI\u00d3N\n<\/h2>\t\t\t\t<\/div>\n\t\t\t\t<\/div>\n\t\t\t\t<div class=\"elementor-element elementor-element-676122c elementor-widget elementor-widget-heading\" data-id=\"676122c\" data-element_type=\"widget\" data-e-type=\"widget\" data-widget_type=\"heading.default\">\n\t\t\t\t<div class=\"elementor-widget-container\">\n\t\t\t\t\t<h2 class=\"elementor-heading-title elementor-size-default\">AMBIENTAL<\/h2>\t\t\t\t<\/div>\n\t\t\t\t<\/div>\n\t\t\t\t<\/div>\n\t\t\t\t<\/div>\n\t\t<div class=\"elementor-element elementor-element-8664643 e-con-full e-flex e-con e-parent\" data-id=\"8664643\" data-element_type=\"container\" data-e-type=\"container\">\n\t\t<div class=\"elementor-element elementor-element-3865dc3 e-con-full e-flex e-con e-child\" data-id=\"3865dc3\" data-element_type=\"container\" data-e-type=\"container\">\n\t\t\t\t<div class=\"elementor-element elementor-element-bdc4e20 elementor-widget elementor-widget-heading\" data-id=\"bdc4e20\" data-element_type=\"widget\" data-e-type=\"widget\" data-widget_type=\"heading.default\">\n\t\t\t\t<div class=\"elementor-widget-container\">\n\t\t\t\t\t<h2 class=\"elementor-heading-title elementor-size-default\">DIMENSI\u00d3N\n<\/h2>\t\t\t\t<\/div>\n\t\t\t\t<\/div>\n\t\t\t\t<div class=\"elementor-element elementor-element-708855e elementor-widget elementor-widget-heading\" data-id=\"708855e\" data-element_type=\"widget\" data-e-type=\"widget\" data-widget_type=\"heading.default\">\n\t\t\t\t<div class=\"elementor-widget-container\">\n\t\t\t\t\t<h2 class=\"elementor-heading-title elementor-size-default\">EMOCIONAL<\/h2>\t\t\t\t<\/div>\n\t\t\t\t<\/div>\n\t\t\t\t<\/div>\n\t\t<div class=\"elementor-element elementor-element-def1622 e-con-full e-flex e-con e-child\" data-id=\"def1622\" data-element_type=\"container\" data-e-type=\"container\">\n\t\t\t\t<div class=\"elementor-element elementor-element-0147675 elementor-widget elementor-widget-text-editor\" data-id=\"0147675\" data-element_type=\"widget\" data-e-type=\"widget\" data-widget_type=\"text-editor.default\">\n\t\t\t\t<div class=\"elementor-widget-container\">\n\t\t\t\t\t\t\t\t\t<p>Desde la Dimensi\u00f3n Emocional, el estudiante del Gimnasio Campestre La Consolata ser\u00e1 una persona:<\/p><ul><li>Que desde una sana autoestima, cultiva y mantiene excelentes relaciones interpersonales basadas en el di\u00e1logo, tolerancia, servicio y respeto por el otro.<\/li><li>Preparado para trabajar en equipo.<\/li><li>Con alta dosis de liderazgo.<\/li><li>Con una gran capacidad para solucionar cualquier tipo de conflicto basado en el di\u00e1logo y la tolerancia.<\/li><\/ul>\t\t\t\t\t\t\t\t<\/div>\n\t\t\t\t<\/div>\n\t\t\t\t<\/div>\n\t\t\t\t<\/div>\n\t\t<div class=\"elementor-element elementor-element-13e9fda e-con-full e-flex e-con e-parent\" data-id=\"13e9fda\" data-element_type=\"container\" data-e-type=\"container\">\n\t\t<div class=\"elementor-element elementor-element-584b131 e-con-full e-flex e-con e-child\" data-id=\"584b131\" data-element_type=\"container\" data-e-type=\"container\">\n\t\t\t\t<div class=\"elementor-element elementor-element-fb90896 elementor-widget elementor-widget-text-editor\" data-id=\"fb90896\" data-element_type=\"widget\" data-e-type=\"widget\" data-widget_type=\"text-editor.default\">\n\t\t\t\t<div class=\"elementor-widget-container\">\n\t\t\t\t\t\t\t\t\t<p>Desde la Dimensi\u00f3n Espiritual, el estudiante del Gimnasio Campestre La Consolata ser\u00e1 una persona:<\/p><ul><li>Con profundos principios y valores \u00e9ticos y morales, vividos desde su compromiso con el evangelio.<\/li><li>Con un alto compromiso social.<\/li><li>Con un proyecto de vida coherente, claro y realizable.<\/li><li>Que en su vivencia cotidiana sea portador de Consolaci\u00f3n a quienes los rodea ayudando con la Evangelizaci\u00f3n de su ambiente cotidiano.<\/li><\/ul>\t\t\t\t\t\t\t\t<\/div>\n\t\t\t\t<\/div>\n\t\t\t\t<\/div>\n\t\t<div class=\"elementor-element elementor-element-d7e52ce e-con-full e-flex e-con e-child\" data-id=\"d7e52ce\" data-element_type=\"container\" data-e-type=\"container\">\n\t\t\t\t<div class=\"elementor-element elementor-element-69b9928 elementor-widget elementor-widget-heading\" data-id=\"69b9928\" data-element_type=\"widget\" data-e-type=\"widget\" data-widget_type=\"heading.default\">\n\t\t\t\t<div class=\"elementor-widget-container\">\n\t\t\t\t\t<h2 class=\"elementor-heading-title elementor-size-default\">DIMENSI\u00d3N\n<\/h2>\t\t\t\t<\/div>\n\t\t\t\t<\/div>\n\t\t\t\t<div class=\"elementor-element elementor-element-e14a80b elementor-widget elementor-widget-heading\" data-id=\"e14a80b\" data-element_type=\"widget\" data-e-type=\"widget\" data-widget_type=\"heading.default\">\n\t\t\t\t<div class=\"elementor-widget-container\">\n\t\t\t\t\t<h2 class=\"elementor-heading-title elementor-size-default\">ESPIRITUAL<\/h2>\t\t\t\t<\/div>\n\t\t\t\t<\/div>\n\t\t\t\t<\/div>\n\t\t\t\t<\/div>\n\t\t\t\t<\/div>","protected":false},"excerpt":{"rendered":"<p>Perfil del estudiante DIMENSI\u00d3N COGNITIVA Desde la Dimensi\u00f3n Cognitiva, el estudiante del Gimnasio Campestre La Consolata ser\u00e1 una persona: Que encarna en su vida acad\u00e9mica los valores de la disciplina, h\u00e1bitos de estudio, inter\u00e9s por la lectura y la Creatividad. Competente en el uso asertivo de todos sus conocimientos y en el desarrollo permanente de [&hellip;]<\/p>\n","protected":false},"author":2,"featured_media":0,"parent":18,"menu_order":2,"comment_status":"closed","ping_status":"closed","template":"","meta":{"_acf_changed":false,"_joinchat":[],"footnotes":""},"class_list":["post-627","page","type-page","status-publish","hentry"],"acf":[],"aioseo_notices":[],"aioseo_head":"\n\t\t<!-- All in One SEO 5.0.1.1 - aioseo.com -->\n\t<meta name=\"description\" content=\".cls-1 { fill: ; stroke-width: 0px; } Perfil del estudiante DIMENSI\u00d3N COGNITIVA Desde la Dimensi\u00f3n Cognitiva, el estudiante del Gimnasio Campestre La Consolata ser\u00e1 una persona: Que encarna en su vida acad\u00e9mica los valores de la disciplina, h\u00e1bitos de estudio, inter\u00e9s por la lectura y la Creatividad. Competente en el uso asertivo de todos sus\" \/>\n\t<meta name=\"robots\" content=\"max-image-preview:large\" \/>\n\t<link rel=\"canonical\" href=\"https:\/\/gimnasiolaconsolata.edu.co\/en\/pedagogia\/perfil-del-estudiante\/\" \/>\n\t<meta name=\"generator\" content=\"All in One SEO (AIOSEO) 5.0.1.1\" \/>\n\t\t<meta property=\"og:locale\" content=\"en_US\" \/>\n\t\t<meta property=\"og:site_name\" content=\"Gimnasio la consolata -\" \/>\n\t\t<meta property=\"og:type\" content=\"article\" \/>\n\t\t<meta property=\"og:title\" content=\"Perfil del estudiante - Gimnasio la consolata\" \/>\n\t\t<meta property=\"og:description\" content=\".cls-1 { fill: ; stroke-width: 0px; } Perfil del estudiante DIMENSI\u00d3N COGNITIVA Desde la Dimensi\u00f3n Cognitiva, el estudiante del Gimnasio Campestre La Consolata ser\u00e1 una persona: Que encarna en su vida acad\u00e9mica los valores de la disciplina, h\u00e1bitos de estudio, inter\u00e9s por la lectura y la Creatividad. Competente en el uso asertivo de todos sus\" \/>\n\t\t<meta property=\"og:url\" content=\"https:\/\/gimnasiolaconsolata.edu.co\/en\/pedagogia\/perfil-del-estudiante\/\" \/>\n\t\t<meta property=\"og:image\" content=\"https:\/\/gimnasiolaconsolata.edu.co\/wp-content\/uploads\/2025\/06\/Logo.svg\" \/>\n\t\t<meta property=\"og:image:secure_url\" content=\"https:\/\/gimnasiolaconsolata.edu.co\/wp-content\/uploads\/2025\/06\/Logo.svg\" \/>\n\t\t<meta property=\"article:published_time\" content=\"2025-07-07T20:33:07+00:00\" \/>\n\t\t<meta property=\"article:modified_time\" content=\"2025-07-08T14:42:45+00:00\" \/>\n\t\t<meta name=\"twitter:card\" content=\"summary_large_image\" \/>\n\t\t<meta name=\"twitter:title\" content=\"Perfil del estudiante - Gimnasio la consolata\" \/>\n\t\t<meta name=\"twitter:description\" content=\".cls-1 { fill: ; stroke-width: 0px; } Perfil del estudiante DIMENSI\u00d3N COGNITIVA Desde la Dimensi\u00f3n Cognitiva, el estudiante del Gimnasio Campestre La Consolata ser\u00e1 una persona: Que encarna en su vida acad\u00e9mica los valores de la disciplina, h\u00e1bitos de estudio, inter\u00e9s por la lectura y la Creatividad. Competente en el uso asertivo de todos sus\" \/>\n\t\t<meta name=\"twitter:image\" content=\"https:\/\/gimnasiolaconsolata.edu.co\/wp-content\/uploads\/2025\/06\/Logo.svg\" \/>\n\t\t<script type=\"application\/ld+json\" class=\"aioseo-schema\">\n\t\t\t{\"@context\":\"https:\\\/\\\/schema.org\",\"@graph\":[{\"@type\":\"BreadcrumbList\",\"@id\":\"https:\\\/\\\/gimnasiolaconsolata.edu.co\\\/en\\\/pedagogia\\\/perfil-del-estudiante\\\/#breadcrumblist\",\"itemListElement\":[{\"@type\":\"ListItem\",\"@id\":\"https:\\\/\\\/gimnasiolaconsolata.edu.co\\\/en#listItem\",\"position\":1,\"name\":\"Home\",\"item\":\"https:\\\/\\\/gimnasiolaconsolata.edu.co\\\/en\",\"nextItem\":{\"@type\":\"ListItem\",\"@id\":\"https:\\\/\\\/gimnasiolaconsolata.edu.co\\\/en\\\/pedagogia\\\/#listItem\",\"name\":\"Pedagog\\u00eda\"}},{\"@type\":\"ListItem\",\"@id\":\"https:\\\/\\\/gimnasiolaconsolata.edu.co\\\/en\\\/pedagogia\\\/#listItem\",\"position\":2,\"name\":\"Pedagog\\u00eda\",\"item\":\"https:\\\/\\\/gimnasiolaconsolata.edu.co\\\/en\\\/pedagogia\\\/\",\"nextItem\":{\"@type\":\"ListItem\",\"@id\":\"https:\\\/\\\/gimnasiolaconsolata.edu.co\\\/en\\\/pedagogia\\\/perfil-del-estudiante\\\/#listItem\",\"name\":\"Perfil del estudiante\"},\"previousItem\":{\"@type\":\"ListItem\",\"@id\":\"https:\\\/\\\/gimnasiolaconsolata.edu.co\\\/en#listItem\",\"name\":\"Home\"}},{\"@type\":\"ListItem\",\"@id\":\"https:\\\/\\\/gimnasiolaconsolata.edu.co\\\/en\\\/pedagogia\\\/perfil-del-estudiante\\\/#listItem\",\"position\":3,\"name\":\"Perfil del estudiante\",\"previousItem\":{\"@type\":\"ListItem\",\"@id\":\"https:\\\/\\\/gimnasiolaconsolata.edu.co\\\/en\\\/pedagogia\\\/#listItem\",\"name\":\"Pedagog\\u00eda\"}}]},{\"@type\":\"Organization\",\"@id\":\"https:\\\/\\\/gimnasiolaconsolata.edu.co\\\/en\\\/#organization\",\"name\":\"Gimnasio la consolata\",\"url\":\"https:\\\/\\\/gimnasiolaconsolata.edu.co\\\/en\\\/\",\"logo\":{\"@type\":\"ImageObject\",\"url\":\"https:\\\/\\\/gimnasiolaconsolata.edu.co\\\/wp-content\\\/uploads\\\/2025\\\/06\\\/logo.svg\",\"@id\":\"https:\\\/\\\/gimnasiolaconsolata.edu.co\\\/en\\\/pedagogia\\\/perfil-del-estudiante\\\/#organizationLogo\"},\"image\":{\"@id\":\"https:\\\/\\\/gimnasiolaconsolata.edu.co\\\/en\\\/pedagogia\\\/perfil-del-estudiante\\\/#organizationLogo\"}},{\"@type\":\"WebPage\",\"@id\":\"https:\\\/\\\/gimnasiolaconsolata.edu.co\\\/en\\\/pedagogia\\\/perfil-del-estudiante\\\/#webpage\",\"url\":\"https:\\\/\\\/gimnasiolaconsolata.edu.co\\\/en\\\/pedagogia\\\/perfil-del-estudiante\\\/\",\"name\":\"Perfil del estudiante - Gimnasio la consolata\",\"description\":\".cls-1 { fill: ; stroke-width: 0px; } Perfil del estudiante DIMENSI\\u00d3N COGNITIVA Desde la Dimensi\\u00f3n Cognitiva, el estudiante del Gimnasio Campestre La Consolata ser\\u00e1 una persona: Que encarna en su vida acad\\u00e9mica los valores de la disciplina, h\\u00e1bitos de estudio, inter\\u00e9s por la lectura y la Creatividad. Competente en el uso asertivo de todos sus\",\"inLanguage\":\"en-US\",\"isPartOf\":{\"@id\":\"https:\\\/\\\/gimnasiolaconsolata.edu.co\\\/en\\\/#website\"},\"breadcrumb\":{\"@id\":\"https:\\\/\\\/gimnasiolaconsolata.edu.co\\\/en\\\/pedagogia\\\/perfil-del-estudiante\\\/#breadcrumblist\"},\"datePublished\":\"2025-07-07T20:33:07+00:00\",\"dateModified\":\"2025-07-08T14:42:45+00:00\"},{\"@type\":\"WebSite\",\"@id\":\"https:\\\/\\\/gimnasiolaconsolata.edu.co\\\/en\\\/#website\",\"url\":\"https:\\\/\\\/gimnasiolaconsolata.edu.co\\\/en\\\/\",\"name\":\"Gimnasio la consolata\",\"inLanguage\":\"en-US\",\"publisher\":{\"@id\":\"https:\\\/\\\/gimnasiolaconsolata.edu.co\\\/en\\\/#organization\"}}]}\n\t\t<\/script>\n\t\t<!-- All in One SEO -->\n\n","aioseo_head_json":{"title":"Perfil del estudiante - Gimnasio la consolata","description":".cls-1 { fill: ; stroke-width: 0px; } Perfil del estudiante DIMENSI\u00d3N COGNITIVA Desde la Dimensi\u00f3n Cognitiva, el estudiante del Gimnasio Campestre La Consolata ser\u00e1 una persona: Que encarna en su vida acad\u00e9mica los valores de la disciplina, h\u00e1bitos de estudio, inter\u00e9s por la lectura y la Creatividad. Competente en el uso asertivo de todos sus","canonical_url":"https:\/\/gimnasiolaconsolata.edu.co\/en\/pedagogia\/perfil-del-estudiante\/","robots":"max-image-preview:large","keywords":"","webmasterTools":{"miscellaneous":""},"schema":{"@context":"https:\/\/schema.org","@graph":[{"@type":"BreadcrumbList","@id":"https:\/\/gimnasiolaconsolata.edu.co\/en\/pedagogia\/perfil-del-estudiante\/#breadcrumblist","itemListElement":[{"@type":"ListItem","@id":"https:\/\/gimnasiolaconsolata.edu.co\/en#listItem","position":1,"name":"Home","item":"https:\/\/gimnasiolaconsolata.edu.co\/en","nextItem":{"@type":"ListItem","@id":"https:\/\/gimnasiolaconsolata.edu.co\/en\/pedagogia\/#listItem","name":"Pedagog\u00eda"}},{"@type":"ListItem","@id":"https:\/\/gimnasiolaconsolata.edu.co\/en\/pedagogia\/#listItem","position":2,"name":"Pedagog\u00eda","item":"https:\/\/gimnasiolaconsolata.edu.co\/en\/pedagogia\/","nextItem":{"@type":"ListItem","@id":"https:\/\/gimnasiolaconsolata.edu.co\/en\/pedagogia\/perfil-del-estudiante\/#listItem","name":"Perfil del estudiante"},"previousItem":{"@type":"ListItem","@id":"https:\/\/gimnasiolaconsolata.edu.co\/en#listItem","name":"Home"}},{"@type":"ListItem","@id":"https:\/\/gimnasiolaconsolata.edu.co\/en\/pedagogia\/perfil-del-estudiante\/#listItem","position":3,"name":"Perfil del estudiante","previousItem":{"@type":"ListItem","@id":"https:\/\/gimnasiolaconsolata.edu.co\/en\/pedagogia\/#listItem","name":"Pedagog\u00eda"}}]},{"@type":"Organization","@id":"https:\/\/gimnasiolaconsolata.edu.co\/en\/#organization","name":"Gimnasio la consolata","url":"https:\/\/gimnasiolaconsolata.edu.co\/en\/","logo":{"@type":"ImageObject","url":"https:\/\/gimnasiolaconsolata.edu.co\/wp-content\/uploads\/2025\/06\/logo.svg","@id":"https:\/\/gimnasiolaconsolata.edu.co\/en\/pedagogia\/perfil-del-estudiante\/#organizationLogo"},"image":{"@id":"https:\/\/gimnasiolaconsolata.edu.co\/en\/pedagogia\/perfil-del-estudiante\/#organizationLogo"}},{"@type":"WebPage","@id":"https:\/\/gimnasiolaconsolata.edu.co\/en\/pedagogia\/perfil-del-estudiante\/#webpage","url":"https:\/\/gimnasiolaconsolata.edu.co\/en\/pedagogia\/perfil-del-estudiante\/","name":"Perfil del estudiante - Gimnasio la consolata","description":".cls-1 { fill: ; stroke-width: 0px; } Perfil del estudiante DIMENSI\u00d3N COGNITIVA Desde la Dimensi\u00f3n Cognitiva, el estudiante del Gimnasio Campestre La Consolata ser\u00e1 una persona: Que encarna en su vida acad\u00e9mica los valores de la disciplina, h\u00e1bitos de estudio, inter\u00e9s por la lectura y la Creatividad. Competente en el uso asertivo de todos sus","inLanguage":"en-US","isPartOf":{"@id":"https:\/\/gimnasiolaconsolata.edu.co\/en\/#website"},"breadcrumb":{"@id":"https:\/\/gimnasiolaconsolata.edu.co\/en\/pedagogia\/perfil-del-estudiante\/#breadcrumblist"},"datePublished":"2025-07-07T20:33:07+00:00","dateModified":"2025-07-08T14:42:45+00:00"},{"@type":"WebSite","@id":"https:\/\/gimnasiolaconsolata.edu.co\/en\/#website","url":"https:\/\/gimnasiolaconsolata.edu.co\/en\/","name":"Gimnasio la consolata","inLanguage":"en-US","publisher":{"@id":"https:\/\/gimnasiolaconsolata.edu.co\/en\/#organization"}}]},"og:locale":"en_US","og:site_name":"Gimnasio la consolata -","og:type":"article","og:title":"Perfil del estudiante - Gimnasio la consolata","og:description":".cls-1 { fill: ; stroke-width: 0px; } Perfil del estudiante DIMENSI\u00d3N COGNITIVA Desde la Dimensi\u00f3n Cognitiva, el estudiante del Gimnasio Campestre La Consolata ser\u00e1 una persona: Que encarna en su vida acad\u00e9mica los valores de la disciplina, h\u00e1bitos de estudio, inter\u00e9s por la lectura y la Creatividad. Competente en el uso asertivo de todos sus","og:url":"https:\/\/gimnasiolaconsolata.edu.co\/en\/pedagogia\/perfil-del-estudiante\/","og:image":"https:\/\/gimnasiolaconsolata.edu.co\/wp-content\/uploads\/2025\/06\/Logo.svg","og:image:secure_url":"https:\/\/gimnasiolaconsolata.edu.co\/wp-content\/uploads\/2025\/06\/Logo.svg","article:published_time":"2025-07-07T20:33:07+00:00","article:modified_time":"2025-07-08T14:42:45+00:00","twitter:card":"summary_large_image","twitter:title":"Perfil del estudiante - Gimnasio la consolata","twitter:description":".cls-1 { fill: ; stroke-width: 0px; } Perfil del estudiante DIMENSI\u00d3N COGNITIVA Desde la Dimensi\u00f3n Cognitiva, el estudiante del Gimnasio Campestre La Consolata ser\u00e1 una persona: Que encarna en su vida acad\u00e9mica los valores de la disciplina, h\u00e1bitos de estudio, inter\u00e9s por la lectura y la Creatividad. Competente en el uso asertivo de todos sus","twitter:image":"https:\/\/gimnasiolaconsolata.edu.co\/wp-content\/uploads\/2025\/06\/Logo.svg"},"aioseo_meta_data":{"post_id":"627","title":null,"description":null,"keywords":null,"keyphrases":{"focus":[],"additional":[]},"primary_term":null,"canonical_url":null,"og_title":null,"og_description":null,"og_object_type":"default","og_image_type":"default","og_image_url":null,"og_image_width":null,"og_image_height":null,"og_image_custom_url":null,"og_image_custom_fields":null,"og_video":null,"og_custom_url":null,"og_article_section":null,"og_article_tags":null,"twitter_use_og":true,"twitter_card":"default","twitter_image_type":"default","twitter_image_url":null,"twitter_image_custom_url":null,"twitter_image_custom_fields":null,"twitter_title":null,"twitter_description":null,"schema":{"blockGraphs":[],"customGraphs":[],"default":{"data":{"Article":[],"Course":[],"Dataset":[],"FAQPage":[],"Movie":[],"Person":[],"Product":[],"ProductReview":[],"Car":[],"Recipe":[],"Service":[],"SoftwareApplication":[],"WebPage":[]},"graphName":"","isEnabled":true},"graphs":[]},"schema_type":"default","schema_type_options":null,"pillar_content":false,"robots_default":true,"robots_noindex":false,"robots_noarchive":false,"robots_nosnippet":false,"robots_nofollow":false,"robots_noimageindex":false,"robots_noodp":false,"robots_notranslate":false,"robots_max_snippet":null,"robots_max_videopreview":null,"robots_max_imagepreview":"large","priority":null,"frequency":null,"local_seo":null,"breadcrumb_settings":null,"limit_modified_date":false,"ai":null,"created":"2025-08-01 20:26:59","updated":"2026-08-31 18:35:03","seo_analyzer_scan_date":null,"focus_keyword":null,"additional_keywords":null,"truseo_locale":null},"aioseo_breadcrumb":"<div class=\"aioseo-breadcrumbs\"><span class=\"aioseo-breadcrumb\">\n\t\t\t<a href=\"https:\/\/gimnasiolaconsolata.edu.co\/en\" title=\"Home\">Home<\/a>\n\t\t<\/span><span class=\"aioseo-breadcrumb-separator\">&raquo;<\/span><span class=\"aioseo-breadcrumb\">\n\t\t\t<a href=\"https:\/\/gimnasiolaconsolata.edu.co\/en\/pedagogia\/\" title=\"Pedagog\u00eda\">Pedagog\u00eda<\/a>\n\t\t<\/span><span class=\"aioseo-breadcrumb-separator\">&raquo;<\/span><span class=\"aioseo-breadcrumb\">\n\t\t\tPerfil del estudiante\n\t\t<\/span><\/div>","aioseo_breadcrumb_json":[{"label":"Home","link":"https:\/\/gimnasiolaconsolata.edu.co\/en"},{"label":"Pedagog\u00eda","link":"https:\/\/gimnasiolaconsolata.edu.co\/en\/pedagogia\/"},{"label":"Perfil del estudiante","link":"https:\/\/gimnasiolaconsolata.edu.co\/en\/pedagogia\/perfil-del-estudiante\/"}],"_links":{"self":[{"href":"https:\/\/gimnasiolaconsolata.edu.co\/en\/wp-json\/wp\/v2\/pages\/627","targetHints":{"allow":["GET"]}}],"collection":[{"href":"https:\/\/gimnasiolaconsolata.edu.co\/en\/wp-json\/wp\/v2\/pages"}],"about":[{"href":"https:\/\/gimnasiolaconsolata.edu.co\/en\/wp-json\/wp\/v2\/types\/page"}],"author":[{"embeddable":true,"href":"https:\/\/gimnasiolaconsolata.edu.co\/en\/wp-json\/wp\/v2\/users\/2"}],"replies":[{"embeddable":true,"href":"https:\/\/gimnasiolaconsolata.edu.co\/en\/wp-json\/wp\/v2\/comments?post=627"}],"version-history":[{"count":27,"href":"https:\/\/gimnasiolaconsolata.edu.co\/en\/wp-json\/wp\/v2\/pages\/627\/revisions"}],"predecessor-version":[{"id":706,"href":"https:\/\/gimnasiolaconsolata.edu.co\/en\/wp-json\/wp\/v2\/pages\/627\/revisions\/706"}],"up":[{"embeddable":true,"href":"https:\/\/gimnasiolaconsolata.edu.co\/en\/wp-json\/wp\/v2\/pages\/18"}],"wp:attachment":[{"href":"https:\/\/gimnasiolaconsolata.edu.co\/en\/wp-json\/wp\/v2\/media?parent=627"}],"curies":[{"name":"wp","href":"https:\/\/api.w.org\/{rel}","templated":true}]}}